{"id":8503,"date":"2021-05-03T07:30:20","date_gmt":"2021-05-03T07:30:20","guid":{"rendered":"http:\/\/dev.mket.hu\/?page_id=8503"},"modified":"2026-04-17T07:55:25","modified_gmt":"2026-04-17T07:55:25","slug":"elnokseg-tisztsegviselok","status":"publish","type":"page","link":"https:\/\/mket.hu\/index.php\/elnokseg-tisztsegviselok\/","title":{"rendered":"Eln\u00f6ks\u00e9g, Tiszts\u00e9gvisel\u0151k"},"content":{"rendered":"<p>[vc_row][vc_column width=&#8221;1\/3&#8243;][vc_single_image image=&#8221;7549&#8243; img_size=&#8221;full&#8221; css=&#8221;.vc_custom_1658855102406{margin-top: 20px !important;}&#8221;][\/vc_column][vc_column width=&#8221;2\/3&#8243;][vc_custom_heading text=&#8221;ELN\u00d6KS\u00c9G, TISZTS\u00c9GVISEL\u0150K&#8221; font_container=&#8221;tag:h2|font_size:65px|text_align:left|color:%236d6d6d|line_height:90px&#8221; google_fonts=&#8221;font_family:Ubuntu%3A300%2C300italic%2Cregular%2Citalic%2C500%2C500italic%2C700%2C700italic|font_style:700%20bold%20regular%3A700%3Anormal&#8221; css_animation=&#8221;bounceIn&#8221; css=&#8221;.vc_custom_1620027250706{border-radius: 4px !important;}&#8221;][\/vc_column][\/vc_row][vc_row][vc_column][vc_custom_heading text=&#8221;Eln\u00f6ks\u00e9gi Tagok&#8221;][\/vc_column][\/vc_row][vc_row css=&#8221;.vc_custom_1658856270927{padding-bottom: 30px !important;background-color: #dbdbdb !important;}&#8221;][vc_column width=&#8221;1\/2&#8243;][vc_single_image image=&#8221;9075&#8243; img_size=&#8221;300&#215;280&#8243; alignment=&#8221;center&#8221; style=&#8221;vc_box_circle&#8221; css=&#8221;.vc_custom_1749484584721{margin-top: 80px !important;border-radius: 35px !important;}&#8221;][\/vc_column][vc_column width=&#8221;1\/2&#8243; css=&#8221;.vc_custom_1654717977800{margin-bottom: 30px !important;}&#8221;][vc_column_text]<\/p>\n<h3>Dr. S\u00c1MUEL EMESE<\/h3>\n<p>Beoszt\u00e1s: Eln\u00f6k<\/p>\n<p><span class=\"outlook-search-highlight\" data-markjs=\"true\">Dr<\/span>. <span class=\"outlook-search-highlight\" data-markjs=\"true\">S\u00e1muel<\/span> <span class=\"outlook-search-highlight\" data-markjs=\"true\">Emese<\/span> sem \u00faj szerepl\u0151 az energiapiacon: kor\u00e1bban is akt\u00edvan r\u00e9szt vett az MKET \u00e9s a Magyar T\u00e1vh\u0151szolg\u00e1ltat\u00f3k Szakmai Sz\u00f6vets\u00e9ge k\u00f6z\u00f6s munk\u00e1j\u00e1ban, sz\u00e1mos strat\u00e9giai anyag \u00e9s szakmai javaslat kidolgoz\u00e1s\u00e1ban. Elk\u00f6telezett k\u00e9pvisel\u0151je a k\u00f6rnyezettudatos m\u0171k\u00f6d\u00e9snek \u00e9s a t\u00e1rsadalmi felel\u0151ss\u00e9gv\u00e1llal\u00e1snak. Kor\u00e1bban 2 \u00e9vig a Tatab\u00e1nyai Szolg\u00e1ltat\u00f3 Zrt. Operat\u00edv Vez\u00e9rigazgat\u00f3ja volt, majd 2015-t\u0151l 10 \u00e9ve vezeti sikeresen a Tatab\u00e1nya Er\u0151m\u0171 Kft-t.<br \/>\nAz eln\u00f6ks\u00e9g megv\u00e1laszt\u00e1s\u00e1val \u00faj id\u0151szak kezd\u0151dik a szervezet \u00e9let\u00e9ben, amelyben a szakmai \u00e9rdekk\u00e9pviselet meger\u0151s\u00edt\u00e9se, a t\u00e1vh\u0151szektorral val\u00f3 szoros egy\u00fcttm\u0171k\u00f6d\u00e9s \u00e9s a t\u00e1rsadalmi szerepv\u00e1llal\u00e1s kiterjeszt\u00e9se egyar\u00e1nt c\u00e9l. <span class=\"outlook-search-highlight\" data-markjs=\"true\">Dr<\/span>. <span class=\"outlook-search-highlight\" data-markjs=\"true\">S\u00e1muel<\/span> <span class=\"outlook-search-highlight\" data-markjs=\"true\">Emese<\/span> szem\u00e9lye nemcsak szakmai tapasztalat\u00e1val, de p\u00e9ldamutat\u00f3 vezet\u0151i karakter\u00e9vel is hozz\u00e1j\u00e1rulhat ahhoz, hogy az MKET m\u00e9g er\u0151sebben k\u00e9pviselje tagjait a hazai \u00e9s nemzetk\u00f6zi energetikai t\u00e9rben, hiszen n\u0151k\u00e9nt \u00e1llt \u00e9s \u00e1ll helyt egy rendk\u00edv\u00fcli, 0-24 \u00f3r\u00e1s ig\u00e9nybev\u00e9telt k\u00f6vetel\u0151 \u00e1gazatban.<\/p>\n<p>Mivel a kapcsolt energiatermel\u00e9s \u00e1ltal el\u0151\u00e1ll\u00edtott h\u0151 legnagyobb felvev\u0151piaca a t\u00e1vh\u0151szektor, az MKET Eln\u00f6ks\u00e9ge szoros egy\u00fcttm\u0171k\u00f6d\u00e9st alak\u00edtott ki a Magyar T\u00e1vh\u0151szolg\u00e1ltat\u00f3k Szakmai Sz\u00f6vets\u00e9g\u00e9vel (MaT\u00e1SzSz). <span class=\"outlook-search-highlight\" data-markjs=\"true\">Dr<\/span>. <span class=\"outlook-search-highlight\" data-markjs=\"true\">S\u00e1muel<\/span> <span class=\"outlook-search-highlight\" data-markjs=\"true\">Emese<\/span> \u00fcgyvezet\u0151 a t\u00e1vh\u0151szektor \u00e9rdeksz\u00f6vets\u00e9g\u00e9nek is eln\u00f6ks\u00e9gi tagja, a Tatab\u00e1nya Er\u0151m\u0171vet \u00e9s valamennyi kapcsolt er\u0151m\u0171vet k\u00e9pviselve a k\u00f6z\u00f6s munk\u00e1ban.[\/vc_column_text][\/vc_column][\/vc_row][vc_row css=&#8221;.vc_custom_1658856285938{padding-bottom: 30px !important;}&#8221;][vc_column width=&#8221;1\/2&#8243;][vc_column_text]<\/p>\n<h3>BALOGH ZOLT\u00c1N<\/h3>\n<p>Beoszt\u00e1s: Operat\u00edv aleln\u00f6k<\/p>\n<p>G\u00e9p\u00e9szm\u00e9n\u00f6k (BME-1997)<br \/>\nK\u00f6zgazd\u00e1sz szakm\u00e9rn\u00f6k (PSZF \u2013 2012).<br \/>\nT\u00f6bb mint 20 \u00e9ve dolgozom az energetik\u00e1ban.<br \/>\nF\u0151bb ter\u00fcletek: energiahat\u00e9konys\u00e1g, g\u00e1zmotoros kiser\u0151m\u0171vek, virtu\u00e1lis er\u0151m\u0171vek.<br \/>\nJelenleg az MVM Partner Zrt. Virtu\u00e1lis er\u0151m\u0171v\u00e9t ir\u00e1ny\u00edtom<\/p>\n<p><a href=\"mailto:balogh.zoltan@mket.hu\">zbalogh@mvm.hu<\/a>[\/vc_column_text][\/vc_column][vc_column width=&#8221;1\/2&#8243;][vc_single_image image=&#8221;8506&#8243; img_size=&#8221;300&#215;280&#8243; alignment=&#8221;center&#8221; style=&#8221;vc_box_circle&#8221; css=&#8221;.vc_custom_1657610940036{margin-top: 80px !important;}&#8221;][\/vc_column][\/vc_row][vc_row css=&#8221;.vc_custom_1658856296676{padding-bottom: 30px !important;background-color: #e0e0e0 !important;}&#8221;][vc_column width=&#8221;1\/2&#8243; css=&#8221;.vc_custom_1658856307333{background-color: #dbdbdb !important;}&#8221;][vc_single_image image=&#8221;8509&#8243; img_size=&#8221;300&#215;280&#8243; alignment=&#8221;center&#8221; style=&#8221;vc_box_circle&#8221; css=&#8221;.vc_custom_1657610919564{margin-top: 80px !important;}&#8221;][\/vc_column][vc_column width=&#8221;1\/2&#8243; css=&#8221;.vc_custom_1654717990613{margin-bottom: 30px !important;}&#8221;][vc_column_text]<\/p>\n<h3>DR. KISS CSABA<\/h3>\n<p>&nbsp;<\/p>\n<p>MBA diplom\u00e1j\u00e1t az angliai Buckinghamshire New University-ben szerezte International Finance ter\u00fcleten, 2006-ban.<\/p>\n<p>M\u0171szaki tudom\u00e1nyok doktora lett. Ph.D. diplom\u00e1j\u00e1t a b\u00e9csi University of Technology egyetem Termodinamikai tansz\u00e9k\u00e9n szerezte 2011-ben.<\/p>\n<p>Doktori disszert\u00e1ci\u00f3j\u00e1ban a magyar villamosenergia-ipar sz\u00e9ndioxid cs\u00f6kkent\u00e9s lehet\u0151s\u00e9geit kutatta.<\/p>\n<p>T\u00f6bb mint 30 \u00e9vnyi nemzetk\u00f6zi \u00e9s hazai tapasztalattal rendelkezik a villamosenergia-iparban. Er\u0151m\u0171vek \u00fczemeltet\u00e9s\u00e9ben \u00e9s \u00faj er\u0151m\u0171vek fejleszt\u00e9s\u00e9ben nagy gyakorlatra tett szert.<\/p>\n<p>1999 \u00e9s 2006 k\u00f6z\u00f6tt \u00fcgyvezet\u0151 igazgat\u00f3ja volt az amerikai sz\u00e9khely\u0171 AES Corporation er\u0151m\u0171einek: az AES Borsodi H\u0151er\u0151m\u0171 sz\u00e9nt\u00fczel\u00e9s\u0171 \u00e9s az AES Tiszapalkonya sz\u00e9n\/biomassza t\u00fczel\u00e9s\u0171 magyarorsz\u00e1gi er\u0151m\u0171veknek, de Olaszorsz\u00e1gban is vezette az AES Ottana olajt\u00fczel\u00e9s\u0171\u00a0 er\u0151m\u0171vet.<\/p>\n<p>Energiatermel\u00e9si igazgat\u00f3ja volt az E.ON Hung\u00e1ria Zrt. magyarorsz\u00e1gi er\u0151m\u0171veinek.<\/p>\n<p>Az Alstom \u00e9s az a GE Energy Zrt. magyarorsz\u00e1gi \u00fcgyvezet\u0151 igazgat\u00f3ja valamint a Paks II. Zrt. vez\u00e9rigazgat\u00f3 tan\u00e1csad\u00f3i feladat\u00e1t is ell\u00e1tta.<\/p>\n<p>&nbsp;<\/p>\n<p>1996 \u00e9s 1999 k\u00f6z\u00f6tt, mint projekt fejleszt\u00e9si igazgat\u00f3 dolgozott biomassza, CFB sz\u00e9n \u00e9s a CCGT g\u00e1z er\u0151m\u0171vek fejleszt\u00e9s\u00e9n az USA-ban, Braz\u00edli\u00e1ban, Magyarorsz\u00e1gon \u00e9s egy\u00e9b eur\u00f3pai AES Corporation \u00e1ltal fejlesztett projektekben.<\/p>\n<p>&nbsp;<\/p>\n<p>2018. augusztust\u00f3l az MVM ZRt. m\u0171szaki vez\u00e9rigazgat\u00f3-helyettese \u00e9s jelenleg termel\u00e9si vez\u00e9rigazgat\u00f3-helyettes.<\/p>\n<p><a href=\"mailto:kiss.csaba@mket.hu\">kiss.csaba@mket.hu<\/a>[\/vc_column_text][\/vc_column][\/vc_row][vc_row css=&#8221;.vc_custom_1658856317180{padding-bottom: 30px !important;}&#8221;][vc_column width=&#8221;1\/2&#8243;][vc_column_text]<\/p>\n<h3>Deme Roland<\/h3>\n<p>Beoszt\u00e1s: Szakmai aleln\u00f6k<\/p>\n<p>Egyetemi tanulm\u00e1nyok:<\/p>\n<p>E\u00f6tv\u00f6s Lor\u00e1nd Tudom\u00e1nyegyetem Term\u00e9szettudom\u00e1nyi Kar, alkalmazott matematikus<\/p>\n<p>Budapesti K\u00f6zgazdas\u00e1gi \u00e9s \u00c1llamigazgat\u00e1si Egyetem, Gazd\u00e1lkod\u00e1studom\u00e1nyi Kar, k\u00f6zgazd\u00e1sz<\/p>\n<p>E\u00f6tv\u00f6s Lor\u00e1nd Tudom\u00e1nyegyetem Term\u00e9szettudom\u00e1nyi Kar, Matematika Doktori Iskola, alkalmazott matematikus<\/p>\n<p>&nbsp;<\/p>\n<p>Munkahelyek:<\/p>\n<p>2004 \u2013 2005: BUNDY Kft.: p\u00e9nz\u00fcgyi elemz\u0151<\/p>\n<p>2005 \u2013 2006: E.ON Hung\u00e1ria Zrt.: k\u00f6z\u00fczemi villamos energia beszerz\u00e9si munkat\u00e1rs<\/p>\n<p>2006-2007: E.ON Energiakeresked\u0151 Kft.: energiabeszerz\u00e9si szak\u00e9rt\u0151<\/p>\n<p>2007-2010: E.ON Energiaszolg\u00e1ltat\u00f3 Kft.: energiabeszerz\u00e9si szakreferens<\/p>\n<p>2010- E.ON Energiatermel\u0151 Kft: VPP \u00fczlet\u00e1g vezet\u0151<\/p>\n<p>2018 \u00e1prilis &#8211; : E.ON Energiatermel\u0151 Kft: \u00fcgyvezet\u0151 igazgat\u00f3<\/p>\n<p>2021 febru\u00e1r -: E.ON Energiamegold\u00e1sok Kft: \u00dczletfejleszt\u00e9si vezet\u0151<\/p>\n<p>Tiszts\u00e9gek:<\/p>\n<p>MAVIR \u00dczemi Szab\u00e9lyzati Bizotts\u00e1gi tag<\/p>\n<p>MKET szakmai aleln\u00f6k<\/p>\n<p>2023- Cogen Europe Eln\u00f6ks\u00e9gi Tag<\/p>\n<p>&nbsp;[\/vc_column_text][\/vc_column][vc_column width=&#8221;1\/2&#8243; css=&#8221;.vc_custom_1657608455351{margin-top: 80px !important;}&#8221;][vc_single_image image=&#8221;8909&#8243; img_size=&#8221;300&#215;280&#8243; alignment=&#8221;center&#8221; style=&#8221;vc_box_circle&#8221;][\/vc_column][\/vc_row][vc_row css=&#8221;.vc_custom_1658856333325{padding-bottom: 30px !important;background-color: #e0e0e0 !important;}&#8221;][vc_column width=&#8221;1\/2&#8243;][vc_single_image image=&#8221;8512&#8243; img_size=&#8221;300&#215;280&#8243; alignment=&#8221;center&#8221; style=&#8221;vc_box_circle&#8221; css=&#8221;.vc_custom_1657610908570{margin-top: 80px !important;}&#8221;][\/vc_column][vc_column width=&#8221;1\/2&#8243;][vc_column_text css=&#8221;.vc_custom_1658855974097{margin-bottom: 30px !important;}&#8221;]<\/p>\n<h3>TOMPA FERENC<\/h3>\n<p>Beoszt\u00e1s: Eln\u00f6ks\u00e9gi tag<\/p>\n<p>Tompa Ferenc az egyetemi diplom\u00e1j\u00e1t 1981-ben szerezte meg a Budapesti M\u0171szaki Egyetem\u00a0G\u00e9p\u00e9szm\u00e9rn\u00f6ki Kar\u00e1n. Ezut\u00e1n a TIT\u00c1SZ Debreceni Er\u0151m\u0171v\u00e9ben helyezkedett el, ahol az energia\u00a0termel\u00e9s ter\u00fclet\u00e9n dolgozott. K\u00e9s\u0151bb a Termel\u00e9si oszt\u00e1lyt vezette, majd a privatiz\u00e1ci\u00f3t k\u00f6vet\u0151en a\u00a0Debreceni Er\u0151m\u0171 er\u0151m\u0171vezet\u0151je, ezt k\u00f6vet\u0151en pedig az E.ON Energiatermel\u0151 Kft.-ben Keleti\u00a0R\u00e9gi\u00f3vezet\u0151i poz\u00edci\u00f3t t\u00f6lt\u00f6tt be. Akt\u00edvan r\u00e9szt vett 1998. \u2013 2000. k\u00f6z\u00f6tt a Debreceni Kombin\u00e1lt\u00a0Ciklus\u00fa Er\u0151m\u0171 beruh\u00e1z\u00e1si munk\u00e1j\u00e1ban, majd 2005. \u2013 2007. k\u00f6z\u00f6tt projektvezet\u0151k\u00e9nt ir\u00e1ny\u00edtotta a\u00a0Ny\u00edregyh\u00e1zi Kombin\u00e1lt Ciklus\u00fa Er\u0151m\u0171 l\u00e9tes\u00edt\u00e9s\u00e9ben k\u00f6zrem\u0171k\u00f6d\u0151 magyar team-et. K\u00e9s\u0151bb az E.ON\u00a0Hung\u00e1ria Zrt. Energiatermel\u00e9si Igazgat\u00f3s\u00e1g\u00e1n energiatermel\u00e9si projektvezet\u0151k\u00e9nt dolgozott. 2015\u00a0december\u00e9t\u0151l a Veolia Energia Magyarorsz\u00e1g Zrt. M\u0171szaki Igazgat\u00f3s\u00e1g\u00e1n G\u00e1zmotor \u00e9s g\u00e1zturbina\u00a0szak\u00e9rt\u0151i feladatokat l\u00e1t el.<br \/>\nAz MKET-nek magalakul\u00e1s\u00e1t\u00f3l kezdve egy\u00e9ni tagja. A G\u00e1zturbina munkabizotts\u00e1g vezet\u0151jek\u00e9nt 2009-ben kapcsol\u00f3dott be a t\u00e1rsas\u00e1g munk\u00e1j\u00e1ba, majd 2013-t\u00f3l eln\u00f6ks\u00e9gi tagk\u00e9nt vesz r\u00e9szt a t\u00e1rsas\u00e1g\u00a0ir\u00e1ny\u00edt\u00e1s\u00e1ban.<\/p>\n<p><a href=\"mailto:tompa.ferenc@mket.hu\">tompa.ferenc@mket.hu<\/a>[\/vc_column_text][\/vc_column][\/vc_row][vc_row css=&#8221;.vc_custom_1658856349408{padding-bottom: 30px !important;}&#8221;][vc_column width=&#8221;1\/2&#8243;][vc_column_text]<\/p>\n<h3>Kiss Attila<\/h3>\n<p>Beoszt\u00e1s: Eln\u00f6ks\u00e9gi tag[\/vc_column_text][\/vc_column][vc_column width=&#8221;1\/2&#8243;][\/vc_column][\/vc_row][vc_row css=&#8221;.vc_custom_1658856356318{padding-bottom: 30px !important;background-color: #e0e0e0 !important;}&#8221;][vc_column width=&#8221;1\/2&#8243;][vc_single_image image=&#8221;9076&#8243; alignment=&#8221;center&#8221; style=&#8221;vc_box_circle&#8221;][\/vc_column][vc_column width=&#8221;1\/2&#8243;][vc_column_text]<\/p>\n<h3>RADNAI\u00a0TAM\u00c1S<\/h3>\n<p>Beoszt\u00e1s: Eln\u00f6ks\u00e9gi tag<\/p>\n<p style=\"font-weight: 400;\">Radnai Tam\u00e1s a Kand\u00f3 K\u00e1lm\u00e1n F\u0151iskol\u00e1n diplom\u00e1zott 1996-ban az automatika tansz\u00e9ken. P\u00e1lyafut\u00e1s\u00e1t a SIEMENS-n\u00e9l kezdte, kezdetben \u00e9p\u00fclet \u00e9s ipari automatiz\u00e1l\u00e1son, majd \u00e1tker\u00fclt \u00e9p\u00edt\u0151ipari \u00e1gazathoz. Majd ezen ter\u00fcleten maradva a K\u00c9SZ-n\u00e9l folytatta munk\u00e1j\u00e1t 1997-ben, ahol \u00e9p\u00edt\u00e9svezet\u0151, f\u0151m\u00e9rn\u00f6k, szak\u00e1gi igazgat\u00f3, majd v\u00e9g\u00fcl 2005-ben vez\u00e9rigazgat\u00f3ja, K\u00c9SZ Holding igazgat\u00f3s\u00e1gi tagja lett. 2008-ban az \u00e9p\u00edt\u0151ipart\u00f3l elt\u00e1volodva t\u00f6bb Kock\u00e1zati T\u0151kealapokn\u00e1l dolgozott. Ezen id\u0151szak alatt saj\u00e1t startup c\u00e9geit alap\u00edtotta, igazgatta \u00e9s v\u00e1llalt vezet\u0151 szerepeket t\u00f6bb az Alap \u00e1ltal befektetett c\u00e9gekben. \u00a0A LED-es k\u00f6zvil\u00e1g\u00edt\u00e1si l\u00e1mp\u00e1kn\u00e1l kifejlesztett matematikai optimaliz\u00e1l\u00f3 vil\u00e1gszabadalom (2011) t\u00e1rsszerz\u0151je. T\u00e1rs\u00e1val k\u00f6z\u00f6sen 2019-ben felv\u00e1s\u00e1rolta a Power Szerv\u00edz Kft, \u00e9s elind\u00edtotta az E.on-al k\u00f6z\u00f6sen OMNI Energy Kft-t, \u00edgy m\u00e1r nemcsak a piacon l\u00e9v\u0151 g\u00e1zmotoros er\u0151m\u0171veket szervizelt\u00e9k, hanem saj\u00e1t tulajdon\u00fa er\u0151m\u0171veket \u00fczemeltettek. Az id\u0151 el\u0151rehaladt\u00e1val megalap\u00edtott\u00e1k vagy felv\u00e1s\u00e1rolt\u00e1k az OMNI csoport t\u00f6bbi tagv\u00e1llalat\u00e1t (\u00f6sszesen 7db). Ma m\u00e1r az OMNI csoporton bel\u00fcl komplett szolg\u00e1ltat\u00e1st tudnak ny\u00fajtani az energiatermel\u00e9s, kereskedelem, rendszerszint\u0171 szolg\u00e1ltat\u00e1s, er\u0151m\u0171 karbantart\u00e1s, szerv\u00edz, telep\u00edt\u00e9s ter\u00fcletein. Hat \u00e9v leforg\u00e1sa alatt szerv\u00edz c\u00e9gb\u0151l energetikai v\u00e1llalatcsoportot \u00e9p\u00edtett fel a csapat\u00e1val.<\/p>\n<p style=\"font-weight: 400;\">[\/vc_column_text][\/vc_column][\/vc_row][vc_row][vc_column][vc_custom_heading text=&#8221;Tiszts\u00e9gvisel\u0151k&#8221;][\/vc_column][\/vc_row][vc_row css=&#8221;.vc_custom_1658855395065{padding-bottom: 30px !important;background-color: #e0e0e0 !important;}&#8221;][vc_column width=&#8221;1\/2&#8243;][vc_column_text]<\/p>\n<h3>L\u00c1SZL\u00d3 TAM\u00c1S<\/h3>\n<p>Beoszt\u00e1s: Fel\u00fcgyel\u0151 bizotts\u00e1g tagja<\/p>\n<p>Geol\u00f3gus technikus, b\u00e1nyam\u00e9rn\u00f6k. Diplom\u00e1mat a Leningr\u00e1di b\u00e1ny\u00e1szati egyetemen szereztem 1968-ban. F\u0151bb munkahelyeim: Kutat\u00f3 int\u00e9zet, Miniszt\u00e9rium, Bruun and S\u00f6rensen d\u00e1n energetikai v\u00e1llalkoz\u00e1s, egy\u00e9ni v\u00e1llalkoz\u00f3, EETEK (10 telephelyen, mintegy 23 MW g\u00e1zmotoros beruh\u00e1z\u00e1s megval\u00f3s\u00edt\u00e1sa), 2010 \u00f3ta az MKET operat\u00edv aleln\u00f6ke.<\/p>\n<p><a href=\"mailto:laszlo.tamas@mket.hu\">laszlo.tamas@mket.hu<\/a>[\/vc_column_text][\/vc_column][vc_column width=&#8221;1\/2&#8243;][\/vc_column][\/vc_row][vc_row css=&#8221;.vc_custom_1658856407713{padding-bottom: 30px !important;}&#8221;][vc_column width=&#8221;1\/2&#8243;][\/vc_column][vc_column width=&#8221;1\/2&#8243;][vc_column_text css=&#8221;.vc_custom_1654718968508{margin-bottom: 30px !important;}&#8221;]<\/p>\n<h3>Vincze Erika<\/h3>\n<p>Beoszt\u00e1s: Fel\u00fcgyel\u0151 bizotts\u00e1g tagja<\/p>\n<p><a href=\"mailto:papp.andras@mket.hu\">vincze.erika@greenergy.hu<\/a>[\/vc_column_text][\/vc_column][\/vc_row][vc_row css=&#8221;.vc_custom_1658856417425{padding-bottom: 30px !important;background-color: #e0e0e0 !important;}&#8221;][vc_column width=&#8221;1\/2&#8243;][vc_column_text]<\/p>\n<h3>Vlad\u00e1r S\u00e1ndor<\/h3>\n<p>Beoszt\u00e1s: Fel\u00fcgyel\u0151 bizotts\u00e1g eln\u00f6ke<\/p>\n<p style=\"font-weight: 400;\">G\u00e9p\u00e9szm\u00e9rn\u00f6k (BME &#8211; 2007)<\/p>\n<p style=\"font-weight: 400;\">Energetikai m\u00e9rn\u00f6k (BME \u2013 2010)<\/p>\n<p style=\"font-weight: 400;\">Mechatronikai m\u00e9rn\u00f6k (\u00d3E \u2013 2016)<\/p>\n<p style=\"font-weight: 400;\">\n<p style=\"font-weight: 400;\">2008 \u00f3ta dolgozik a hazai energetik\u00e1ban, sz\u00e9les spektrum\u00fa szakmai tapasztalattal rendelkezik nem csak a villamos energia termel\u00e9sben, de a t\u00e1vh\u0151 termel\u00e9sben \u00e9s szolg\u00e1ltat\u00e1sban is. Tagja a Magyar Elektrotechnikai Egyes\u00fcletnek, illetve 2025 \u00f3ta tagja az MKET-nek, ahol FB eln\u00f6ki tiszts\u00e9get l\u00e1t el.<\/p>\n<p style=\"font-weight: 400;\"><a href=\"https:\/\/www.linkedin.com\/in\/sandor-vladar\/\">https:\/\/www.linkedin.com\/in\/sandor-vladar\/<\/a><\/p>\n<p>[\/vc_column_text][\/vc_column][vc_column width=&#8221;1\/2&#8243;][\/vc_column][\/vc_row][vc_row][vc_column][vc_custom_heading text=&#8221;Titk\u00e1rs\u00e1g&#8221;][\/vc_column][\/vc_row][vc_row css=&#8221;.vc_custom_1658856407713{padding-bottom: 30px !important;}&#8221;][vc_column width=&#8221;1\/2&#8243;][\/vc_column][vc_column width=&#8221;1\/2&#8243;][vc_column_text css=&#8221;.vc_custom_1658856771842{margin-bottom: 30px !important;}&#8221;]<\/p>\n<h3>Tan\u00e1cs Anik\u00f3<\/h3>\n<p>Beoszt\u00e1s: Asszisztens[\/vc_column_text][\/vc_column][\/vc_row]<\/p>\n","protected":false},"excerpt":{"rendered":"<p>[vc_row][vc_column width=&#8221;1\/3&#8243;][vc_single_image image=&#8221;7549&#8243; img_size=&#8221;full&#8221; css=&#8221;.vc_custom_1658855102406{margin-top: 20px !important;}&#8221;][\/vc_column][vc_column width=&#8221;2\/3&#8243;][vc_custom_heading text=&#8221;ELN\u00d6KS\u00c9G, TISZTS\u00c9GVISEL\u0150K&#8221; font_container=&#8221;tag:h2|font_size:65px|text_align:left|color:%236d6d6d|line_height:90px&#8221; google_fonts=&#8221;font_family:Ubuntu%3A300%2C300italic%2Cregular%2Citalic%2C500%2C500italic%2C700%2C700italic|font_style:700%20bold%20regular%3A700%3Anormal&#8221; css_animation=&#8221;bounceIn&#8221; css=&#8221;.vc_custom_1620027250706{border-radius: 4px !important;}&#8221;][\/vc_column][\/vc_row][vc_row][vc_column][vc_custom_heading text=&#8221;Eln\u00f6ks\u00e9gi Tagok&#8221;][\/vc_column][\/vc_row][vc_row css=&#8221;.vc_custom_1658856270927{padding-bottom: 30px !important;background-color: #dbdbdb !important;}&#8221;][vc_column width=&#8221;1\/2&#8243;][vc_single_image image=&#8221;9075&#8243; img_size=&#8221;300&#215;280&#8243; alignment=&#8221;center&#8221; style=&#8221;vc_box_circle&#8221; css=&#8221;.vc_custom_1749484584721{margin-top: 80px !important;border-radius: 35px !important;}&#8221;][\/vc_column][vc_column width=&#8221;1\/2&#8243; css=&#8221;.vc_custom_1654717977800{margin-bottom: 30px !important;}&#8221;][vc_column_text] Dr. S\u00c1MUEL EMESE Beoszt\u00e1s: Eln\u00f6k Dr. S\u00e1muel Emese sem \u00faj szerepl\u0151 az energiapiacon: kor\u00e1bban is akt\u00edvan r\u00e9szt vett [&hellip;]<\/p>\n","protected":false},"author":1,"featured_media":0,"parent":0,"menu_order":0,"comment_status":"closed","ping_status":"closed","template":"","meta":{"footnotes":""},"class_list":["post-8503","page","type-page","status-publish","hentry"],"featured_image_urls":{"full":"","thumbnail":"","medium":"","medium_large":"","large":"","mt_1250x700":"","mt_320x480":"","mt_900x550":"","1536x1536":"","2048x2048":"","yankeewp_related_post_pic500x300":"","yankeewp_post_pic700x450":"","yankeewp_post_widget_pic100x100":"","yankeewp_530x600":"","yankeewp_1150x400":"","yankeewp_1420x140":"","yankeewp_testimonials_150x150":"","yankeewp_clients_160x90":"","yankeewp_portfolio01_390x275":"","yankeewp_blogpost01_1420x170":"","yankeewp_about_625x415":"","yankeewp_testimonials02_250x530":""},"post_excerpt_stackable":"<p>[vc_row][vc_column width=&#8221;1\/3&#8243;][vc_single_image image=&#8221;7549&#8243; img_size=&#8221;full&#8221; css=&#8221;.vc_custom_1658855102406{margin-top: 20px !important;}&#8221;][\/vc_column][vc_column width=&#8221;2\/3&#8243;][vc_custom_heading text=&#8221;ELN\u00d6KS\u00c9G, TISZTS\u00c9GVISEL\u0150K&#8221; font_container=&#8221;tag:h2|font_size:65px|text_align:left|color:%236d6d6d|line_height:90px&#8221; google_fonts=&#8221;font_family:Ubuntu%3A300%2C300italic%2Cregular%2Citalic%2C500%2C500italic%2C700%2C700italic|font_style:700%20bold%20regular%3A700%3Anormal&#8221; css_animation=&#8221;bounceIn&#8221; css=&#8221;.vc_custom_1620027250706{border-radius: 4px !important;}&#8221;][\/vc_column][\/vc_row][vc_row][vc_column][vc_custom_heading text=&#8221;Eln\u00f6ks\u00e9gi Tagok&#8221;][\/vc_column][\/vc_row][vc_row css=&#8221;.vc_custom_1658856270927{padding-bottom: 30px !important;background-color: #dbdbdb !important;}&#8221;][vc_column width=&#8221;1\/2&#8243;][vc_single_image image=&#8221;9075&#8243; img_size=&#8221;300&#215;280&#8243; alignment=&#8221;center&#8221; style=&#8221;vc_box_circle&#8221; css=&#8221;.vc_custom_1749484584721{margin-top: 80px !important;border-radius: 35px !important;}&#8221;][\/vc_column][vc_column width=&#8221;1\/2&#8243; css=&#8221;.vc_custom_1654717977800{margin-bottom: 30px !important;}&#8221;][vc_column_text] Dr. S\u00c1MUEL EMESE Beoszt\u00e1s: Eln\u00f6k Dr. S\u00e1muel Emese sem \u00faj szerepl\u0151 az energiapiacon: kor\u00e1bban is akt\u00edvan r\u00e9szt vett az MKET \u00e9s a Magyar T\u00e1vh\u0151szolg\u00e1ltat\u00f3k Szakmai Sz\u00f6vets\u00e9ge k\u00f6z\u00f6s munk\u00e1j\u00e1ban, sz\u00e1mos strat\u00e9giai anyag \u00e9s szakmai javaslat kidolgoz\u00e1s\u00e1ban. Elk\u00f6telezett k\u00e9pvisel\u0151je a k\u00f6rnyezettudatos m\u0171k\u00f6d\u00e9snek \u00e9s a t\u00e1rsadalmi felel\u0151ss\u00e9gv\u00e1llal\u00e1snak. Kor\u00e1bban 2 \u00e9vig a Tatab\u00e1nyai Szolg\u00e1ltat\u00f3 Zrt. Operat\u00edv Vez\u00e9rigazgat\u00f3ja volt, majd 2015-t\u0151l 10 \u00e9ve vezeti sikeresen a Tatab\u00e1nya Er\u0151m\u0171&hellip;<\/p>\n","category_list":"","author_info":{"name":"admin","url":"https:\/\/mket.hu\/index.php\/author\/admin\/"},"comments_num":"0 comments","yoast_head":"<!-- This site is optimized with the Yoast SEO plugin v22.0 - https:\/\/yoast.com\/wordpress\/plugins\/seo\/ -->\n<title>Eln\u00f6ks\u00e9g, Tiszts\u00e9gvisel\u0151k - MKET<\/title>\n<meta name=\"robots\" content=\"index, follow, max-snippet:-1, max-image-preview:large, max-video-preview:-1\" \/>\n<link rel=\"canonical\" href=\"https:\/\/mket.hu\/index.php\/elnokseg-tisztsegviselok\/\" \/>\n<meta property=\"og:locale\" content=\"hu_HU\" \/>\n<meta property=\"og:type\" content=\"article\" \/>\n<meta property=\"og:title\" content=\"Eln\u00f6ks\u00e9g, Tiszts\u00e9gvisel\u0151k - MKET\" \/>\n<meta property=\"og:description\" content=\"[vc_row][vc_column width=&#8221;1\/3&#8243;][vc_single_image image=&#8221;7549&#8243; img_size=&#8221;full&#8221; css=&#8221;.vc_custom_1658855102406{margin-top: 20px !important;}&#8221;][\/vc_column][vc_column width=&#8221;2\/3&#8243;][vc_custom_heading text=&#8221;ELN\u00d6KS\u00c9G, TISZTS\u00c9GVISEL\u0150K&#8221; font_container=&#8221;tag:h2|font_size:65px|text_align:left|color:%236d6d6d|line_height:90px&#8221; google_fonts=&#8221;font_family:Ubuntu%3A300%2C300italic%2Cregular%2Citalic%2C500%2C500italic%2C700%2C700italic|font_style:700%20bold%20regular%3A700%3Anormal&#8221; css_animation=&#8221;bounceIn&#8221; css=&#8221;.vc_custom_1620027250706{border-radius: 4px !important;}&#8221;][\/vc_column][\/vc_row][vc_row][vc_column][vc_custom_heading text=&#8221;Eln\u00f6ks\u00e9gi Tagok&#8221;][\/vc_column][\/vc_row][vc_row css=&#8221;.vc_custom_1658856270927{padding-bottom: 30px !important;background-color: #dbdbdb !important;}&#8221;][vc_column width=&#8221;1\/2&#8243;][vc_single_image image=&#8221;9075&#8243; img_size=&#8221;300&#215;280&#8243; alignment=&#8221;center&#8221; style=&#8221;vc_box_circle&#8221; css=&#8221;.vc_custom_1749484584721{margin-top: 80px !important;border-radius: 35px !important;}&#8221;][\/vc_column][vc_column width=&#8221;1\/2&#8243; css=&#8221;.vc_custom_1654717977800{margin-bottom: 30px !important;}&#8221;][vc_column_text] Dr. S\u00c1MUEL EMESE Beoszt\u00e1s: Eln\u00f6k Dr. S\u00e1muel Emese sem \u00faj szerepl\u0151 az energiapiacon: kor\u00e1bban is akt\u00edvan r\u00e9szt vett [&hellip;]\" \/>\n<meta property=\"og:url\" content=\"https:\/\/mket.hu\/index.php\/elnokseg-tisztsegviselok\/\" \/>\n<meta property=\"og:site_name\" content=\"MKET\" \/>\n<meta property=\"article:modified_time\" content=\"2026-04-17T07:55:25+00:00\" \/>\n<meta property=\"og:image\" content=\"https:\/\/mket.hu\/wp-content\/uploads\/2021\/04\/mket_logo_300x118_png.png\" \/>\n\t<meta property=\"og:image:width\" content=\"300\" \/>\n\t<meta property=\"og:image:height\" content=\"118\" \/>\n\t<meta property=\"og:image:type\" content=\"image\/png\" \/>\n<meta name=\"twitter:card\" content=\"summary_large_image\" \/>\n<meta name=\"twitter:label1\" content=\"Becs\u00fclt olvas\u00e1si id\u0151\" \/>\n\t<meta name=\"twitter:data1\" content=\"10 perc\" \/>\n<script type=\"application\/ld+json\" class=\"yoast-schema-graph\">{\"@context\":\"https:\/\/schema.org\",\"@graph\":[{\"@type\":\"WebPage\",\"@id\":\"https:\/\/mket.hu\/index.php\/elnokseg-tisztsegviselok\/\",\"url\":\"https:\/\/mket.hu\/index.php\/elnokseg-tisztsegviselok\/\",\"name\":\"Eln\u00f6ks\u00e9g, Tiszts\u00e9gvisel\u0151k - MKET\",\"isPartOf\":{\"@id\":\"https:\/\/mket.hu\/#website\"},\"datePublished\":\"2021-05-03T07:30:20+00:00\",\"dateModified\":\"2026-04-17T07:55:25+00:00\",\"breadcrumb\":{\"@id\":\"https:\/\/mket.hu\/index.php\/elnokseg-tisztsegviselok\/#breadcrumb\"},\"inLanguage\":\"hu\",\"potentialAction\":[{\"@type\":\"ReadAction\",\"target\":[\"https:\/\/mket.hu\/index.php\/elnokseg-tisztsegviselok\/\"]}]},{\"@type\":\"BreadcrumbList\",\"@id\":\"https:\/\/mket.hu\/index.php\/elnokseg-tisztsegviselok\/#breadcrumb\",\"itemListElement\":[{\"@type\":\"ListItem\",\"position\":1,\"name\":\"Kezd\u0151lap\",\"item\":\"https:\/\/mket.hu\/\"},{\"@type\":\"ListItem\",\"position\":2,\"name\":\"Eln\u00f6ks\u00e9g, Tiszts\u00e9gvisel\u0151k\"}]},{\"@type\":\"WebSite\",\"@id\":\"https:\/\/mket.hu\/#website\",\"url\":\"https:\/\/mket.hu\/\",\"name\":\"MKET\",\"description\":\"Magyar Kapcsolt Energia T\u00e1rsas\u00e1g\",\"potentialAction\":[{\"@type\":\"SearchAction\",\"target\":{\"@type\":\"EntryPoint\",\"urlTemplate\":\"https:\/\/mket.hu\/?s={search_term_string}\"},\"query-input\":\"required name=search_term_string\"}],\"inLanguage\":\"hu\"}]}<\/script>\n<!-- \/ Yoast SEO plugin. -->","yoast_head_json":{"title":"Eln\u00f6ks\u00e9g, Tiszts\u00e9gvisel\u0151k - MKET","robots":{"index":"index","follow":"follow","max-snippet":"max-snippet:-1","max-image-preview":"max-image-preview:large","max-video-preview":"max-video-preview:-1"},"canonical":"https:\/\/mket.hu\/index.php\/elnokseg-tisztsegviselok\/","og_locale":"hu_HU","og_type":"article","og_title":"Eln\u00f6ks\u00e9g, Tiszts\u00e9gvisel\u0151k - MKET","og_description":"[vc_row][vc_column width=&#8221;1\/3&#8243;][vc_single_image image=&#8221;7549&#8243; img_size=&#8221;full&#8221; css=&#8221;.vc_custom_1658855102406{margin-top: 20px !important;}&#8221;][\/vc_column][vc_column width=&#8221;2\/3&#8243;][vc_custom_heading text=&#8221;ELN\u00d6KS\u00c9G, TISZTS\u00c9GVISEL\u0150K&#8221; font_container=&#8221;tag:h2|font_size:65px|text_align:left|color:%236d6d6d|line_height:90px&#8221; google_fonts=&#8221;font_family:Ubuntu%3A300%2C300italic%2Cregular%2Citalic%2C500%2C500italic%2C700%2C700italic|font_style:700%20bold%20regular%3A700%3Anormal&#8221; css_animation=&#8221;bounceIn&#8221; css=&#8221;.vc_custom_1620027250706{border-radius: 4px !important;}&#8221;][\/vc_column][\/vc_row][vc_row][vc_column][vc_custom_heading text=&#8221;Eln\u00f6ks\u00e9gi Tagok&#8221;][\/vc_column][\/vc_row][vc_row css=&#8221;.vc_custom_1658856270927{padding-bottom: 30px !important;background-color: #dbdbdb !important;}&#8221;][vc_column width=&#8221;1\/2&#8243;][vc_single_image image=&#8221;9075&#8243; img_size=&#8221;300&#215;280&#8243; alignment=&#8221;center&#8221; style=&#8221;vc_box_circle&#8221; css=&#8221;.vc_custom_1749484584721{margin-top: 80px !important;border-radius: 35px !important;}&#8221;][\/vc_column][vc_column width=&#8221;1\/2&#8243; css=&#8221;.vc_custom_1654717977800{margin-bottom: 30px !important;}&#8221;][vc_column_text] Dr. S\u00c1MUEL EMESE Beoszt\u00e1s: Eln\u00f6k Dr. S\u00e1muel Emese sem \u00faj szerepl\u0151 az energiapiacon: kor\u00e1bban is akt\u00edvan r\u00e9szt vett [&hellip;]","og_url":"https:\/\/mket.hu\/index.php\/elnokseg-tisztsegviselok\/","og_site_name":"MKET","article_modified_time":"2026-04-17T07:55:25+00:00","og_image":[{"width":300,"height":118,"url":"https:\/\/mket.hu\/wp-content\/uploads\/2021\/04\/mket_logo_300x118_png.png","type":"image\/png"}],"twitter_card":"summary_large_image","twitter_misc":{"Becs\u00fclt olvas\u00e1si id\u0151":"10 perc"},"schema":{"@context":"https:\/\/schema.org","@graph":[{"@type":"WebPage","@id":"https:\/\/mket.hu\/index.php\/elnokseg-tisztsegviselok\/","url":"https:\/\/mket.hu\/index.php\/elnokseg-tisztsegviselok\/","name":"Eln\u00f6ks\u00e9g, Tiszts\u00e9gvisel\u0151k - MKET","isPartOf":{"@id":"https:\/\/mket.hu\/#website"},"datePublished":"2021-05-03T07:30:20+00:00","dateModified":"2026-04-17T07:55:25+00:00","breadcrumb":{"@id":"https:\/\/mket.hu\/index.php\/elnokseg-tisztsegviselok\/#breadcrumb"},"inLanguage":"hu","potentialAction":[{"@type":"ReadAction","target":["https:\/\/mket.hu\/index.php\/elnokseg-tisztsegviselok\/"]}]},{"@type":"BreadcrumbList","@id":"https:\/\/mket.hu\/index.php\/elnokseg-tisztsegviselok\/#breadcrumb","itemListElement":[{"@type":"ListItem","position":1,"name":"Kezd\u0151lap","item":"https:\/\/mket.hu\/"},{"@type":"ListItem","position":2,"name":"Eln\u00f6ks\u00e9g, Tiszts\u00e9gvisel\u0151k"}]},{"@type":"WebSite","@id":"https:\/\/mket.hu\/#website","url":"https:\/\/mket.hu\/","name":"MKET","description":"Magyar Kapcsolt Energia T\u00e1rsas\u00e1g","potentialAction":[{"@type":"SearchAction","target":{"@type":"EntryPoint","urlTemplate":"https:\/\/mket.hu\/?s={search_term_string}"},"query-input":"required name=search_term_string"}],"inLanguage":"hu"}]}},"_links":{"self":[{"href":"https:\/\/mket.hu\/index.php\/wp-json\/wp\/v2\/pages\/8503","targetHints":{"allow":["GET"]}}],"collection":[{"href":"https:\/\/mket.hu\/index.php\/wp-json\/wp\/v2\/pages"}],"about":[{"href":"https:\/\/mket.hu\/index.php\/wp-json\/wp\/v2\/types\/page"}],"author":[{"embeddable":true,"href":"https:\/\/mket.hu\/index.php\/wp-json\/wp\/v2\/users\/1"}],"replies":[{"embeddable":true,"href":"https:\/\/mket.hu\/index.php\/wp-json\/wp\/v2\/comments?post=8503"}],"version-history":[{"count":34,"href":"https:\/\/mket.hu\/index.php\/wp-json\/wp\/v2\/pages\/8503\/revisions"}],"predecessor-version":[{"id":9373,"href":"https:\/\/mket.hu\/index.php\/wp-json\/wp\/v2\/pages\/8503\/revisions\/9373"}],"wp:attachment":[{"href":"https:\/\/mket.hu\/index.php\/wp-json\/wp\/v2\/media?parent=8503"}],"curies":[{"name":"wp","href":"https:\/\/api.w.org\/{rel}","templated":true}]}}