{"id":8559,"date":"2021-07-29T13:40:23","date_gmt":"2021-07-29T13:40:23","guid":{"rendered":"http:\/\/dev.mket.hu\/?page_id=8559"},"modified":"2025-11-17T15:20:46","modified_gmt":"2025-11-17T15:20:46","slug":"akikre-buszkek-vagyunk","status":"publish","type":"page","link":"https:\/\/mket.hu\/index.php\/akikre-buszkek-vagyunk\/","title":{"rendered":"Akikre b\u00fcszk\u00e9k vagyunk"},"content":{"rendered":"<p>[vc_row][vc_column width=&#8221;1\/3&#8243;][vc_single_image image=&#8221;7549&#8243; img_size=&#8221;full&#8221;][\/vc_column][vc_column width=&#8221;2\/3&#8243;][vc_custom_heading text=&#8221;Akikre b\u00fcszk\u00e9k vagyunk&#8221; font_container=&#8221;tag:h2|font_size:65px|text_align:left|color:%236d6d6d|line_height:90px&#8221; google_fonts=&#8221;font_family:Ubuntu%3A300%2C300italic%2Cregular%2Citalic%2C500%2C500italic%2C700%2C700italic|font_style:700%20bold%20regular%3A700%3Anormal&#8221; css_animation=&#8221;bounceIn&#8221; css=&#8221;.vc_custom_1627566136607{border-radius: 4px !important;}&#8221;][\/vc_column][\/vc_row][vc_row][vc_column][vc_custom_heading text=&#8221;Heller L\u00e1szl\u00f3 d\u00edj&#8221; css=&#8221;.vc_custom_1656321212681{margin-bottom: 30px !important;}&#8221;][vc_column_text]Az MKET eln\u00f6ks\u00e9ge \u00fagy hat\u00e1rozott 2008-ban, hogy a kapcsolt energiatermel\u00e9s magyarorsz\u00e1gi elterjeszt\u00e9se \u00e9rdek\u00e9ben kifejtett kimagasl\u00f3 tev\u00e9kenys\u00e9get a Heller L\u00e1szl\u00f3 d\u00edj \u00e9venk\u00e9nti oda\u00edt\u00e9l\u00e9s\u00e9vel is t\u00e1mogatni szeretn\u00e9.<\/p>\n<p>A d\u00edjat a be\u00e9rkezett javaslatok alapj\u00e1n a t\u00e1rsas\u00e1g eln\u00f6ks\u00e9ge \u00edt\u00e9li oda minden \u00e9vben egy (k\u00fcl\u00f6nleges esetekben k\u00e9t) szem\u00e9ly r\u00e9sz\u00e9re. A d\u00edj kioszt\u00e1sa a t\u00e1rsas\u00e1g \u00e9ves konferenci\u00e1j\u00e1n (amennyiben az adott \u00e9vben nem rendez a t\u00e1rsas\u00e1g konferenci\u00e1t, akkor az \u00e9ves rendes k\u00f6zgy\u0171l\u00e9sen) t\u00f6rt\u00e9nik meg \u00fcnnep\u00e9lyes keretek k\u00f6z\u00f6tt.<\/p>\n<p>A d\u00edj a nev\u00e9t Heller L\u00e1szl\u00f3 egyetemi tan\u00e1rr\u00f3l, akad\u00e9mikusr\u00f3l, a magyar energetika \u00e9s energetikai oktat\u00e1s kiemelked\u0151 szem\u00e9lyis\u00e9g\u00e9r\u0151l kapta, aki a r\u00f3la elnevezett, vil\u00e1gszerte elterjedt \u00e9s alkalmazott er\u0151m\u0171vi l\u00e9gh\u0171t\u00e9ses rendszer kifejleszt\u00e9s\u00e9n t\u00falmen\u0151en a hazai kapcsolt h\u0151- \u00e9s villamosenergia-termel\u00e9s egyik \u00fatt\u00f6r\u0151je \u00e9s megalapoz\u00f3ja \u00e9s az \u00e1ltala alap\u00edtott, majd k\u00e9s\u0151bb ir\u00e1ny\u00edtott EGI Rt. tev\u00e9kenys\u00e9g\u00e9n kereszt\u00fcl gyakorlati megval\u00f3s\u00edt\u00f3ja volt.<\/p>\n<p>A d\u00edj egy eml\u00e9kt\u00e1rgyb\u00f3l \u00e9s egy oklev\u00e9lb\u0151l \u00e1ll. Mindkett\u0151 tartalmazza a d\u00edj nev\u00e9t, valamint a d\u00edj \u00e1tad\u00e1s\u00e1nak \u00e9v\u00e9t.<\/p>\n<p><strong>Egy\u00e9b felt\u00e9telek:<\/strong><\/p>\n<ul>\n<li>A d\u00edjat a tagok v\u00e9lem\u00e9ny\u00e9nek figyelembev\u00e9tel\u00e9vel a T\u00e1rsas\u00e1g eln\u00f6ks\u00e9ge \u00edt\u00e9li oda.<\/li>\n<li>Az eln\u00f6ks\u00e9g a d\u00edjazottat t\u00f6bbs\u00e9gi szavaz\u00e1ssal v\u00e1lasztja meg.<\/li>\n<li>A d\u00f6nt\u00e9st a Magyar Energetika c\u00edm\u0171 foly\u00f3iratban nyilv\u00e1noss\u00e1gre kell hozni.<\/li>\n<\/ul>\n<p>.Az al\u00e1bbi t\u00e1bl\u00e1zat tartalmazza az eddigi d\u00edjazottak nev\u00e9t, \u00e9s a d\u00edj megszerz\u00e9s\u00e9nek \u00e9vsz\u00e1m\u00e1t.<\/p>\n<p><strong>Ki is volt Heller L\u00e1szl\u00f3?<\/strong><\/p>\n<p><strong><a href=\"https:\/\/mket.hu\/wp-content\/uploads\/2022\/06\/Heller_2006-08-31.pdf\">\u00d6n\u00e9letrajz<\/a><\/strong><\/p>\n<p><strong><a href=\"https:\/\/mket.hu\/wp-content\/uploads\/2022\/06\/SAJTOHIR_Szoboravatas-Konyvbemutato_2007-11-08.pdf\">Sajt\u00f3h\u00edr &#8211; Szoboravat\u00e1s \u00e9s K\u00f6nyvbemutat\u00f3<\/a><\/strong><\/p>\n<p><strong><a href=\"https:\/\/mket.hu\/wp-content\/uploads\/2022\/06\/SAJTOHIR_Szoboravatas-Konyvbemutato_2007-11-08.pdf\"><img loading=\"lazy\" decoding=\"async\" class=\"alignnone size-medium wp-image-9100\" src=\"https:\/\/mket.hu\/wp-content\/uploads\/2025\/11\/480199564_644397618129306_2058831031527628536_n-300x200.jpg\" alt=\"\" width=\"300\" height=\"200\" srcset=\"https:\/\/mket.hu\/wp-content\/uploads\/2025\/11\/480199564_644397618129306_2058831031527628536_n-300x200.jpg 300w, https:\/\/mket.hu\/wp-content\/uploads\/2025\/11\/480199564_644397618129306_2058831031527628536_n-1024x683.jpg 1024w, https:\/\/mket.hu\/wp-content\/uploads\/2025\/11\/480199564_644397618129306_2058831031527628536_n-768x512.jpg 768w, https:\/\/mket.hu\/wp-content\/uploads\/2025\/11\/480199564_644397618129306_2058831031527628536_n-625x415.jpg 625w, https:\/\/mket.hu\/wp-content\/uploads\/2025\/11\/480199564_644397618129306_2058831031527628536_n.jpg 1500w\" sizes=\"auto, (max-width: 300px) 100vw, 300px\" \/><\/a><\/strong>[\/vc_column_text][vc_row_inner][vc_column_inner width=&#8221;1\/4&#8243;][vc_column_text css=&#8221;.vc_custom_1656321568021{margin-bottom: 15px !important;}&#8221;]<em><strong>\u00c9vsz\u00e1m:<\/strong><\/em>[\/vc_column_text][vc_column_text]<strong>2008<\/strong>[\/vc_column_text][vc_column_text]<strong>2009<\/strong>[\/vc_column_text][vc_column_text]<strong>2010<\/strong>[\/vc_column_text][vc_column_text]<strong>2011<\/strong>[\/vc_column_text][vc_column_text]<strong>2012<\/strong>[\/vc_column_text][vc_column_text]<strong>2013<\/strong>[\/vc_column_text][vc_column_text]<strong>2014<\/strong>[\/vc_column_text][vc_column_text]<strong>2015<\/strong>[\/vc_column_text][vc_column_text]<strong>2016<\/strong>[\/vc_column_text][vc_column_text]<strong>2017<\/strong>[\/vc_column_text][vc_column_text]<strong>2018<\/strong>[\/vc_column_text][vc_column_text]<strong>2019<\/strong>[\/vc_column_text][vc_column_text]<strong>2020<\/strong>[\/vc_column_text][vc_column_text]<strong>2021<\/strong>[\/vc_column_text][vc_column_text]<strong>2022<\/strong><\/p>\n<p><strong>2023<\/strong><\/p>\n<p><strong>2024<\/strong><\/p>\n<p><strong>2025<\/strong>[\/vc_column_text][\/vc_column_inner][vc_column_inner width=&#8221;3\/4&#8243;][vc_column_text css=&#8221;.vc_custom_1656321575833{margin-bottom: 15px !important;}&#8221;]<em><strong>Heller L\u00e1szl\u00f3 d\u00edjat kapta:<\/strong><\/em>[\/vc_column_text][vc_column_text]<strong>Szederk\u00e9nyi S\u00e1ndor<\/strong>[\/vc_column_text][vc_column_text]<strong>Dr. B\u00fcki Gergely<\/strong>[\/vc_column_text][vc_column_text]<strong>Tompa Ferenc<\/strong>[\/vc_column_text][vc_column_text]<strong>K\u00e1ldy Lajos<\/strong>[\/vc_column_text][vc_column_text]<strong>Bercsi G\u00e1bor<\/strong>[\/vc_column_text][vc_column_text]<strong>Rudolf Viktor<\/strong>[\/vc_column_text][vc_column_text]<strong>Hamvai L\u00e1szl\u00f3, Korcsog Gy\u00f6rgy<\/strong>[\/vc_column_text][vc_column_text]<strong>Popovics Attila, Fiona Riddoch<\/strong>[\/vc_column_text][vc_column_text]<strong>dr. Str\u00f3bl Alajos<\/strong>[\/vc_column_text][vc_column_text]<strong>dr. Kamar\u00e1s B\u00e9la<\/strong>[\/vc_column_text][vc_column_text]<strong>Barna N\u00e1ndor<\/strong>[\/vc_column_text][vc_column_text]<strong>Dibusz J\u00f3zsef<\/strong>[\/vc_column_text][vc_column_text]<strong>Zsigmond Gy\u00f6rgy, L\u00e1szl\u00f3 Tam\u00e1s<\/strong>[\/vc_column_text][vc_column_text]<strong>Mik\u00f3 L\u00e1szl\u00f3<\/strong>[\/vc_column_text][vc_column_text]<strong>Dr. Kiss Csaba, Dr. Kor\u00e9nyi Zolt\u00e1n<br \/>\n<\/strong><\/p>\n<p><strong>Orb\u00e1n Tibor<\/strong><\/p>\n<p><strong><span class=\"outlook-search-highlight\"><i>Bitskey<\/i><\/span><span class=\"apple-converted-space\"><i>\u00a0<\/i><\/span><span class=\"outlook-search-highlight\"><i>Tibor<\/i><\/span><\/strong><\/p>\n<p><strong>Milanovich L\u00e1szl\u00f3\u00a0<\/strong>[\/vc_column_text][\/vc_column_inner][\/vc_row_inner][vc_custom_heading text=&#8221;Az \u00e9vi Kiser\u0171m\u0171 p\u00e1ly\u00e1zat nyertese&#8221; css=&#8221;.vc_custom_1657612652326{margin-bottom: 30px !important;}&#8221;][vc_column_text]A Magyar Kapcsolt Energia T\u00e1rsas\u00e1g eln\u00f6ks\u00e9ge 2007. \u00e9vben elhat\u00e1rozta, hogy tagjai k\u00f6r\u00e9ben p\u00e1ly\u00e1zatot ind\u00edt az \u00e9v legjobb m\u0171szaki-gazdas\u00e1gi mutat\u00f3kkal rendelkez\u0151 g\u00e1zmotoros \u00e9s kombin\u00e1lt ciklus\u00fa er\u0151m\u0171v\u00e9nek d\u00edjaz\u00e1s\u00e1ra. Az \u00e9rt\u00e9kel\u00e9st egy f\u00fcggetlen, h\u00e1romtag\u00fa bizotts\u00e1g v\u00e9gzi \u00e9s d\u00f6nt a helyez\u00e9sek sorrendj\u00e9r\u0151l.<\/p>\n<p>A bizotts\u00e1g tagjai:<\/p>\n<p><strong>Bercsi G\u00e1bor<\/strong><\/p>\n<p><strong>Dr. Kor\u00e9nyi Zolt\u00e1n<\/strong><\/p>\n<p><strong>Szederk\u00e9nyi S\u00e1ndor<\/strong><\/p>\n<p>A d\u00edjak h\u00e1rom kateg\u00f3ri\u00e1ban ker\u00fclnek kioszt\u00e1sra, melyek a k\u00f6vetkez\u0151k:<strong>\u201eG\u00e1zmotoros er\u0151m\u0171\u201d; \u201eKombin\u00e1lt ciklus\u00fa er\u0151m\u0171\u201d; \u201e\u00c9v szab\u00e1lyoz\u00f3 k\u00f6zpont\u201d.\u00a0<\/strong>A kor\u00e1bbi \u00e9vek d\u00edjazottait az al\u00e1bbi t\u00e1bl\u00e1zat foglalja \u00f6ssze.[\/vc_column_text][vc_row_inner][vc_column_inner width=&#8221;1\/2&#8243;][vc_column_text]\u00c9vsz\u00e1m:[\/vc_column_text][\/vc_column_inner][vc_column_inner width=&#8221;1\/2&#8243;][vc_column_text]Keteg\u00f3ria:[\/vc_column_text][\/vc_column_inner][\/vc_row_inner][vc_row_inner][vc_column_inner width=&#8221;1\/4&#8243;][vc_column_text][\/vc_column_text][vc_column_text css=&#8221;.vc_custom_1627904974938{margin-top: 25px !important;}&#8221;]<\/p>\n<p style=\"text-align: center;\"><strong>2008<\/strong><\/p>\n<p>[\/vc_column_text][vc_column_text]<\/p>\n<p style=\"text-align: center;\"><strong>2009<\/strong><\/p>\n<p>[\/vc_column_text][vc_column_text]<\/p>\n<p style=\"text-align: center;\"><strong>2010<\/strong><\/p>\n<p>[\/vc_column_text][vc_column_text]<\/p>\n<p style=\"text-align: center;\"><strong>2011<\/strong><\/p>\n<p>[\/vc_column_text][vc_column_text css=&#8221;.vc_custom_1627907972394{margin-top: 20px !important;}&#8221;]<\/p>\n<p style=\"text-align: center;\"><strong>2012<\/strong><\/p>\n<p>[\/vc_column_text][vc_column_text css=&#8221;.vc_custom_1627908032184{margin-top: 5px !important;}&#8221;]<\/p>\n<p style=\"text-align: center;\"><strong>2013<\/strong><\/p>\n<p>[\/vc_column_text][vc_column_text]<\/p>\n<p style=\"text-align: center;\"><strong>2014<\/strong><\/p>\n<p>[\/vc_column_text][vc_column_text css=&#8221;.vc_custom_1627908279246{margin-top: 30px !important;}&#8221;]<\/p>\n<p style=\"text-align: center;\"><strong>2015<\/strong><\/p>\n<p>[\/vc_column_text][vc_column_text css=&#8221;.vc_custom_1657613778185{margin-top: 60px !important;}&#8221;]<\/p>\n<p style=\"text-align: center;\"><strong>2016<\/strong><\/p>\n<p>[\/vc_column_text][vc_column_text css=&#8221;.vc_custom_1657614504199{margin-top: 80px !important;}&#8221;]<\/p>\n<p style=\"text-align: center;\"><strong>2017<\/strong><\/p>\n<p>[\/vc_column_text][vc_column_text css=&#8221;.vc_custom_1657614686889{margin-top: 70px !important;}&#8221;]<\/p>\n<p style=\"text-align: center;\"><strong>2018<\/strong><\/p>\n<p>[\/vc_column_text][vc_column_text css=&#8221;.vc_custom_1657614775637{margin-top: 60px !important;}&#8221;]<\/p>\n<p style=\"text-align: center;\"><strong>2019<\/strong><\/p>\n<p>[\/vc_column_text][vc_column_text css=&#8221;.vc_custom_1657615798314{margin-top: 30px !important;}&#8221;]<\/p>\n<p style=\"text-align: center;\"><strong>2020<\/strong><\/p>\n<p>[\/vc_column_text][vc_column_text css=&#8221;.vc_custom_1657616198849{margin-top: 50px !important;}&#8221;]<\/p>\n<p style=\"text-align: center;\"><strong>2021<\/strong><\/p>\n<p>[\/vc_column_text][vc_column_text css=&#8221;.vc_custom_1763392666996{margin-top: 60px !important;}&#8221;]<\/p>\n<p style=\"text-align: center;\"><strong>2022<\/strong><\/p>\n<p>&nbsp;<\/p>\n<p style=\"text-align: center;\"><strong>2023<\/strong><\/p>\n<p>&nbsp;<\/p>\n<p style=\"text-align: center;\"><strong>2024<\/strong><\/p>\n<p>&nbsp;<\/p>\n<p style=\"text-align: center;\">[\/vc_column_text][\/vc_column_inner][vc_column_inner width=&#8221;1\/4&#8243;][vc_column_text]<strong>G\u00e1zmotoros er\u0151m\u0171 (1. helyezett)<\/strong>[\/vc_column_text][vc_column_text]<\/p>\n<p style=\"text-align: center;\">Tarj\u00e1nh\u0151 Kft. (Huta \u00fati Er\u0151m\u0171)<\/p>\n<p>[\/vc_column_text][vc_column_text]<\/p>\n<p style=\"text-align: center;\">Tarj\u00e1nh\u0151 Kft. (Salg\u00f3 \u00fati Er\u0151m\u0171)<\/p>\n<p>[\/vc_column_text][vc_column_text]<\/p>\n<p style=\"text-align: center;\">Gy\u0151rh\u0151 Kft.<\/p>\n<p>[\/vc_column_text][vc_column_text]<\/p>\n<p style=\"text-align: center;\">Kecskem\u00e9ti Termostar Kft. \u00c1rp\u00e1dv\u00e1rosi f\u0171t\u0151m\u0171ve<\/p>\n<p>[\/vc_column_text][vc_column_text]<\/p>\n<p style=\"text-align: center;\">&#8211;<\/p>\n<p>[\/vc_column_text][vc_column_text]<\/p>\n<p style=\"text-align: center;\">&#8211;<\/p>\n<p>[\/vc_column_text][vc_column_text]<\/p>\n<p style=\"text-align: center;\">Gy\u0151r-Szol Zrt. G\u00e1zmotoros Kiser\u0151m\u0171ve<\/p>\n<p>[\/vc_column_text][vc_column_text]<\/p>\n<p style=\"text-align: center;\">E.ON Szombathelyi Er\u0151m\u0171 Zrt. Viz\u00f6nt\u0151 Telephely<\/p>\n<p>[\/vc_column_text][vc_column_text css=&#8221;.vc_custom_1657613845607{margin-top: 15px !important;margin-bottom: 0px !important;}&#8221;]<\/p>\n<p style=\"text-align: center;\">E.ON Energiatermel\u0151 Kft. Szombathelyi Er\u0151m\u0171 Zrt. V\u00edz\u00f6nt\u0151 Telephely<\/p>\n<p>[\/vc_column_text][vc_column_text css=&#8221;.vc_custom_1657614448034{margin-top: 15px !important;}&#8221;]<\/p>\n<p style=\"text-align: center;\">Veolia Energia Magyarorsz\u00e1g Zrt. Nagykanizsai K\u00f3rh\u00e1z F\u0171t\u0151er\u0151m\u0171 Kft.<\/p>\n<p>[\/vc_column_text][vc_column_text css=&#8221;.vc_custom_1657614667255{margin-top: 15px !important;}&#8221;]<\/p>\n<p style=\"text-align: center;\">Veolia Energia Magyarorsz\u00e1g Zrt. Nagykanizsai K\u00f3rh\u00e1z F\u0171t\u0151er\u0151m\u0171 Kft.<\/p>\n<p>[\/vc_column_text][vc_column_text css=&#8221;.vc_custom_1657615344275{margin-top: 30px !important;}&#8221;]<\/p>\n<p style=\"text-align: center;\">Duna\u00fajv\u00e1ros-Boortmalt<\/p>\n<p>[\/vc_column_text][vc_column_text css=&#8221;.vc_custom_1657616174085{margin-top: 30px !important;}&#8221;]<\/p>\n<p style=\"text-align: center;\">MVM \u00c9szak-Budai F\u0171t\u0151er\u0151m\u0171 Kft.<\/p>\n<p>[\/vc_column_text][vc_column_text css=&#8221;.vc_custom_1657616045320{margin-top: 15px !important;}&#8221;]<\/p>\n<p style=\"text-align: center;\">F\u0150T\u00c1V Zrt.<br \/>\nBudapesti Tatai \u00fati Kiser\u0151m\u0171[\/vc_column_text][vc_column_text css=&#8221;.vc_custom_1763392656499{margin-top: 15px !important;}&#8221;]<\/p>\n<p style=\"text-align: center;\">MVM Mif\u00fc Kft.<br \/>\nMiskolc Di\u00f3sgy\u0151ri G\u00e1zmotoros Er\u0151m\u0171<\/p>\n<p style=\"text-align: center;\">Veolia Energia Magyarorsz\u00e1g Zrt.<br \/>\nV\u00e1ci F\u0171t\u0151m\u0171<\/p>\n<p style=\"text-align: center;\">BKM Nonprofit Zrt.<\/p>\n<p style=\"text-align: center;\">Tatai \u00fati F\u0171t\u0151m\u0171<\/p>\n<p>&nbsp;[\/vc_column_text][\/vc_column_inner][vc_column_inner width=&#8221;1\/4&#8243;][vc_column_text]<strong>Kombin\u00e1lt ciklus\u00fa er\u0151m\u0171 (1. helyezett)<\/strong>[\/vc_column_text][vc_column_text css=&#8221;.vc_custom_1627908856315{margin-bottom: 0px !important;}&#8221;]<\/p>\n<p style=\"text-align: center;\">&#8211;<\/p>\n<p>[\/vc_column_text][vc_column_text]<\/p>\n<p style=\"text-align: center;\">TVK Er\u0151m\u0171<\/p>\n<p>[\/vc_column_text][vc_column_text]<\/p>\n<p style=\"text-align: center;\">BC Er\u0151m\u0171 Kft.<\/p>\n<p>[\/vc_column_text][vc_column_text css=&#8221;.vc_custom_1627911964198{margin-top: 0px !important;}&#8221;]<\/p>\n<p style=\"text-align: center;\">Debreceni Kombin\u00e1lt Ciklus\u00fa Er\u0151m\u0171<\/p>\n<p>[\/vc_column_text][vc_column_text]<\/p>\n<p style=\"text-align: center;\">&#8211;<\/p>\n<p>[\/vc_column_text][vc_column_text css=&#8221;.vc_custom_1657613610748{margin-bottom: 35px !important;}&#8221;]<\/p>\n<p style=\"text-align: center;\">&#8211;<\/p>\n<p>[\/vc_column_text][vc_column_text css=&#8221;.vc_custom_1657613571169{margin-top: 10px !important;}&#8221;]<\/p>\n<p style=\"text-align: center;\">&#8211;<\/p>\n<p>[\/vc_column_text][vc_column_text css=&#8221;.vc_custom_1657614406811{margin-top: 30px !important;}&#8221;]<\/p>\n<p style=\"text-align: center;\"><strong>&#8211;<\/strong><\/p>\n<p>[\/vc_column_text][vc_column_text css=&#8221;.vc_custom_1657614417398{margin-top: 50px !important;}&#8221;]<\/p>\n<p style=\"text-align: center;\"><strong>&#8211;<\/strong><\/p>\n<p>[\/vc_column_text][vc_column_text css=&#8221;.vc_custom_1657614535998{margin-top: 70px !important;}&#8221;]<\/p>\n<p style=\"text-align: center;\"><strong>&#8211;<\/strong><\/p>\n<p>[\/vc_column_text][vc_column_text css=&#8221;.vc_custom_1657614735925{margin-top: 60px !important;}&#8221;]<\/p>\n<p style=\"text-align: center;\">MVM \u00c9szak-Budai F\u0171t\u0151er\u0151m\u0171 Kft.<\/p>\n<p>[\/vc_column_text][vc_column_text css=&#8221;.vc_custom_1657615426526{margin-top: 50px !important;}&#8221;]<\/p>\n<p style=\"text-align: center;\">Veolia Energia Magyarorsz\u00e1g Zrt.<\/p>\n<p>[\/vc_column_text][vc_column_text css=&#8221;.vc_custom_1657616300076{margin-top: 15px !important;}&#8221;]<\/p>\n<p style=\"text-align: center;\"><strong>&#8211;<\/strong><\/p>\n<p>[\/vc_column_text][vc_column_text css=&#8221;.vc_custom_1657616278389{margin-top: 50px !important;}&#8221;]<\/p>\n<p style=\"text-align: center;\"><strong>&#8211;<\/strong><\/p>\n<p>[\/vc_column_text][vc_column_text css=&#8221;.vc_custom_1657616506399{margin-top: 45px !important;}&#8221;]<\/p>\n<p style=\"text-align: center;\"><strong>&#8211;<\/strong><\/p>\n<p>[\/vc_column_text][\/vc_column_inner][vc_column_inner width=&#8221;1\/4&#8243;][vc_column_text css=&#8221;.vc_custom_1627907286533{margin-bottom: 15px !important;}&#8221;]<strong>\u00c9v szab\u00e1lyoz\u00f3 k\u00f6zpontja<\/strong>[\/vc_column_text][vc_column_text css=&#8221;.vc_custom_1627907301821{margin-top: 25px !important;}&#8221;]<\/p>\n<p style=\"text-align: center;\">&#8211;<\/p>\n<p>[\/vc_column_text][vc_column_text]<\/p>\n<p style=\"text-align: center;\">&#8211;<\/p>\n<p>[\/vc_column_text][vc_column_text]<\/p>\n<p style=\"text-align: center;\">&#8211;<\/p>\n<p>[\/vc_column_text][vc_column_text]<\/p>\n<p style=\"text-align: center;\">&#8211;<\/p>\n<p>[\/vc_column_text][vc_column_text css=&#8221;.vc_custom_1627907660266{margin-top: 30px !important;}&#8221;]<\/p>\n<p style=\"text-align: center;\">&#8211;<\/p>\n<p>[\/vc_column_text][vc_column_text css=&#8221;.vc_custom_1627907883639{margin-top: 0px !important;}&#8221;]<\/p>\n<p style=\"text-align: center;\">&#8211;<\/p>\n<p>[\/vc_column_text][vc_column_text css=&#8221;.vc_custom_1657613616647{margin-top: 10px !important;}&#8221;]<\/p>\n<p style=\"text-align: center;\">&#8211;<\/p>\n<p>[\/vc_column_text][vc_column_text css=&#8221;.vc_custom_1657613917756{margin-top: 30px !important;}&#8221;]<\/p>\n<p style=\"text-align: center;\">Sinergy Energiakeresked\u0151 Kft.<\/p>\n<p>[\/vc_column_text][vc_column_text css=&#8221;.vc_custom_1657614260658{margin-top: 45px !important;}&#8221;]<\/p>\n<p style=\"text-align: center;\">E.ON Energiatermel\u0151 Kft.<\/p>\n<p>[\/vc_column_text][vc_column_text css=&#8221;.vc_custom_1657614555773{margin-top: 70px !important;}&#8221;]<\/p>\n<p style=\"text-align: center;\"><strong>&#8211;<\/strong><\/p>\n<p>[\/vc_column_text][vc_column_text css=&#8221;.vc_custom_1657614761937{margin-top: 70px !important;}&#8221;]<\/p>\n<p style=\"text-align: center;\"><strong>&#8211;<\/strong><\/p>\n<p>[\/vc_column_text][vc_column_text css=&#8221;.vc_custom_1657615762165{margin-top: 70px !important;}&#8221;]<\/p>\n<p style=\"text-align: center;\"><strong>&#8211;<\/strong><\/p>\n<p>[\/vc_column_text][vc_column_text css=&#8221;.vc_custom_1657616312904{margin-top: 45px !important;}&#8221;]<\/p>\n<p style=\"text-align: center;\"><strong>&#8211;<\/strong><\/p>\n<p>[\/vc_column_text][vc_column_text css=&#8221;.vc_custom_1657616290219{margin-top: 50px !important;}&#8221;]<\/p>\n<p style=\"text-align: center;\"><strong>&#8211;<\/strong><\/p>\n<p>[\/vc_column_text][vc_column_text css=&#8221;.vc_custom_1657616494277{margin-top: 45px !important;}&#8221;]<\/p>\n<p style=\"text-align: center;\"><strong>&#8211;<\/strong><\/p>\n<p>[\/vc_column_text][\/vc_column_inner][\/vc_row_inner][\/vc_column][\/vc_row]<\/p>\n","protected":false},"excerpt":{"rendered":"<p>[vc_row][vc_column width=&#8221;1\/3&#8243;][vc_single_image image=&#8221;7549&#8243; img_size=&#8221;full&#8221;][\/vc_column][vc_column width=&#8221;2\/3&#8243;][vc_custom_heading text=&#8221;Akikre b\u00fcszk\u00e9k vagyunk&#8221; font_container=&#8221;tag:h2|font_size:65px|text_align:left|color:%236d6d6d|line_height:90px&#8221; google_fonts=&#8221;font_family:Ubuntu%3A300%2C300italic%2Cregular%2Citalic%2C500%2C500italic%2C700%2C700italic|font_style:700%20bold%20regular%3A700%3Anormal&#8221; css_animation=&#8221;bounceIn&#8221; css=&#8221;.vc_custom_1627566136607{border-radius: 4px !important;}&#8221;][\/vc_column][\/vc_row][vc_row][vc_column][vc_custom_heading text=&#8221;Heller L\u00e1szl\u00f3 d\u00edj&#8221; css=&#8221;.vc_custom_1656321212681{margin-bottom: 30px !important;}&#8221;][vc_column_text]Az MKET eln\u00f6ks\u00e9ge \u00fagy hat\u00e1rozott 2008-ban, hogy a kapcsolt energiatermel\u00e9s magyarorsz\u00e1gi elterjeszt\u00e9se \u00e9rdek\u00e9ben kifejtett kimagasl\u00f3 tev\u00e9kenys\u00e9get a Heller L\u00e1szl\u00f3 d\u00edj \u00e9venk\u00e9nti oda\u00edt\u00e9l\u00e9s\u00e9vel is t\u00e1mogatni szeretn\u00e9. A d\u00edjat a be\u00e9rkezett javaslatok alapj\u00e1n a t\u00e1rsas\u00e1g eln\u00f6ks\u00e9ge \u00edt\u00e9li oda [&hellip;]<\/p>\n","protected":false},"author":1,"featured_media":0,"parent":0,"menu_order":0,"comment_status":"closed","ping_status":"closed","template":"","meta":{"footnotes":""},"class_list":["post-8559","page","type-page","status-publish","hentry"],"featured_image_urls":{"full":"","thumbnail":"","medium":"","medium_large":"","large":"","mt_1250x700":"","mt_320x480":"","mt_900x550":"","1536x1536":"","2048x2048":"","yankeewp_related_post_pic500x300":"","yankeewp_post_pic700x450":"","yankeewp_post_widget_pic100x100":"","yankeewp_530x600":"","yankeewp_1150x400":"","yankeewp_1420x140":"","yankeewp_testimonials_150x150":"","yankeewp_clients_160x90":"","yankeewp_portfolio01_390x275":"","yankeewp_blogpost01_1420x170":"","yankeewp_about_625x415":"","yankeewp_testimonials02_250x530":""},"post_excerpt_stackable":"<p>[vc_row][vc_column width=&#8221;1\/3&#8243;][vc_single_image image=&#8221;7549&#8243; img_size=&#8221;full&#8221;][\/vc_column][vc_column width=&#8221;2\/3&#8243;][vc_custom_heading text=&#8221;Akikre b\u00fcszk\u00e9k vagyunk&#8221; font_container=&#8221;tag:h2|font_size:65px|text_align:left|color:%236d6d6d|line_height:90px&#8221; google_fonts=&#8221;font_family:Ubuntu%3A300%2C300italic%2Cregular%2Citalic%2C500%2C500italic%2C700%2C700italic|font_style:700%20bold%20regular%3A700%3Anormal&#8221; css_animation=&#8221;bounceIn&#8221; css=&#8221;.vc_custom_1627566136607{border-radius: 4px !important;}&#8221;][\/vc_column][\/vc_row][vc_row][vc_column][vc_custom_heading text=&#8221;Heller L\u00e1szl\u00f3 d\u00edj&#8221; css=&#8221;.vc_custom_1656321212681{margin-bottom: 30px !important;}&#8221;][vc_column_text]Az MKET eln\u00f6ks\u00e9ge \u00fagy hat\u00e1rozott 2008-ban, hogy a kapcsolt energiatermel\u00e9s magyarorsz\u00e1gi elterjeszt\u00e9se \u00e9rdek\u00e9ben kifejtett kimagasl\u00f3 tev\u00e9kenys\u00e9get a Heller L\u00e1szl\u00f3 d\u00edj \u00e9venk\u00e9nti oda\u00edt\u00e9l\u00e9s\u00e9vel is t\u00e1mogatni szeretn\u00e9. A d\u00edjat a be\u00e9rkezett javaslatok alapj\u00e1n a t\u00e1rsas\u00e1g eln\u00f6ks\u00e9ge \u00edt\u00e9li oda minden \u00e9vben egy (k\u00fcl\u00f6nleges esetekben k\u00e9t) szem\u00e9ly r\u00e9sz\u00e9re. A d\u00edj kioszt\u00e1sa a t\u00e1rsas\u00e1g \u00e9ves konferenci\u00e1j\u00e1n (amennyiben az adott \u00e9vben nem rendez a t\u00e1rsas\u00e1g konferenci\u00e1t, akkor az \u00e9ves rendes k\u00f6zgy\u0171l\u00e9sen) t\u00f6rt\u00e9nik meg \u00fcnnep\u00e9lyes keretek k\u00f6z\u00f6tt. A d\u00edj a nev\u00e9t Heller L\u00e1szl\u00f3 egyetemi tan\u00e1rr\u00f3l, akad\u00e9mikusr\u00f3l, a magyar&hellip;<\/p>\n","category_list":"","author_info":{"name":"admin","url":"https:\/\/mket.hu\/index.php\/author\/admin\/"},"comments_num":"0 comments","yoast_head":"<!-- This site is optimized with the Yoast SEO plugin v22.0 - https:\/\/yoast.com\/wordpress\/plugins\/seo\/ -->\n<title>Akikre b\u00fcszk\u00e9k vagyunk - MKET<\/title>\n<meta name=\"robots\" content=\"index, follow, max-snippet:-1, max-image-preview:large, max-video-preview:-1\" \/>\n<link rel=\"canonical\" href=\"https:\/\/mket.hu\/index.php\/akikre-buszkek-vagyunk\/\" \/>\n<meta property=\"og:locale\" content=\"hu_HU\" \/>\n<meta property=\"og:type\" content=\"article\" \/>\n<meta property=\"og:title\" content=\"Akikre b\u00fcszk\u00e9k vagyunk - MKET\" \/>\n<meta property=\"og:description\" content=\"[vc_row][vc_column width=&#8221;1\/3&#8243;][vc_single_image image=&#8221;7549&#8243; img_size=&#8221;full&#8221;][\/vc_column][vc_column width=&#8221;2\/3&#8243;][vc_custom_heading text=&#8221;Akikre b\u00fcszk\u00e9k vagyunk&#8221; font_container=&#8221;tag:h2|font_size:65px|text_align:left|color:%236d6d6d|line_height:90px&#8221; google_fonts=&#8221;font_family:Ubuntu%3A300%2C300italic%2Cregular%2Citalic%2C500%2C500italic%2C700%2C700italic|font_style:700%20bold%20regular%3A700%3Anormal&#8221; css_animation=&#8221;bounceIn&#8221; css=&#8221;.vc_custom_1627566136607{border-radius: 4px !important;}&#8221;][\/vc_column][\/vc_row][vc_row][vc_column][vc_custom_heading text=&#8221;Heller L\u00e1szl\u00f3 d\u00edj&#8221; css=&#8221;.vc_custom_1656321212681{margin-bottom: 30px !important;}&#8221;][vc_column_text]Az MKET eln\u00f6ks\u00e9ge \u00fagy hat\u00e1rozott 2008-ban, hogy a kapcsolt energiatermel\u00e9s magyarorsz\u00e1gi elterjeszt\u00e9se \u00e9rdek\u00e9ben kifejtett kimagasl\u00f3 tev\u00e9kenys\u00e9get a Heller L\u00e1szl\u00f3 d\u00edj \u00e9venk\u00e9nti oda\u00edt\u00e9l\u00e9s\u00e9vel is t\u00e1mogatni szeretn\u00e9. A d\u00edjat a be\u00e9rkezett javaslatok alapj\u00e1n a t\u00e1rsas\u00e1g eln\u00f6ks\u00e9ge \u00edt\u00e9li oda [&hellip;]\" \/>\n<meta property=\"og:url\" content=\"https:\/\/mket.hu\/index.php\/akikre-buszkek-vagyunk\/\" \/>\n<meta property=\"og:site_name\" content=\"MKET\" \/>\n<meta property=\"article:modified_time\" content=\"2025-11-17T15:20:46+00:00\" \/>\n<meta property=\"og:image\" content=\"https:\/\/mket.hu\/wp-content\/uploads\/2025\/11\/480199564_644397618129306_2058831031527628536_n-300x200.jpg\" \/>\n<meta name=\"twitter:card\" content=\"summary_large_image\" \/>\n<meta name=\"twitter:label1\" content=\"Becs\u00fclt olvas\u00e1si id\u0151\" \/>\n\t<meta name=\"twitter:data1\" content=\"9 perc\" \/>\n<script type=\"application\/ld+json\" class=\"yoast-schema-graph\">{\"@context\":\"https:\/\/schema.org\",\"@graph\":[{\"@type\":\"WebPage\",\"@id\":\"https:\/\/mket.hu\/index.php\/akikre-buszkek-vagyunk\/\",\"url\":\"https:\/\/mket.hu\/index.php\/akikre-buszkek-vagyunk\/\",\"name\":\"Akikre b\u00fcszk\u00e9k vagyunk - MKET\",\"isPartOf\":{\"@id\":\"https:\/\/mket.hu\/#website\"},\"datePublished\":\"2021-07-29T13:40:23+00:00\",\"dateModified\":\"2025-11-17T15:20:46+00:00\",\"breadcrumb\":{\"@id\":\"https:\/\/mket.hu\/index.php\/akikre-buszkek-vagyunk\/#breadcrumb\"},\"inLanguage\":\"hu\",\"potentialAction\":[{\"@type\":\"ReadAction\",\"target\":[\"https:\/\/mket.hu\/index.php\/akikre-buszkek-vagyunk\/\"]}]},{\"@type\":\"BreadcrumbList\",\"@id\":\"https:\/\/mket.hu\/index.php\/akikre-buszkek-vagyunk\/#breadcrumb\",\"itemListElement\":[{\"@type\":\"ListItem\",\"position\":1,\"name\":\"Kezd\u0151lap\",\"item\":\"https:\/\/mket.hu\/\"},{\"@type\":\"ListItem\",\"position\":2,\"name\":\"Akikre b\u00fcszk\u00e9k vagyunk\"}]},{\"@type\":\"WebSite\",\"@id\":\"https:\/\/mket.hu\/#website\",\"url\":\"https:\/\/mket.hu\/\",\"name\":\"MKET\",\"description\":\"Magyar Kapcsolt Energia T\u00e1rsas\u00e1g\",\"potentialAction\":[{\"@type\":\"SearchAction\",\"target\":{\"@type\":\"EntryPoint\",\"urlTemplate\":\"https:\/\/mket.hu\/?s={search_term_string}\"},\"query-input\":\"required name=search_term_string\"}],\"inLanguage\":\"hu\"}]}<\/script>\n<!-- \/ Yoast SEO plugin. -->","yoast_head_json":{"title":"Akikre b\u00fcszk\u00e9k vagyunk - MKET","robots":{"index":"index","follow":"follow","max-snippet":"max-snippet:-1","max-image-preview":"max-image-preview:large","max-video-preview":"max-video-preview:-1"},"canonical":"https:\/\/mket.hu\/index.php\/akikre-buszkek-vagyunk\/","og_locale":"hu_HU","og_type":"article","og_title":"Akikre b\u00fcszk\u00e9k vagyunk - MKET","og_description":"[vc_row][vc_column width=&#8221;1\/3&#8243;][vc_single_image image=&#8221;7549&#8243; img_size=&#8221;full&#8221;][\/vc_column][vc_column width=&#8221;2\/3&#8243;][vc_custom_heading text=&#8221;Akikre b\u00fcszk\u00e9k vagyunk&#8221; font_container=&#8221;tag:h2|font_size:65px|text_align:left|color:%236d6d6d|line_height:90px&#8221; google_fonts=&#8221;font_family:Ubuntu%3A300%2C300italic%2Cregular%2Citalic%2C500%2C500italic%2C700%2C700italic|font_style:700%20bold%20regular%3A700%3Anormal&#8221; css_animation=&#8221;bounceIn&#8221; css=&#8221;.vc_custom_1627566136607{border-radius: 4px !important;}&#8221;][\/vc_column][\/vc_row][vc_row][vc_column][vc_custom_heading text=&#8221;Heller L\u00e1szl\u00f3 d\u00edj&#8221; css=&#8221;.vc_custom_1656321212681{margin-bottom: 30px !important;}&#8221;][vc_column_text]Az MKET eln\u00f6ks\u00e9ge \u00fagy hat\u00e1rozott 2008-ban, hogy a kapcsolt energiatermel\u00e9s magyarorsz\u00e1gi elterjeszt\u00e9se \u00e9rdek\u00e9ben kifejtett kimagasl\u00f3 tev\u00e9kenys\u00e9get a Heller L\u00e1szl\u00f3 d\u00edj \u00e9venk\u00e9nti oda\u00edt\u00e9l\u00e9s\u00e9vel is t\u00e1mogatni szeretn\u00e9. A d\u00edjat a be\u00e9rkezett javaslatok alapj\u00e1n a t\u00e1rsas\u00e1g eln\u00f6ks\u00e9ge \u00edt\u00e9li oda [&hellip;]","og_url":"https:\/\/mket.hu\/index.php\/akikre-buszkek-vagyunk\/","og_site_name":"MKET","article_modified_time":"2025-11-17T15:20:46+00:00","og_image":[{"url":"https:\/\/mket.hu\/wp-content\/uploads\/2025\/11\/480199564_644397618129306_2058831031527628536_n-300x200.jpg"}],"twitter_card":"summary_large_image","twitter_misc":{"Becs\u00fclt olvas\u00e1si id\u0151":"9 perc"},"schema":{"@context":"https:\/\/schema.org","@graph":[{"@type":"WebPage","@id":"https:\/\/mket.hu\/index.php\/akikre-buszkek-vagyunk\/","url":"https:\/\/mket.hu\/index.php\/akikre-buszkek-vagyunk\/","name":"Akikre b\u00fcszk\u00e9k vagyunk - MKET","isPartOf":{"@id":"https:\/\/mket.hu\/#website"},"datePublished":"2021-07-29T13:40:23+00:00","dateModified":"2025-11-17T15:20:46+00:00","breadcrumb":{"@id":"https:\/\/mket.hu\/index.php\/akikre-buszkek-vagyunk\/#breadcrumb"},"inLanguage":"hu","potentialAction":[{"@type":"ReadAction","target":["https:\/\/mket.hu\/index.php\/akikre-buszkek-vagyunk\/"]}]},{"@type":"BreadcrumbList","@id":"https:\/\/mket.hu\/index.php\/akikre-buszkek-vagyunk\/#breadcrumb","itemListElement":[{"@type":"ListItem","position":1,"name":"Kezd\u0151lap","item":"https:\/\/mket.hu\/"},{"@type":"ListItem","position":2,"name":"Akikre b\u00fcszk\u00e9k vagyunk"}]},{"@type":"WebSite","@id":"https:\/\/mket.hu\/#website","url":"https:\/\/mket.hu\/","name":"MKET","description":"Magyar Kapcsolt Energia T\u00e1rsas\u00e1g","potentialAction":[{"@type":"SearchAction","target":{"@type":"EntryPoint","urlTemplate":"https:\/\/mket.hu\/?s={search_term_string}"},"query-input":"required name=search_term_string"}],"inLanguage":"hu"}]}},"_links":{"self":[{"href":"https:\/\/mket.hu\/index.php\/wp-json\/wp\/v2\/pages\/8559","targetHints":{"allow":["GET"]}}],"collection":[{"href":"https:\/\/mket.hu\/index.php\/wp-json\/wp\/v2\/pages"}],"about":[{"href":"https:\/\/mket.hu\/index.php\/wp-json\/wp\/v2\/types\/page"}],"author":[{"embeddable":true,"href":"https:\/\/mket.hu\/index.php\/wp-json\/wp\/v2\/users\/1"}],"replies":[{"embeddable":true,"href":"https:\/\/mket.hu\/index.php\/wp-json\/wp\/v2\/comments?post=8559"}],"version-history":[{"count":22,"href":"https:\/\/mket.hu\/index.php\/wp-json\/wp\/v2\/pages\/8559\/revisions"}],"predecessor-version":[{"id":9101,"href":"https:\/\/mket.hu\/index.php\/wp-json\/wp\/v2\/pages\/8559\/revisions\/9101"}],"wp:attachment":[{"href":"https:\/\/mket.hu\/index.php\/wp-json\/wp\/v2\/media?parent=8559"}],"curies":[{"name":"wp","href":"https:\/\/api.w.org\/{rel}","templated":true}]}}