{"id":8769,"date":"2022-07-26T17:49:27","date_gmt":"2022-07-26T17:49:27","guid":{"rendered":"https:\/\/mket.hu\/?page_id=8769"},"modified":"2026-02-09T08:38:39","modified_gmt":"2026-02-09T08:38:39","slug":"hirek-es-aktualitasok","status":"publish","type":"page","link":"https:\/\/mket.hu\/index.php\/hirek-es-aktualitasok\/","title":{"rendered":"H\u00edrek \u00e9s Aktualit\u00e1sok"},"content":{"rendered":"<p>[vc_row][vc_column width=&#8221;1\/3&#8243;][vc_single_image image=&#8221;7549&#8243; img_size=&#8221;full&#8221; css=&#8221;.vc_custom_1658855102406{margin-top: 20px !important;}&#8221;][\/vc_column][vc_column width=&#8221;2\/3&#8243;][vc_custom_heading text=&#8221;H\u00edrek \u00e9s Aktualit\u00e1sok&#8221; font_container=&#8221;tag:h2|font_size:65px|text_align:left|color:%236d6d6d|line_height:90px&#8221; google_fonts=&#8221;font_family:Ubuntu%3A300%2C300italic%2Cregular%2Citalic%2C500%2C500italic%2C700%2C700italic|font_style:700%20bold%20regular%3A700%3Anormal&#8221; css_animation=&#8221;bounceIn&#8221; css=&#8221;.vc_custom_1658857865366{border-radius: 4px !important;}&#8221;][vc_row_inner][vc_column_inner][\/vc_column_inner][\/vc_row_inner][\/vc_column][\/vc_row][vc_row][vc_column][vc_row_inner][vc_column_inner][vc_column_text]<\/p>\n<div class=\"xdj266r x14z9mp xat24cr x1lziwak x1vvkbs x126k92a\">\n<div dir=\"auto\"><\/div>\n<div dir=\"auto\"><\/div>\n<div dir=\"auto\"><img loading=\"lazy\" decoding=\"async\" class=\"alignnone wp-image-9150\" src=\"https:\/\/mket.hu\/wp-content\/uploads\/2026\/02\/Kepernyofoto-2026-02-09-9.37.22-300x165.png\" alt=\"\" width=\"534\" height=\"294\" srcset=\"https:\/\/mket.hu\/wp-content\/uploads\/2026\/02\/Kepernyofoto-2026-02-09-9.37.22-300x165.png 300w, https:\/\/mket.hu\/wp-content\/uploads\/2026\/02\/Kepernyofoto-2026-02-09-9.37.22-1024x564.png 1024w, https:\/\/mket.hu\/wp-content\/uploads\/2026\/02\/Kepernyofoto-2026-02-09-9.37.22-768x423.png 768w, https:\/\/mket.hu\/wp-content\/uploads\/2026\/02\/Kepernyofoto-2026-02-09-9.37.22-1536x847.png 1536w, https:\/\/mket.hu\/wp-content\/uploads\/2026\/02\/Kepernyofoto-2026-02-09-9.37.22.png 1542w\" sizes=\"auto, (max-width: 534px) 100vw, 534px\" \/><\/div>\n<\/div>\n<div dir=\"auto\"><\/div>\n<div dir=\"auto\"><\/div>\n<div dir=\"auto\"><\/div>\n<div dir=\"auto\"><\/div>\n<div class=\"xdj266r x14z9mp xat24cr x1lziwak x1vvkbs x126k92a\">\n<div dir=\"auto\">\n<div class=\"xdj266r x14z9mp xat24cr x1lziwak x1vvkbs x126k92a\">\n<div dir=\"auto\">\u00d6r\u00f6mmel osztjuk meg a h\u00edrt!<\/div>\n<\/div>\n<div class=\"x14z9mp xat24cr x1lziwak x1vvkbs xtlvy1s x126k92a\">\n<div dir=\"auto\">A Magyar Kapcsolt Energia T\u00e1rsas\u00e1g t\u00e1mogat\u00e1st nyert a Nemzetgazdas\u00e1gi Miniszt\u00e9rium \u00dczleti K\u00f6rnyezet Fejleszt\u00e9si Programj\u00e1ban \u201eEnergiak\u00f6z\u00f6ss\u00e9gi tud\u00e1smegoszt\u00e1s \u00e9s k\u00e9pess\u00e9gfejleszt\u00e9s\u201d projektj\u00e9vel.<\/div>\n<\/div>\n<div class=\"x14z9mp xat24cr x1lziwak x1vvkbs xtlvy1s x126k92a\">\n<div dir=\"auto\">A projekt keret\u00e9ben orsz\u00e1gos szakmai rendezv\u00e9nysorozatot ind\u00edtunk a V\u00e1llalkoz\u00f3k \u00e9s Munk\u00e1ltat\u00f3k Orsz\u00e1gos Sz\u00f6vets\u00e9g\u00e9vel (VOSZ) egy\u00fcttm\u0171k\u00f6d\u00e9sben, ahol gyakorlati p\u00e9ld\u00e1kon \u00e9s szak\u00e9rt\u0151i el\u0151ad\u00e1sokon kereszt\u00fcl mutatjuk be az energiak\u00f6z\u00f6ss\u00e9gek m\u0171k\u00f6d\u00e9s\u00e9t \u00e9s lehet\u0151s\u00e9geit.<\/div>\n<\/div>\n<div class=\"x14z9mp xat24cr x1lziwak x1vvkbs xtlvy1s x126k92a\">\n<div dir=\"auto\">C\u00e9lunk, hogy val\u00f3di tud\u00e1st, kipr\u00f3b\u00e1lt m\u00f3dszereket \u00e9s \u00e9rt\u00e9kes szakmai kapcsolatokat adjunk a hazai KKV-k kez\u00e9be, t\u00e1mogatva \u0151ket a z\u00f6ld, fenntarthat\u00f3 \u00e9s k\u00f6lts\u00e9ghat\u00e9kony energetikai megold\u00e1sok elind\u00edt\u00e1s\u00e1ban.<\/div>\n<\/div>\n<div class=\"x14z9mp xat24cr x1lziwak x1vvkbs xtlvy1s x126k92a\">\n<div dir=\"auto\">K\u00f6vess\u00e9k esem\u00e9nyeinket, \u00e9s \u00e9p\u00edts\u00fck egy\u00fctt Magyarorsz\u00e1g j\u00f6v\u0151 energiak\u00f6z\u00f6ss\u00e9geit! <span class=\"html-span xexx8yu xyri2b x18d9i69 x1c1uobl x1hl2dhg x16tdsg8 x1vvkbs x3nfvp2 x1j61x8r x1fcty0u xdj266r xat24cr xm2jcoa x1mpyi22 xxymvpz xlup9mm x1kky2od\"><img loading=\"lazy\" decoding=\"async\" class=\"xz74otr x15mokao x1ga7v0g x16uus16 xbiv7yw\" src=\"https:\/\/static.xx.fbcdn.net\/images\/emoji.php\/v9\/t8\/2\/16\/1f331.png\" alt=\"\ud83c\udf31\" width=\"16\" height=\"16\" \/><\/span><span class=\"html-span xexx8yu xyri2b x18d9i69 x1c1uobl x1hl2dhg x16tdsg8 x1vvkbs x3nfvp2 x1j61x8r x1fcty0u xdj266r xat24cr xm2jcoa x1mpyi22 xxymvpz xlup9mm x1kky2od\"><img loading=\"lazy\" decoding=\"async\" class=\"xz74otr x15mokao x1ga7v0g x16uus16 xbiv7yw\" src=\"https:\/\/static.xx.fbcdn.net\/images\/emoji.php\/v9\/tde\/2\/16\/26a1.png\" alt=\"\u26a1\" width=\"16\" height=\"16\" \/><\/span><\/div>\n<\/div>\n<\/div>\n<div dir=\"auto\"><\/div>\n<div dir=\"auto\"><\/div>\n<div dir=\"auto\"><\/div>\n<div dir=\"auto\"><\/div>\n<div dir=\"auto\"><\/div>\n<div dir=\"auto\"><\/div>\n<div dir=\"auto\"><\/div>\n<div dir=\"auto\"><span class=\"html-span xexx8yu xyri2b x18d9i69 x1c1uobl x1hl2dhg x16tdsg8 x1vvkbs x3nfvp2 x1j61x8r x1fcty0u xdj266r xat24cr xm2jcoa x1mpyi22 xxymvpz xlup9mm x1kky2od\"><br \/>\n<img loading=\"lazy\" decoding=\"async\" class=\"alignnone size-medium wp-image-9095\" src=\"https:\/\/mket.hu\/wp-content\/uploads\/2025\/10\/566231704_832118576023875_3751627893053030172_n-300x255.jpg\" alt=\"\" width=\"300\" height=\"255\" srcset=\"https:\/\/mket.hu\/wp-content\/uploads\/2025\/10\/566231704_832118576023875_3751627893053030172_n-300x255.jpg 300w, https:\/\/mket.hu\/wp-content\/uploads\/2025\/10\/566231704_832118576023875_3751627893053030172_n-1024x870.jpg 1024w, https:\/\/mket.hu\/wp-content\/uploads\/2025\/10\/566231704_832118576023875_3751627893053030172_n-768x653.jpg 768w, https:\/\/mket.hu\/wp-content\/uploads\/2025\/10\/566231704_832118576023875_3751627893053030172_n.jpg 1134w\" sizes=\"auto, (max-width: 300px) 100vw, 300px\" \/><br \/>\n<img loading=\"lazy\" decoding=\"async\" class=\"xz74otr x15mokao x1ga7v0g x16uus16 xbiv7yw\" src=\"https:\/\/static.xx.fbcdn.net\/images\/emoji.php\/v9\/te\/2\/16\/2699.png\" alt=\"\u2699\ufe0f\" width=\"16\" height=\"16\" \/><\/span> ABB Turbochargers az energetik\u00e1ban \u2013 f\u00f3kuszban a karbantart\u00e1s, a biztons\u00e1g \u00e9s a megel\u0151z\u00e9s<\/div>\n<\/div>\n<div class=\"x14z9mp xat24cr x1lziwak x1vvkbs xtlvy1s x126k92a\">\n<div dir=\"auto\">A legut\u00f3bbi szakmai esem\u00e9nyen az ABB Turbocharging (Accelleron Industries) tartott \u00e1tfog\u00f3 el\u0151ad\u00e1st az energetikai szektorban haszn\u00e1lt turb\u00f3felt\u00f6lt\u0151k szerep\u00e9r\u0151l, karbantart\u00e1s\u00e1r\u00f3l \u00e9s biztons\u00e1g\u00e1r\u00f3l.<\/div>\n<div dir=\"auto\">A prezent\u00e1ci\u00f3 c\u00e9lja az volt, hogy megmutassa, hogyan n\u00f6velhet\u0151 a berendez\u00e9sek teljes\u00edtm\u00e9nye \u00e9s \u00e9lettartama a tudatos \u00fczemeltet\u00e9s \u00e9s hibamegel\u0151z\u00e9s r\u00e9v\u00e9n.<\/div>\n<\/div>\n<div class=\"x14z9mp xat24cr x1lziwak x1vvkbs xtlvy1s x126k92a\">\n<div dir=\"auto\"><span class=\"html-span xexx8yu xyri2b x18d9i69 x1c1uobl x1hl2dhg x16tdsg8 x1vvkbs x3nfvp2 x1j61x8r x1fcty0u xdj266r xat24cr xm2jcoa x1mpyi22 xxymvpz xlup9mm x1kky2od\"><img loading=\"lazy\" decoding=\"async\" class=\"xz74otr x15mokao x1ga7v0g x16uus16 xbiv7yw\" src=\"https:\/\/static.xx.fbcdn.net\/images\/emoji.php\/v9\/t92\/2\/16\/1f539.png\" alt=\"\ud83d\udd39\" width=\"16\" height=\"16\" \/><\/span> Az el\u0151ad\u00e1s f\u0151bb t\u00e9m\u00e1i<\/div>\n<\/div>\n<div class=\"x14z9mp xat24cr x1lziwak x1vvkbs xtlvy1s x126k92a\">\n<div dir=\"auto\">Az el\u0151ad\u00e1s elej\u00e9n bemutatt\u00e1k az Accelleron glob\u00e1lis jelenl\u00e9t\u00e9t:<\/div>\n<\/div>\n<div class=\"x14z9mp xat24cr x1lziwak x1vvkbs xtlvy1s x126k92a\">\n<div dir=\"auto\">t\u00f6bb mint 6 000 \u00fcgyf\u00e9l,<\/div>\n<\/div>\n<div class=\"x14z9mp xat24cr x1lziwak x1vvkbs xtlvy1s x126k92a\">\n<div dir=\"auto\">100 szerviz\u00e1llom\u00e1s vil\u00e1gszerte,<\/div>\n<\/div>\n<div class=\"x14z9mp xat24cr x1lziwak x1vvkbs xtlvy1s x126k92a\">\n<div dir=\"auto\">50 orsz\u00e1gban,<\/div>\n<\/div>\n<div class=\"x14z9mp xat24cr x1lziwak x1vvkbs xtlvy1s x126k92a\">\n<div dir=\"auto\">\u00e9s 1 200 magasan k\u00e9pzett szakember dolgozik azon, hogy a turb\u00f3felt\u00f6lt\u0151k folyamatosan a legmagasabb teljes\u00edtm\u00e9nyt ny\u00fajts\u00e1k.<\/div>\n<\/div>\n<div class=\"x14z9mp xat24cr x1lziwak x1vvkbs xtlvy1s x126k92a\">\n<div dir=\"auto\">A technikai r\u00e9sz a turb\u00f3felt\u00f6lt\u00e9s alapelv\u00e9vel indult:<\/div>\n<div dir=\"auto\">a kipufog\u00f3g\u00e1z marad\u00e9k energi\u00e1j\u00e1t haszn\u00e1lj\u00e1k fel a friss leveg\u0151 s\u0171r\u00edt\u00e9s\u00e9re, \u00edgy n\u00f6velve a motor hat\u00e1sfok\u00e1t.<\/div>\n<div dir=\"auto\">Ennek k\u00f6sz\u00f6nhet\u0151en a modern rendszerek ak\u00e1r:<\/div>\n<\/div>\n<div class=\"x14z9mp xat24cr x1lziwak x1vvkbs xtlvy1s x126k92a\">\n<div dir=\"auto\">300%-kal nagyobb teljes\u00edtm\u00e9nyt,<\/div>\n<\/div>\n<div class=\"x14z9mp xat24cr x1lziwak x1vvkbs xtlvy1s x126k92a\">\n<div dir=\"auto\">10%-kal alacsonyabb \u00fczemanyag-fogyaszt\u00e1st,<\/div>\n<\/div>\n<div class=\"x14z9mp xat24cr x1lziwak x1vvkbs xtlvy1s x126k92a\">\n<div dir=\"auto\">\u00e9s ak\u00e1r 60%-kal alacsonyabb NOx-kibocs\u00e1t\u00e1st is biztos\u00edthatnak.<\/div>\n<\/div>\n<div class=\"x14z9mp xat24cr x1lziwak x1vvkbs xtlvy1s x126k92a\">\n<div dir=\"auto\"><span class=\"html-span xexx8yu xyri2b x18d9i69 x1c1uobl x1hl2dhg x16tdsg8 x1vvkbs x3nfvp2 x1j61x8r x1fcty0u xdj266r xat24cr xm2jcoa x1mpyi22 xxymvpz xlup9mm x1kky2od\"><img loading=\"lazy\" decoding=\"async\" class=\"xz74otr x15mokao x1ga7v0g x16uus16 xbiv7yw\" src=\"https:\/\/static.xx.fbcdn.net\/images\/emoji.php\/v9\/ta4\/2\/16\/1f9e9.png\" alt=\"\ud83e\udde9\" width=\"16\" height=\"16\" \/><\/span> Kiemelt m\u0171szaki t\u00e9m\u00e1k<\/div>\n<\/div>\n<div class=\"x14z9mp xat24cr x1lziwak x1vvkbs xtlvy1s x126k92a\">\n<div dir=\"auto\">Az el\u0151ad\u00e1s r\u00e1vil\u00e1g\u00edtott a turb\u00f3felt\u00f6lt\u0151k m\u0171k\u00f6d\u00e9s\u00e9t befoly\u00e1sol\u00f3 kulcst\u00e9nyez\u0151kre:<\/div>\n<\/div>\n<div class=\"x14z9mp xat24cr x1lziwak x1vvkbs xtlvy1s x126k92a\">\n<div dir=\"auto\">a kompresszor \u00e9s turbina teljes\u00edtm\u00e9nyar\u00e1nyaira,<\/div>\n<\/div>\n<div class=\"x14z9mp xat24cr x1lziwak x1vvkbs xtlvy1s x126k92a\">\n<div dir=\"auto\">a mechanikai egyens\u00faly fontoss\u00e1g\u00e1ra,<\/div>\n<\/div>\n<div class=\"x14z9mp xat24cr x1lziwak x1vvkbs xtlvy1s x126k92a\">\n<div dir=\"auto\">a kop\u00e1s, anyagf\u00e1rad\u00e1s \u00e9s h\u0151hat\u00e1sok okozta k\u00e1rosod\u00e1sokra,<\/div>\n<\/div>\n<div class=\"x14z9mp xat24cr x1lziwak x1vvkbs xtlvy1s x126k92a\">\n<div dir=\"auto\">valamint a forg\u00f3r\u00e9szek extr\u00e9m terhel\u00e9s\u00e9re.<\/div>\n<\/div>\n<div class=\"x14z9mp xat24cr x1lziwak x1vvkbs xtlvy1s x126k92a\">\n<div dir=\"auto\">P\u00e9ld\u00e1ul a TPS57 t\u00edpus\u00fa rotor eset\u00e9ben a lap\u00e1tv\u00e9g sebess\u00e9ge el\u00e9ri az 550 m\/s-ot (\u2248 2 000 km\/h), a fordulatsz\u00e1m pedig 42 000 rpm, ami 62 tonn\u00e1s centrifug\u00e1lis er\u0151t jelent egyetlen lap\u00e1tra.<\/div>\n<div dir=\"auto\">Ekkora terhel\u00e9s mellett a legkisebb egyens\u00falytalans\u00e1g is s\u00falyos meghib\u00e1sod\u00e1shoz vezethet \u2013 \u00e9ppen ez\u00e9rt a prec\u00edzi\u00f3s kiegyens\u00falyoz\u00e1s \u00e9s a gy\u00e1ri karbantart\u00e1s kiemelten fontos.<\/div>\n<\/div>\n<div class=\"x14z9mp xat24cr x1lziwak x1vvkbs xtlvy1s x126k92a\">\n<div dir=\"auto\"><span class=\"html-span xexx8yu xyri2b x18d9i69 x1c1uobl x1hl2dhg x16tdsg8 x1vvkbs x3nfvp2 x1j61x8r x1fcty0u xdj266r xat24cr xm2jcoa x1mpyi22 xxymvpz xlup9mm x1kky2od\"><img loading=\"lazy\" decoding=\"async\" class=\"xz74otr x15mokao x1ga7v0g x16uus16 xbiv7yw\" src=\"https:\/\/static.xx.fbcdn.net\/images\/emoji.php\/v9\/td9\/2\/16\/1f6e1.png\" alt=\"\ud83d\udee1\ufe0f\" width=\"16\" height=\"16\" \/><\/span> SIKO \u2013 Safety Design Concept<\/div>\n<\/div>\n<div class=\"x14z9mp xat24cr x1lziwak x1vvkbs xtlvy1s x126k92a\">\n<div dir=\"auto\">Az ABB \u00e1ltal kidolgozott SIKO biztons\u00e1gi koncepci\u00f3 c\u00e9lja, hogy kisz\u00e1m\u00edtott, el\u0151re tervezett csereintervallumokat hat\u00e1rozzon meg a turbina- \u00e9s kompresszorkerekek sz\u00e1m\u00e1ra.<\/div>\n<div dir=\"auto\">Ez a megk\u00f6zel\u00edt\u00e9s:<\/div>\n<\/div>\n<div class=\"x14z9mp xat24cr x1lziwak x1vvkbs xtlvy1s x126k92a\">\n<div dir=\"auto\">megel\u0151zi a f\u00e1rad\u00e1sos t\u00f6r\u00e9seket,<\/div>\n<\/div>\n<div class=\"x14z9mp xat24cr x1lziwak x1vvkbs xtlvy1s x126k92a\">\n<div dir=\"auto\">cs\u00f6kkenti a v\u00e1ratlan le\u00e1ll\u00e1sok kock\u00e1zat\u00e1t,<\/div>\n<\/div>\n<div class=\"x14z9mp xat24cr x1lziwak x1vvkbs xtlvy1s x126k92a\">\n<div dir=\"auto\">\u00e9s biztos\u00edtja az \u00fczemi megb\u00edzhat\u00f3s\u00e1got.<\/div>\n<\/div>\n<div class=\"x14z9mp xat24cr x1lziwak x1vvkbs xtlvy1s x126k92a\">\n<div dir=\"auto\">A rendszeres szervizel\u00e9s \u00edgy nemcsak biztons\u00e1gi, hanem gazdas\u00e1gi el\u0151ny\u00f6kkel is j\u00e1r, hiszen cs\u00f6kkenti az \u00e1ll\u00e1sid\u0151t \u00e9s optimaliz\u00e1lja az energiahat\u00e9konys\u00e1got.<\/div>\n<\/div>\n<div class=\"x14z9mp xat24cr x1lziwak x1vvkbs xtlvy1s x126k92a\">\n<div dir=\"auto\"><span class=\"html-span xexx8yu xyri2b x18d9i69 x1c1uobl x1hl2dhg x16tdsg8 x1vvkbs x3nfvp2 x1j61x8r x1fcty0u xdj266r xat24cr xm2jcoa x1mpyi22 xxymvpz xlup9mm x1kky2od\"><img loading=\"lazy\" decoding=\"async\" class=\"xz74otr x15mokao x1ga7v0g x16uus16 xbiv7yw\" src=\"https:\/\/static.xx.fbcdn.net\/images\/emoji.php\/v9\/tf1\/2\/16\/1f527.png\" alt=\"\ud83d\udd27\" width=\"16\" height=\"16\" \/><\/span> Tipikus hib\u00e1k \u00e9s megel\u0151z\u00e9s<\/div>\n<\/div>\n<div class=\"x14z9mp xat24cr x1lziwak x1vvkbs xtlvy1s x126k92a\">\n<div dir=\"auto\">A prezent\u00e1ci\u00f3 gyakorlati p\u00e9ld\u00e1kat is bemutatott:<\/div>\n<\/div>\n<div class=\"x14z9mp xat24cr x1lziwak x1vvkbs xtlvy1s x126k92a\">\n<div dir=\"auto\">a h\u0151terhel\u00e9sb\u0151l ad\u00f3d\u00f3 oxid\u00e1ci\u00f3 (scaling) a turbina alkatr\u00e9szein,<\/div>\n<\/div>\n<div class=\"x14z9mp xat24cr x1lziwak x1vvkbs xtlvy1s x126k92a\">\n<div dir=\"auto\">az olajkokszosod\u00e1s, amely a dugatty\u00fagy\u0171r\u0171k meghib\u00e1sod\u00e1s\u00e1hoz vezethet,<\/div>\n<\/div>\n<div class=\"x14z9mp xat24cr x1lziwak x1vvkbs xtlvy1s x126k92a\">\n<div dir=\"auto\">az egyens\u00falyveszt\u00e9s \u00e9s kop\u00e1s, amely fokozatos teljes\u00edtm\u00e9nycs\u00f6kken\u00e9st okoz.<\/div>\n<\/div>\n<div class=\"x14z9mp xat24cr x1lziwak x1vvkbs xtlvy1s x126k92a\">\n<div dir=\"auto\">Az ABB szakemberei hangs\u00falyozt\u00e1k: a teljes\u00edtm\u00e9ny az els\u0151 n\u00e9h\u00e1ny sz\u00e1z \u00fczem\u00f3ra ut\u00e1n enyh\u00e9n n\u0151, majd fokozatosan cs\u00f6kken \u2013 ennek \u00fctem\u00e9t a karbantart\u00e1s \u00e9s a komponenscsere k\u00e9pes optimaliz\u00e1lni.<\/div>\n<\/div>\n<div class=\"x14z9mp xat24cr x1lziwak x1vvkbs xtlvy1s x126k92a\">\n<div dir=\"auto\"><span class=\"html-span xexx8yu xyri2b x18d9i69 x1c1uobl x1hl2dhg x16tdsg8 x1vvkbs x3nfvp2 x1j61x8r x1fcty0u xdj266r xat24cr xm2jcoa x1mpyi22 xxymvpz xlup9mm x1kky2od\"><img loading=\"lazy\" decoding=\"async\" class=\"xz74otr x15mokao x1ga7v0g x16uus16 xbiv7yw\" src=\"https:\/\/static.xx.fbcdn.net\/images\/emoji.php\/v9\/t30\/2\/16\/1f504.png\" alt=\"\ud83d\udd04\" width=\"16\" height=\"16\" \/><\/span> Moderniz\u00e1ci\u00f3 \u00e9s fejleszt\u00e9s<\/div>\n<\/div>\n<div class=\"x14z9mp xat24cr x1lziwak x1vvkbs xtlvy1s x126k92a\">\n<div dir=\"auto\">Az el\u0151ad\u00e1s z\u00e1r\u00f3 szakasz\u00e1ban az alkatr\u00e9szfejleszt\u00e9sek \u00e9s upgrade-megold\u00e1sok ker\u00fcltek el\u0151t\u00e9rbe:<\/div>\n<div dir=\"auto\">a kompresszor fokozatok korszer\u0171s\u00edt\u00e9s\u00e9vel \u00e9s \u00faj anyaghaszn\u00e1lattal tov\u00e1bbi teljes\u00edtm\u00e9nyjavul\u00e1s \u00e9s \u00e9lettartam-n\u00f6veked\u00e9s \u00e9rhet\u0151 el, a megl\u00e9v\u0151 rendszerek stabilit\u00e1s\u00e1nak megtart\u00e1sa mellett.<\/div>\n<\/div>\n<div class=\"x14z9mp xat24cr x1lziwak x1vvkbs xtlvy1s x126k92a\">\n<div dir=\"auto\"><span class=\"html-span xexx8yu xyri2b x18d9i69 x1c1uobl x1hl2dhg x16tdsg8 x1vvkbs x3nfvp2 x1j61x8r x1fcty0u xdj266r xat24cr xm2jcoa x1mpyi22 xxymvpz xlup9mm x1kky2od\"><img loading=\"lazy\" decoding=\"async\" class=\"xz74otr x15mokao x1ga7v0g x16uus16 xbiv7yw\" src=\"https:\/\/static.xx.fbcdn.net\/images\/emoji.php\/v9\/tde\/2\/16\/1f6a2.png\" alt=\"\ud83d\udea2\" width=\"16\" height=\"16\" \/><\/span> A program z\u00e1r\u00e1sa<\/div>\n<\/div>\n<div class=\"x14z9mp xat24cr x1lziwak x1vvkbs xtlvy1s x126k92a\">\n<div dir=\"auto\">Az el\u0151ad\u00e1st interakt\u00edv k\u00e9rd\u00e9s\u2013v\u00e1lasz szekci\u00f3 k\u00f6vette, ahol a r\u00e9sztvev\u0151k gyakorlati k\u00e9rd\u00e9seket tehettek fel a karbantart\u00e1si gyakorlatokr\u00f3l \u00e9s fejleszt\u00e9si lehet\u0151s\u00e9gekr\u0151l.<\/div>\n<div dir=\"auto\">\n<p>A nap k\u00f6tetlen s\u00e9tahaj\u00f3z\u00e1ssal \u00e9s vend\u00e9gl\u00e1t\u00e1ssal z\u00e1rult, lehet\u0151s\u00e9get adva a szakmai kapcsolatok er\u0151s\u00edt\u00e9s\u00e9re egy inspir\u00e1l\u00f3 k\u00f6rnyezetben.<\/p>\n<p><a href=\"https:\/\/mket.hu\/wp-content\/uploads\/2025\/10\/CIAC_Budapest_2025_Accelleron.pdf\">Let\u00f6lt\u00e9s<\/a><\/p>\n<\/div>\n<\/div>\n<p>[\/vc_column_text][\/vc_column_inner][\/vc_row_inner][vc_row_inner][vc_column_inner][vc_column_text]<\/p>\n<h2><strong>\u00daj eln\u00f6k az MKET \u00e9l\u00e9n \u2013 Dr. S\u00e1muel Emese a kapcsolt energiatermel\u00e9s j\u00f6v\u0151j\u00e9r\u0151l<\/strong><\/h2>\n<p>[\/vc_column_text][\/vc_column_inner][\/vc_row_inner][vc_row_inner][vc_column_inner][vc_column_text]<\/p>\n<h2><\/h2>\n<p><strong><img loading=\"lazy\" decoding=\"async\" class=\"alignnone wp-image-9080\" src=\"https:\/\/mket.hu\/wp-content\/uploads\/2025\/07\/thumbnail_Samuel_Emese_portre-176x300.jpg\" alt=\"\" width=\"238\" height=\"406\" srcset=\"https:\/\/mket.hu\/wp-content\/uploads\/2025\/07\/thumbnail_Samuel_Emese_portre-176x300.jpg 176w, https:\/\/mket.hu\/wp-content\/uploads\/2025\/07\/thumbnail_Samuel_Emese_portre-600x1024.jpg 600w, https:\/\/mket.hu\/wp-content\/uploads\/2025\/07\/thumbnail_Samuel_Emese_portre-768x1310.jpg 768w, https:\/\/mket.hu\/wp-content\/uploads\/2025\/07\/thumbnail_Samuel_Emese_portre-901x1536.jpg 901w, https:\/\/mket.hu\/wp-content\/uploads\/2025\/07\/thumbnail_Samuel_Emese_portre-1201x2048.jpg 1201w, https:\/\/mket.hu\/wp-content\/uploads\/2025\/07\/thumbnail_Samuel_Emese_portre-scaled.jpg 1501w\" sizes=\"auto, (max-width: 238px) 100vw, 238px\" \/><\/strong><\/p>\n<p>A Magyar Kapcsolt Energia T\u00e1rsas\u00e1g (MKET) 2025. j\u00fanius 3-\u00e1n tartott eln\u00f6ks\u00e9gi \u00fcl\u00e9s\u00e9n, a tagv\u00e1llalatok k\u00e9pvisel\u0151inek szavazatai alapj\u00e1n Dr. S\u00e1muel Emes\u00e9t v\u00e1lasztotta eln\u00f6k\u00e9nek. Dr. S\u00e1muel Emese 2015 \u00f3ta a Tatab\u00e1nya Er\u0151m\u0171 Kft. \u00fcgyvezet\u0151je, kor\u00e1bban a T-Szol Zrt. \u00e1ltal\u00e1nos igazgat\u00f3jak\u00e9nt dolgozott, \u00edgy a t\u00e1vh\u0151szektor szolg\u00e1ltat\u00f3i \u00e9s termel\u0151i oldal\u00e1t is k\u00f6zelr\u0151l ismeri. Szakmai p\u00e1lyafut\u00e1sa sor\u00e1n t\u00f6bbek k\u00f6z\u00f6tt a Tatab\u00e1nya Er\u0151m\u0171 biomassza-beruh\u00e1z\u00e1si projektj\u00e9t is ir\u00e1ny\u00edtotta, amely 2017-ben sikeresen z\u00e1rult. Elk\u00f6telez\u0151d\u00e9se a fenntarthat\u00f3, kapcsolt energiatermel\u00e9s ir\u00e1nt nem csup\u00e1n szakmai meggy\u0151z\u0151d\u00e9sen, hanem gyakorlati tapasztalaton is alapul. \u00daj eln\u00f6kk\u00e9nt c\u00e9lja, hogy t\u00e1mogassa a p\u00e1rbesz\u00e9det \u00e9s az egy\u00fcttm\u0171k\u00f6d\u00e9st a t\u00e1vh\u0151termel\u0151k \u00e9s a szolg\u00e1ltat\u00f3k k\u00f6z\u00f6tt, valamint er\u0151s\u00edtse az MKET \u00e9s a MaT\u00e1SzSz strat\u00e9giai partners\u00e9g\u00e9t. Vele besz\u00e9lgett\u00fcnk a kapcsolt energiatermel\u00e9s szerep\u00e9r\u0151l, j\u00f6v\u0151j\u00e9r\u0151l, a t\u00e1vh\u0151szektor el\u0151tt \u00e1ll\u00f3 kih\u00edv\u00e1sokr\u00f3l.<\/p>\n<p>&nbsp;<\/p>\n<p><strong>Melyek azok a legfontosabb \u00e9rvek, amelyek ma a kapcsolt energiatermel\u00e9s mellett sz\u00f3lnak?<\/strong><\/p>\n<p>Els\u0151dlegesen a klasszikus energetikai megk\u00f6zel\u00edt\u00e9st eml\u00edten\u00e9m, a magasabb hat\u00e1sfokban rejl\u0151 el\u0151nyt. Az ilyen technol\u00f3gi\u00e1k alkalmaz\u00e1s\u00e1val cs\u00f6kken a sz\u00fcks\u00e9ges t\u00fczel\u0151h\u0151 bevitel, magasabb az energiahat\u00e9konys\u00e1guk, mint a hagyom\u00e1nyos er\u0151m\u0171veknek \u00e9s ez\u00e1ltal kisebb a CO2 kibocs\u00e1t\u00e1suk is. A jobb hat\u00e1sfok miatt alacsonyabb az \u00fczemeltet\u00e9si k\u00f6lts\u00e9g. Az energetikai hat\u00e1sfok n\u00f6veked\u00e9se mellett a biol\u00f3giai l\u00e1bnyom cs\u00f6kken\u00e9s\u00e9vel hozz\u00e1j\u00e1rulnak a fenntarthat\u00f3 fejl\u0151d\u00e9shez. A ma m\u00e9g mindig j\u00f3nak mondhat\u00f3 \u00f6sszhat\u00e1sfokon t\u00falmen\u0151en nagy \u00e9rt\u00e9ket jelent a villamos energia rendszer (VER) sz\u00e1m\u00e1ra a kapcsolt energiatermel\u00e9s (cogeneration) rugalmass\u00e1ga, k\u00fcl\u00f6n\u00f6sk\u00e9ppen a szab\u00e1lyoz\u00f3 k\u00f6zpontokban m\u0171k\u00f6d\u0151 gyorsan ind\u00edthat\u00f3 g\u00e1zmotoros egys\u00e9gek. A kapcsolt termel\u0151k alkalmasak saj\u00e1t energiaell\u00e1t\u00e1sra, ami a rugalmass\u00e1got \u00e9s a megb\u00edzhat\u00f3s\u00e1got n\u00f6veli. \u00d6sszess\u00e9gben azt mondhatom, hogy Magyarorsz\u00e1gon a technol\u00f3gia ki\u00e9p\u00fclt, de kihaszn\u00e1lts\u00e1ga \u00e9s fejletts\u00e9ge m\u00e9g elmarad a lehet\u0151s\u00e9gekt\u0151l.<\/p>\n<p><strong>A kapcsolt energiatermel\u00e9s k\u00f6rnyezetv\u00e9delmi \u00e9s nemzetgazdas\u00e1gi \u00e9rdek, fontos eszk\u00f6ze lehet a kl\u00edmav\u00e9delmi c\u00e9lok teljes\u00edt\u00e9s\u00e9nek. Hogyan tudja seg\u00edteni az MKET a kapcsolt energiatermel\u00e9s \u00e9rv\u00e9nyes\u00fcl\u00e9s\u00e9t? Milyen eszk\u00f6z\u00f6k \u00e1llnak a rendelkez\u00e9s\u00fckre? Mennyire tartja hat\u00e9konynak a szervezet \u00e9rdekk\u00e9pviseleti tev\u00e9kenys\u00e9g\u00e9t a hazai energiaszektorban a jogszab\u00e1lyalkot\u00e1s ter\u00fclet\u00e9n?<\/strong><\/p>\n<p>Az MKET h\u00e1rom\u00e9ves eln\u00f6ks\u00e9gi programj\u00e1nak egyik kiemelt c\u00e9lja az energetikai jogszab\u00e1lyok szakmai v\u00e9lem\u00e9nyez\u00e9s\u00e9ben \u00e9s m\u00f3dos\u00edt\u00e1s\u00e1ban val\u00f3 akt\u00edv r\u00e9szv\u00e9tel. T\u00f6rekv\u00e9seinkben szerepel, hogy a kapcsolt technol\u00f3gi\u00e1k \u00fczemidej\u00e9t n\u00f6vel\u0151 szab\u00e1lyoz\u00e1si \u00e9s t\u00e1mogat\u00e1si eszk\u00f6z\u00f6k be\u00e9p\u00edt\u00e9sre ker\u00fcljenek az uni\u00f3s \u00e9s nemzetgazdas\u00e1gi kl\u00edmapolitikai strat\u00e9gi\u00e1kba.<\/p>\n<p>A kapcsolt termel\u00e9s kulcsfontoss\u00e1g\u00fa szerepet j\u00e1tszik haz\u00e1nk energiaf\u00fcggetlens\u00e9g\u00e9nek er\u0151s\u00edt\u00e9s\u00e9ben \u00e9s az import villamosenergia cs\u00f6kkent\u00e9s\u00e9ben, ez\u00e9rt az MKET kiemelten k\u00e9pviseli ezt a szakmai f\u00f3rumokon. Ennek \u00e9rdek\u00e9ben folytatni k\u00edv\u00e1njuk az egy\u00fcttm\u0171k\u00f6d\u00e9st a Mat\u00e1SzSz-szal \u00e9s a Magyar Energetikai \u00e9s K\u00f6zm\u0171-szab\u00e1lyoz\u00e1si Hivatallal is.<\/p>\n<p>Szint\u00e9n fontos c\u00e9lkit\u0171z\u00e9s\u00fcnk, hogy az esetleges jogszab\u00e1lyi akad\u00e1lyokat szak\u00e9rt\u0151i workshopokon t\u00e9rk\u00e9pezz\u00fck fel, a kor\u00e1bban eml\u00edtett szervezetek mellet, az Energia\u00fcgyi Miniszt\u00e9rium \u00e9s a MAVIR bevon\u00e1s\u00e1val, \u00e9s jogalkot\u00e1si javaslatot ny\u00fajtsunk be az Orsz\u00e1ggy\u0171l\u00e9s szakbizotts\u00e1gai fel\u00e9.<\/p>\n<p>Az MKET azonban nemcsak a hazai szervezetekkel m\u0171k\u00f6dik egy\u00fctt, hanem p\u00e9ld\u00e1ul a Cogen Europe szervezettel is, ez\u00e1ltal lehet\u0151s\u00e9g van a Cogen Europe \u00e1ll\u00e1sfoglal\u00e1sainak \u00e9s javaslatainak a v\u00e9lem\u00e9nyez\u00e9s\u00e9re, a magyar javaslatok tov\u00e1bb\u00edt\u00e1s\u00e1ra az EU \u00e9rdekelt jogalkot\u00f3 szervezetei, bizotts\u00e1gai fel\u00e9.<\/p>\n<p>\u00c9vente megrendezett konferenci\u00e1ink pedig kiv\u00e1l\u00f3 f\u00f3rumot biztos\u00edtanak arra, hogy az energetikai \u00e1gazat j\u00f6v\u0151j\u00e9t meghat\u00e1roz\u00f3 strat\u00e9giai k\u00e9rd\u00e9sekben a tags\u00e1g megossza v\u00e9lem\u00e9ny\u00e9t, tapasztalatait. Ezek az egyeztet\u00e9sek hozz\u00e1j\u00e1rulnak az \u00e1gazat aktu\u00e1lis kih\u00edv\u00e1sainak hat\u00e9kony kezel\u00e9s\u00e9hez \u00e9s a neh\u00e9zs\u00e9gek lek\u00fczd\u00e9s\u00e9hez.<\/p>\n<p>\u00c9n b\u00edzom abban, hogy az elk\u00f6vetkez\u0151 \u00e9vekben egy j\u00f3l \u00e1tgondolt strat\u00e9gia ment\u00e9n haladva, a meg\u00fajult eln\u00f6ks\u00e9g er\u0151s\u00edteni tudja az \u00e9rdekk\u00e9pviseletet, n\u00f6velni tudjuk az MKET ismerts\u00e9g\u00e9t \u00e9s szakmai befoly\u00e1s\u00e1t.<\/p>\n<p><strong>A kor\u00e1bbi id\u0151szakhoz k\u00e9pest jelent\u0151sen cs\u00f6kkent a kapcsolt er\u0151m\u0171vekben termelt villamos energia r\u00e9szar\u00e1nya. Milyen most a MKET j\u00f6v\u0151k\u00e9pe? Hogyan \u00e9rt\u00e9keli a helyzetet? Milyen forgat\u00f3k\u00f6nyvek lehetnek, milyen kit\u00f6r\u00e9si lehet\u0151s\u00e9geket l\u00e1t?<\/strong><\/p>\n<p>Az MKET 1996-os megalakul\u00e1sa \u00f3ta k\u00f6zel h\u00e1rom \u00e9vtizeden \u00e1t akt\u00edv szerepl\u0151je volt a kapcsolt energiatermel\u00e9s hazai fejl\u0151d\u00e9s\u00e9nek. Ez id\u0151 alatt jelent\u0151s ipar\u00e1gi v\u00e1ltoz\u00e1sok zajlottak le \u2013 a k\u00f6telez\u0151 \u00e1tv\u00e9teli rendszer (K\u00c1T) megsz\u0171n\u00e9se, a piacnyit\u00e1s \u00e9s liberaliz\u00e1ci\u00f3, a villamos energia rendszer (VER) energiamix\u00e9nek \u00e1talakul\u00e1sa, valamint az \u00faj t\u00edpus\u00fa rendszerszint\u0171 szolg\u00e1ltat\u00e1sok megjelen\u00e9se. Egyes\u00fclet\u00fcnk ezekre a kih\u00edv\u00e1sokra mindig felk\u00e9sz\u00fclten \u00e9s rugalmasan reag\u00e1lt. C\u00e9lunk, hogy a j\u00f6v\u0151ben is hasonl\u00f3 hat\u00e9konys\u00e1ggal tudjunk alkalmazkodni a folyamatosan v\u00e1ltoz\u00f3 k\u00f6rnyezethez.<\/p>\n<p>A kapcsolt energiatermel\u00e9s j\u00f6v\u0151j\u00e9ben az egyik legnagyobb lehet\u0151s\u00e9g a t\u00e1vh\u0151szektorban rejlik, k\u00fcl\u00f6n\u00f6sen akkor, ha azt a digitaliz\u00e1ci\u00f3val \u00e9s a z\u00f6ld \u00e1t\u00e1ll\u00e1ssal \u00f6tv\u00f6zz\u00fck. Kiemelten fontosnak tartjuk a megl\u00e9v\u0151 t\u00e1vh\u0151rendszerek korszer\u0171s\u00edt\u00e9s\u00e9t \u00e9s hat\u00e9konys\u00e1g\u00e1nak n\u00f6vel\u00e9s\u00e9t, k\u00fcl\u00f6n\u00f6sen CHP-alap\u00fa (kapcsolt h\u0151- \u00e9s villamosenergia-termel\u00e9s) megold\u00e1sok ment\u00e9n.<\/p>\n<p>Ehhez azonban c\u00e9lzott beruh\u00e1z\u00e1si t\u00e1mogat\u00e1sokra van sz\u00fcks\u00e9g, amelyek el\u0151seg\u00edtik a kapcsolt energiatermel\u00e9s integr\u00e1ci\u00f3j\u00e1t meg\u00fajul\u00f3 technol\u00f3gi\u00e1kkal \u2013 ilyen p\u00e9ld\u00e1ul a biomassza, a geotermia vagy a biog\u00e1z.<\/p>\n<p>Az el\u0151rel\u00e9p\u00e9s kulcsa a kisz\u00e1m\u00edthat\u00f3 jogszab\u00e1lyi k\u00f6rnyezet \u00e9s az enged\u00e9lyez\u00e9si elj\u00e1r\u00e1sok \u00e9rdemi egyszer\u0171s\u00edt\u00e9se. Emellett elengedhetetlenek azok az energiapolitikai \u00f6szt\u00f6nz\u0151k, amelyek lehet\u0151v\u00e9 teszik, hogy a kapcsolt energiatermel\u00e9sben rejl\u0151 potenci\u00e1lt teljes m\u00e9rt\u00e9kben ki tudjuk akn\u00e1zni.<\/p>\n<p>&nbsp;<\/p>\n<p><strong>A meg\u00fajul\u00f3 energi\u00e1k t\u00e9rnyer\u00e9se hat\u00e1ssal lehet a kapcsolt energiatermel\u00e9s meg\u00edt\u00e9l\u00e9s\u00e9re? A hat\u00e9kony t\u00e1vf\u0171t\u00e9s felt\u00e9telrendszer\u00e9ben is v\u00e1ltoz\u00e1sok v\u00e1rhat\u00f3k a kapcsolt termel\u00e9sre vonatkoz\u00f3an 2028-t\u00f3l, mi err\u0151l a v\u00e9lem\u00e9nye?<\/strong><\/p>\n<p>2028-t\u00f3l a kapcsolt energiatermel\u00e9s m\u00e1r nem lesz el\u00e9g a hat\u00e9kony t\u00e1vh\u0151 min\u0151s\u00edt\u00e9shez. Ez azt jelenti, hogy h\u00e1rom \u00e9v alatt olyan beruh\u00e1z\u00e1sokat kell v\u00e9grehajtaniuk a termel\u0151knek, amellyel a z\u00f6ld \u00e1t\u00e1ll\u00e1s ir\u00e1ny\u00e1ba l\u00e9pnek. A csak f\u00f6ldg\u00e1zt haszn\u00e1l\u00f3 CHP-rendszerek t\u00e1mogat\u00e1s n\u00e9lk\u00fcl kiszorulhatnak a rendszerb\u0151l. \u201dZ\u00f6ld\u00edt\u00e9s\u201d n\u00e9lk\u00fcl nem lesznek versenyk\u00e9pesek a j\u00f6v\u0151 t\u00e1vh\u0151piac\u00e1n. Mindenk\u00e9pp \u00fczleti modellv\u00e1lt\u00e1sra lesz sz\u00fcks\u00e9g a v\u00e1rhat\u00f3 szab\u00e1lyoz\u00e1s t\u00fckr\u00e9ben.<\/p>\n<p>B\u00edzunk benne, hogy lesz m\u00f3d a felt\u00e9telrendszer egyes elemeinek finomhangol\u00e1s\u00e1ra, valamint lesznek olyan t\u00e1mogat\u00e1si programok, melyek a f\u00f6ldg\u00e1z CHP rendszerek z\u00f6ld\u00edt\u00e9s\u00e9t mozd\u00edtj\u00e1k el\u0151. Azt szeretn\u00e9nk, ha ez nem a CHP technol\u00f3gia v\u00e9g\u00e9t, hanem a min\u0151s\u00e9gi meg\u00faj\u00edt\u00e1s\u00e1t jelenten\u00e9.<\/p>\n<p><strong>A magyarorsz\u00e1gi kapcsolt energiatermel\u00e9s helyzete mennyiben k\u00fcl\u00f6nb\u00f6zik a t\u00f6bbi eur\u00f3pai orsz\u00e1gban megval\u00f3sul\u00f3 kapcsolt energiatermel\u00e9si trendekt\u0151l?<\/strong><\/p>\n<p>Az EU tag\u00e1llamai k\u00f6z\u00f6tt jelent\u0151s f\u00f6ldrajzi, mez\u0151gazdas\u00e1gi, meteorol\u00f3giai, ipari, gazdas\u00e1gi, szab\u00e1lyoz\u00e1si k\u00fcl\u00f6nbs\u00e9gek vannak. Ezen t\u00e9nyez\u0151k mindegyike befoly\u00e1solja az adott orsz\u00e1g kapcsolt energiatermel\u00e9sben rejl\u0151 potenci\u00e1lj\u00e1t.<\/p>\n<p>Magyarorsz\u00e1gon a kapcsolt energiatermel\u00e9s szempontj\u00e1b\u00f3l kiemelt fontoss\u00e1g\u00fa a t\u00e1vh\u0151piac, itt els\u0151sorban h\u0151vez\u00e9relt, m\u00edg az EU-ban ink\u00e1bb \u00e1ramvez\u00e9relt a termel\u00e9s.<\/p>\n<p>N\u00e1lunk jelenleg a meg\u00fajul\u00f3 alap\u00fa CHP ar\u00e1nya alacsony, m\u00edg az EU-s tagorsz\u00e1gokban hangs\u00falyosabban van jelen.<\/p>\n<p>Magyarorsz\u00e1gon a szab\u00e1lyoz\u00e1si k\u00f6rnyezet kev\u00e9ss\u00e9 piaci, ink\u00e1bb k\u00f6zpontilag szab\u00e1lyozott, m\u00edg m\u00e1s tag\u00e1llamokra ink\u00e1bb a piaci CHP-modellek jellemz\u0151ek.<\/p>\n<p><strong>\u00d6n szerint hogyan lehet a t\u00e1vh\u0151szolg\u00e1ltat\u00e1s versenyk\u00e9pess\u00e9g\u00e9t jav\u00edtani, milyen szerepe lehet ebben a kapcsolt energiatermel\u00e9snek?<\/strong><\/p>\n<p>A t\u00e1vh\u0151 moderniz\u00e1ci\u00f3ja elengedhetetlen l\u00e9p\u00e9s. Az automatiz\u00e1lt rendszerek optimaliz\u00e1lj\u00e1k a m\u0171k\u00f6d\u00e9st, cs\u00f6kkentik a vesztes\u00e9geket.<\/p>\n<p>Termel\u0151i oldalon fejleszt\u00e9si potenci\u00e1lt jelenthet az importf\u00fcgg\u0151s\u00e9get eredm\u00e9nyez\u0151, viszonylag dr\u00e1ga f\u00f6ldg\u00e1z t\u00fczel\u0151anyag b\u00e1zisr\u00f3l hazai, meg\u00fajul\u00f3nak min\u0151s\u00fcl\u0151 biomassza alap\u00fa t\u00fczel\u0151anyagra t\u00f6rt\u00e9n\u0151 \u00e1t\u00e1ll\u00e1s.<\/p>\n<p><a href=\"https:\/\/tavho.org\/blog\/uj-elnok-az-mket-elen-dr-samuel-emese-a-kapcsolt-energiatermeles-jovojerol?fbclid=IwY2xjawL4WvlleHRuA2FlbQIxMABicmlkETFqWGEwUm1DMWRKQW5oZXJDAR762hgMgT2Ac3VxLIJToNkhsqpBGR9PZBWdysZo2o1JpcJVmDjuhwuznk0CIw_aem_qLhPIoGh2HEwzLtZKeWNuQ\">Teljes cikk ITT el\u00e9rhet\u0151<\/a>[\/vc_column_text][\/vc_column_inner][\/vc_row_inner][vc_row_inner][vc_column_inner][vc_column_text]<\/p>\n<div class=\"page\" title=\"Page 1\">\n<div class=\"layoutArea\">\n<div class=\"column\">\n<p style=\"text-align: center;\"><strong>Pa\u0301lya\u0301zati kii\u0301ra\u0301s, a megelo\u030bzo\u030b esztendo\u030b adatai alapja\u0301n,<\/strong><\/p>\n<p style=\"text-align: center;\"><strong>\u201eA 2024. e\u0301v Legjobb Kapcsolt Energiatermelo\u030b Kisero\u030bmu\u030bve\u201d<\/strong><\/p>\n<p style=\"text-align: center;\"><strong>ci\u0301mre<\/strong><\/p>\n<p>A Magyar Kapcsolt Energia Ta\u0301rsasa\u0301g (MKET) Elno\u0308kse\u0301ge, a 2007-ben hozott do\u0308nte\u0301se alapja\u0301n ide\u0301n is meghirdeti az \u201eE\u0301v Legjobb Kapcsolt Energiatermelo\u030b Kisero\u030bmu\u030bve\u201d pa\u0301lya\u0301zatot<\/p>\n<p>1. Pa\u0301lya\u0301zo\u0301k ko\u0308re:<\/p>\n<ul>\n<li>A Magyar Kapcsolt Energia Ta\u0301rsasa\u0301g 2022. december 31-i tagnyilva\u0301ntarta\u0301sa\u0301ban szereplo\u030b jogi tagok,<\/li>\n<li>hazai ipari, kapcsoltan termelo\u030b kisero\u030bmu\u030bvek \u2013 fu\u0308ggetlenu\u0308l atto\u0301l, hogy MKET jogi tagok-e, illetve a fentiek tulajdona\u0301ban (re\u0301sztulajdona\u0301ban) le\u0301vo\u030b ma\u0301s ta\u0301rsasa\u0301gok ero\u030bmu\u030b egyse\u0301gei. Amennyiben e gaz- dasa\u0301gi ta\u0301rsasa\u0301g to\u0308bb telephelyen is u\u0308zemeltet ero\u030bmu\u030bvet e\u0301s to\u0308bb le\u0301tesi\u0301tme\u0301nyt is nevezni ki\u0301va\u0301n, akkorle\u0301tesi\u0301tme\u0301nyenke\u0301nt ku\u0308lo\u0308n-ku\u0308lo\u0308n kell pa\u0301lya\u0301znia.Az \u201eE\u0301v Legjobb Kapcsolt Energiatermelo\u030b Kisero\u030bmu\u030bve\u201d pa\u0301lya\u0301zaton to\u0308rte\u0301no\u030b re\u0301szve\u0301tel felte\u0301tele: az adott le\u0301tesi\u0301tme\u0301nynek legala\u0301bb egy teljes mu\u030bko\u0308de\u0301si e\u0301vvel kell rendelkeznie a kereskedelmi u\u0308zem megkezde\u0301se uta\u0301n. Amennyiben egy adott telephelyen to\u0308bb egyse\u0301g is tala\u0301lhato\u0301, u\u0301gy ezen egyse\u0301gek o\u0308sszesse\u0301ge ke\u0301pezi a pa\u0301lya\u0301zat ta\u0301rgya\u0301t.<\/li>\n<\/ul>\n<p>2. Pa\u0301lya\u0301zat benyu\u0301jta\u0301s mo\u0301dja, hata\u0301rido\u030bk:<\/p>\n<p>A pa\u0301lya\u0301zatokat 2025. februa\u0301r 28, 23:50 o\u0301ra\u0301ig e-mail-ben (mket@mket.hu) lehet benyu\u0301jtani a melle\u0301kelt Excel forma\u0301tumu\u0301 adatlap kito\u0308lte\u0301se\u0301vel e\u0301s elektronikus forma\u0301ban to\u0308rte\u0301no\u030b megku\u0308lde\u0301se\u0301vel.<\/p>\n<p>P\u00e1ly\u00e1zati le\u00edr\u00e1s: <a href=\"https:\/\/mket.hu\/wp-content\/uploads\/2025\/01\/MKET_Kiseromu_Palyazat_2024.evrol32.pdf\">ITT<\/a><br \/>\nBek\u00fcldend\u0151 \u0171rlap: <a href=\"https:\/\/mket.hu\/wp-content\/uploads\/2025\/01\/MKET-Urlap_kiseromu-palyazat_2024.evrol81.xlsx\">ITT<\/a><\/p>\n<p>&nbsp;<\/p><\/div>\n<\/div>\n<\/div>\n<p>[\/vc_column_text][\/vc_column_inner][\/vc_row_inner][vc_row_inner][vc_column_inner][vc_single_image image=&#8221;9023&#8243; img_size=&#8221;&#8221; alignment=&#8221;center&#8221;][vc_column_text]A 2023. esztend\u0151 december\u00e9ben, az energiav\u00e1ls\u00e1g\u00a0tanuls\u00e1gaib\u00f3l kiindulva &#8211;\u00a0<b>egy\u00fctt-gondolkod\u00e1sra biztatva &#8211;<\/b>\u00a0egy szakmai vitaanyag k\u00f6zz\u00e9t\u00e9tel\u00e9vel energiastrat\u00e9giai vitaf\u00f3rumot ind\u00edtottunk a Google Drive fel\u00fcleten. A L\u00c9VAI ENERGIA AKAD\u00c9MIA F\u00d3RUM (LEF) kereteiben lebonyol\u00edtott eszmecsere c\u00e9lkit\u0171z\u00e9se, hogy civil energetikai szakemberek k\u00f6zrem\u0171k\u00f6d\u00e9s\u00e9vel egy\u00a0szakmai seg\u00e9danyag ker\u00fclj\u00f6n a d\u00f6nt\u00e9seket el\u0151k\u00e9sz\u00edt\u0151 szakemberek asztal\u00e1ra. Ennek \u00f6sszegz\u00e9s\u00e9t tessz\u00fck k\u00f6zz\u00e9, az al\u00e1bbiakban.<\/p>\n<p>Tizenegy egy\u00e9ni \u00e9s egy test\u00fcleti hozz\u00e1sz\u00f3l\u00e1s figyelembev\u00e9tel\u00e9vel elk\u00e9sz\u00edtett\u00fck a\u00a0<b>Vitaf\u00f3rum \u00f6sszegz\u00e9s I. r\u00e9sz<\/b>\u00a0\u00e9s a\u00a0<b>Vitaf\u00f3rum \u00f6sszegz\u00e9s II. r\u00e9sz<\/b>\u00a0c\u00edm\u0171 \u00edr\u00e1sainkat. K\u00f6zz\u00e9tett\u00fck a Magyar Energetika 2024. j\u00faniusi 2. sz\u00e1m\u00e1ban, illetve a L\u00e9vai Energia Akad\u00e9mia honlapj\u00e1n.<b><br \/>\n<\/b><\/p>\n<ul type=\"disc\">\n<li><b>Az ind\u00edt\u00f3 vitaanyag \u00e9s a k\u00e9t \u00f6sszegz\u0151 \u00edr\u00e1s el\u00e9rhet\u0151s\u00e9ge:\u00a0<\/b><b>\u00a0\u00a0\u00a0\u00a0\u00a0\u00a0\u00a0\u00a0<\/b><a href=\"http:\/\/energiaakademia.lapunk.hu\/publikacik-1191745\" data-auth=\"NotApplicable\" data-linkindex=\"0\"><b>PUBLIK\u00c1CI\u00d3K &#8211; ENERGIA (lapunk.hu)<\/b><\/a><\/li>\n<\/ul>\n<p>Az eddigi hozz\u00e1sz\u00f3l\u00e1sok \u00e9s azok kivonata a lenti Google Drive fel\u00fcleten tal\u00e1lhat\u00f3 meg.<br \/>\nK\u00f6zk\u00edv\u00e1natra &#8211; tov\u00e1bbi \u00e9rt\u00e9kes hozz\u00e1sz\u00f3l\u00e1sok rem\u00e9ny\u00e9ben \u2013 ugyanitt<b>\u00a0<\/b>elind\u00edtjuk a\u00a0<b>vita 2. szakasz\u00e1t\u00a0<\/b>(vitaz\u00e1r\u00e1s: 2024. dec. 31).<b><\/b><\/p>\n<ul type=\"disc\">\n<li><b>A vitaf\u00f3rum helye, a Google Drive fel\u00fclet\u00e9n:\u00a0 \u00a0\u00a0 \u00a0\u00a0\u00a0\u00a0\u00a0\u00a0\u00a0 \u00a0\u00a0\u00a0\u00a0\u00a0\u00a0\u00a0\u00a0\u00a0\u00a0\u00a0\u00a0\u00a0 \u00a0\u00a0<\/b><a href=\"https:\/\/docs.google.com\/document\/d\/1euIHbDoTzqm_qB8K8N-0luEgb0cFJvrqd6Vg4cllX4E\/edit\" data-auth=\"NotApplicable\" data-linkindex=\"1\"><b>ENERGIASTRAT\u00c9GIAI VITAANYAG \u2013 2023 &#8211; Google Dokumentumok<\/b><\/a><\/li>\n<\/ul>\n<p><b>\u00a0<\/b><\/p>\n<p>K\u00e9rj\u00fck, sz\u00edveskedjenek a max. 2 oldalas hozz\u00e1sz\u00f3l\u00e1saikat tov\u00e1bbra is t\u00f6m\u00f6ren \u00e9s l\u00e9nyegre t\u00f6rekv\u0151en megfogalmazni.<\/p>\n<p>Fontos lenne, hogy a nemzeti energiastrat\u00e9gia aktualiz\u00e1l\u00e1sa rendszerszint\u0171, komplex szeml\u00e9letben t\u00f6rt\u00e9njen. Orsz\u00e1gstrat\u00e9gi\u00e1ba illeszked\u0151, energetikai, gazdas\u00e1gi, \u00f6kol\u00f3giai, t\u00e1rsadalmi \u00e9s geostrat\u00e9giai szempontok figyelembev\u00e9tel\u00e9vel. Magyarorsz\u00e1g \u00e9rdekeit szolg\u00e1lja, ha a lehets\u00e9ges ir\u00e1nyok \u00e9s megold\u00e1sok vit\u00e1j\u00e1ban min\u00e9l t\u00f6bb kompetens szakember vesz r\u00e9szt.<\/p>\n<p><b>\u00a0<\/b><\/p>\n<p><b>Tisztelettel:<\/b><\/p>\n<p>a szerz\u0151k:\u00a0\u00a0\u00a0\u00a0\u00a0\u00a0\u00a0\u00a0\u00a0\u00a0\u00a0\u00a0\u00a0\u00a0\u00a0\u00a0\u00a0\u00a0\u00a0\u00a0\u00a0\u00a0\u00a0\u00a0\u00a0\u00a0 \u00a0\u00a0\u00a0 Dr. Kor\u00e9nyi Zolt\u00e1n\u00a0\u00a0\u00a0\u00a0\u00a0\u00a0\u00a0\u00a0\u00a0\u00a0\u00a0 Dr. Petz Ern\u0151<\/p>\n<p>el\u0151-lektorok \u00e9s kivonatol\u00f3k:\u00a0 \u00a0\u00a0 L\u00e1ng S\u00e1ndor\u00a0\u00a0\u00a0\u00a0\u00a0\u00a0\u00a0\u00a0\u00a0\u00a0\u00a0 \u00a0\u00a0\u00a0\u00a0\u00a0\u00a0\u00a0 Tompa Ferenc[\/vc_column_text][\/vc_column_inner][\/vc_row_inner][vc_column_text]<\/p>\n<div class=\"page\" title=\"Page 1\">\n<div class=\"section\">\n<div class=\"layoutArea\">\n<div class=\"column\">\n<h2 style=\"text-align: center;\">\u200bMagyar \u00c9rdemrend Lovagkereszt kit\u00fcntet\u00e9sben r\u00e9szes\u00fclt dr. Kiss Csaba termel\u00e9si vez\u00e9rigazgat\u00f3-helyettes\u200b<\/h2>\n<\/div>\n<\/div>\n<\/div>\n<\/div>\n<p>[\/vc_column_text][vc_separator][vc_row_inner][vc_column_inner][vc_single_image image=&#8221;9017&#8243;][vc_column_text]<\/p>\n<p style=\"font-weight: 400;\">Csaba t\u00f6bb mint 30 \u00e9vnyi nemzetk\u00f6zi \u00e9s hazai tapasztalattal rendelkezik a villamosenergia-iparban er\u0151m\u0171vek \u00fczemeltet\u00e9s\u00e9ben \u00e9s fejleszt\u00e9s\u00e9ben. P\u00e1lyafut\u00e1s\u00e1t az MVM Tr\u00f6szt csoporthoz tartoz\u00f3 Borsodi H\u0151er\u0151m\u0171ben kezdte 1986-ban, majd 1996-t\u00f3l az er\u0151m\u0171 privatiz\u00e1ci\u00f3j\u00e1t k\u00f6vet\u0151n az AES Corporation-n\u00e9l folytatta nemzetk\u00f6zi karrierj\u00e9t. 1996 \u00e9s 1999 k\u00f6z\u00f6tt mint projekt fejleszt\u00e9si igazgat\u00f3 dolgozott biomassza, CFB sz\u00e9n \u00e9s CCGT g\u00e1z er\u0151m\u0171vek fejleszt\u00e9s\u00e9n az USA-ban, Braz\u00edli\u00e1ban, Magyarorsz\u00e1gon \u00e9s egy\u00e9b eur\u00f3pai AES projektekben.<\/p>\n<p style=\"font-weight: 400;\">1999 \u00f3ta \u00fcgyvezet\u0151 igazgat\u00f3ja volt k\u00fcl\u00f6nb\u00f6z\u0151 t\u00edpus\u00fa er\u0151m\u0171veknek, t\u00f6bbek k\u00f6z\u00f6tt, az AES Borsodi, az AES Tiszapalkonya magyarorsz\u00e1gi er\u0151m\u0171veknek, majd k\u00e9t \u00e9vig Olaszorsz\u00e1gban is vezette az AES Ottana er\u0151m\u0171v\u00e9t. Energiatermel\u00e9si igazgat\u00f3ja volt az E.ON Hung\u00e1ria Zrt. magyarorsz\u00e1gi er\u0151m\u0171veinek. P\u00e1ly\u00e1ja sor\u00e1n az Alstom, majd GE Energy Zrt. er\u0151m\u0171szerv\u00edz \u00fczlet\u00e1g magyarorsz\u00e1gi \u00fcgyvezet\u0151 igazgat\u00f3ja volt, valamint a Paks II. Zrt. vez\u00e9rigazgat\u00f3 tan\u00e1csad\u00f3i feladat\u00e1t is ell\u00e1tta.<\/p>\n<p style=\"font-weight: 400;\">2018-ban csatlakozott az MVM Zrt-hez m\u0171szaki vez\u00e9rigazgat\u00f3-helyettesk\u00e9nt. Ir\u00e1ny\u00edt\u00e1sa alatt kezd\u0151d\u00f6tt el a fosszilis energiatermel\u0151 \u00e9s a m\u0171szaki szolg\u00e1ltat\u00f3 t\u00e1rsas\u00e1gok integr\u00e1ci\u00f3ja, illetve a ter\u00fclet\u00e9hez tartoz\u00f3 t\u00e1rsas\u00e1gi portf\u00f3li\u00f3 optimaliz\u00e1ci\u00f3ja, a meg\u00fajul\u00f3 energiatermel\u00e9si \u00fczlet\u00e1g fejleszt\u00e9se, illetve az \u00faj, CCGT technol\u00f3gi\u00e1ra \u00e9p\u00fcl\u0151 er\u0151m\u0171fejleszt\u00e9si projektek megalapoz\u00e1sa. 2020-t\u00f3l az MVM Zrt. termel\u00e9si vez\u00e9rigazgat\u00f3-helyettese. 2022. novembere \u00e9s 2023. m\u00e1jusa k\u00f6z\u00f6tt ell\u00e1tta az MVM M\u00e1tra Energia Zrt. \u00e9s az MVM Balance Zrt. vez\u00e9rigazgat\u00f3i feladatait, majd, azt k\u00f6vet\u0151en ism\u00e9t az MVM Zrt. termel\u00e9si vez\u00e9rigazgat\u00f3-helyettese.<\/p>\n<p style=\"font-weight: 400;\">M\u00e9r\u00e9s \u00e9s automatiz\u00e1l\u00e1si diplom\u00e1j\u00e1t k\u00f6vet\u0151en MBA diplom\u00e1j\u00e1t az angliai Buckinghamshire Chilterns University College-ban szerezte International Finance ter\u00fcleten, 2006-ban. A m\u0171szaki tudom\u00e1nyok doktora lett, Ph.D. diplom\u00e1j\u00e1t a b\u00e9csi University of Technology egyetem termodinamikai tansz\u00e9k\u00e9n szerezte 2011-ben. Doktori \u00e9rtekez\u00e9s\u00e9ben a magyar villamosenergia-ipar sz\u00e9ndioxid cs\u00f6kkent\u00e9s m\u00f3djait, kiemelten a CCS technol\u00f3gi\u00e1k alkalmaz\u00e1s\u00e1nak lehet\u0151s\u00e9geit kutatta.<\/p>\n<p style=\"font-weight: 400;\">T\u00f6bb k\u00fclf\u00f6ldi \u00e9s hazai tudom\u00e1nyos szervezet vezet\u0151 tiszts\u00e9gvisel\u0151je, mint a br\u00fcsszeli NuclearEurope igazgat\u00f3s\u00e1g tagja, az Energiagazd\u00e1lkod\u00e1si Tudom\u00e1nyos Egyes\u00fclet \u00e9s az Atomf\u00f3rum egyes\u00fclet eln\u00f6ke.<\/p>\n<p>&nbsp;<\/p>\n<p>&nbsp;<\/p>\n<p>&nbsp;<\/p>\n<p>&nbsp;[\/vc_column_text][vc_separator color=&#8221;blue&#8221; border_width=&#8221;3&#8243;][\/vc_column_inner][\/vc_row_inner][vc_column_text]<\/p>\n<div class=\"page\" title=\"Page 1\">\n<div class=\"section\">\n<div class=\"layoutArea\">\n<div class=\"column\">\n<h2 style=\"text-align: center;\"><strong>CAT\u00ae VILLAMOSENERGIA-TA\u0301ROLA\u0301SI MEGOLDA\u0301SOK\u00a0<\/strong><\/h2>\n<\/div>\n<\/div>\n<\/div>\n<\/div>\n<p>[\/vc_column_text][vc_row_inner][vc_column_inner][vc_column_text]<img loading=\"lazy\" decoding=\"async\" class=\"alignleft wp-image-9013 size-full\" src=\"https:\/\/mket.hu\/wp-content\/uploads\/2024\/07\/Caterpillar-energiatarolok1-scaled.jpg\" alt=\"\" width=\"2560\" height=\"1804\" srcset=\"https:\/\/mket.hu\/wp-content\/uploads\/2024\/07\/Caterpillar-energiatarolok1-scaled.jpg 2560w, https:\/\/mket.hu\/wp-content\/uploads\/2024\/07\/Caterpillar-energiatarolok1-300x211.jpg 300w, https:\/\/mket.hu\/wp-content\/uploads\/2024\/07\/Caterpillar-energiatarolok1-1024x722.jpg 1024w, https:\/\/mket.hu\/wp-content\/uploads\/2024\/07\/Caterpillar-energiatarolok1-768x541.jpg 768w, https:\/\/mket.hu\/wp-content\/uploads\/2024\/07\/Caterpillar-energiatarolok1-1536x1082.jpg 1536w, https:\/\/mket.hu\/wp-content\/uploads\/2024\/07\/Caterpillar-energiatarolok1-2048x1443.jpg 2048w, https:\/\/mket.hu\/wp-content\/uploads\/2024\/07\/Caterpillar-energiatarolok1-390x275.jpg 390w\" sizes=\"auto, (max-width: 2560px) 100vw, 2560px\" \/><img loading=\"lazy\" decoding=\"async\" class=\"alignnone wp-image-9012 size-full\" src=\"https:\/\/mket.hu\/wp-content\/uploads\/2024\/07\/Caterpillar-energiatarolok_2-scaled.jpg\" alt=\"\" width=\"2560\" height=\"1804\" srcset=\"https:\/\/mket.hu\/wp-content\/uploads\/2024\/07\/Caterpillar-energiatarolok_2-scaled.jpg 2560w, https:\/\/mket.hu\/wp-content\/uploads\/2024\/07\/Caterpillar-energiatarolok_2-300x211.jpg 300w, https:\/\/mket.hu\/wp-content\/uploads\/2024\/07\/Caterpillar-energiatarolok_2-1024x722.jpg 1024w, https:\/\/mket.hu\/wp-content\/uploads\/2024\/07\/Caterpillar-energiatarolok_2-768x541.jpg 768w, https:\/\/mket.hu\/wp-content\/uploads\/2024\/07\/Caterpillar-energiatarolok_2-1536x1082.jpg 1536w, https:\/\/mket.hu\/wp-content\/uploads\/2024\/07\/Caterpillar-energiatarolok_2-2048x1443.jpg 2048w, https:\/\/mket.hu\/wp-content\/uploads\/2024\/07\/Caterpillar-energiatarolok_2-390x275.jpg 390w\" sizes=\"auto, (max-width: 2560px) 100vw, 2560px\" \/>[\/vc_column_text][vc_column_text]&nbsp;<\/p>\n<p>&nbsp;<\/p>\n<p>&nbsp;<\/p>\n<p>&nbsp;[\/vc_column_text][\/vc_column_inner][\/vc_row_inner][vc_column_text]<\/p>\n<div class=\"page\" title=\"Page 1\">\n<div class=\"layoutArea\">\n<div class=\"column\">\n<p style=\"text-align: center;\"><a href=\"https:\/\/mket.hu\/wp-content\/uploads\/2024\/01\/Kepernyofoto-2024-01-19-13.42.02.png\"><img loading=\"lazy\" decoding=\"async\" class=\"size-medium wp-image-8920 aligncenter\" src=\"https:\/\/mket.hu\/wp-content\/uploads\/2024\/01\/Kepernyofoto-2024-01-19-13.42.02-300x297.png\" alt=\"\" width=\"300\" height=\"297\" srcset=\"https:\/\/mket.hu\/wp-content\/uploads\/2024\/01\/Kepernyofoto-2024-01-19-13.42.02-300x297.png 300w, https:\/\/mket.hu\/wp-content\/uploads\/2024\/01\/Kepernyofoto-2024-01-19-13.42.02-150x150.png 150w, https:\/\/mket.hu\/wp-content\/uploads\/2024\/01\/Kepernyofoto-2024-01-19-13.42.02-768x760.png 768w, https:\/\/mket.hu\/wp-content\/uploads\/2024\/01\/Kepernyofoto-2024-01-19-13.42.02-100x100.png 100w, https:\/\/mket.hu\/wp-content\/uploads\/2024\/01\/Kepernyofoto-2024-01-19-13.42.02.png 780w\" sizes=\"auto, (max-width: 300px) 100vw, 300px\" \/><\/a><\/p>\n<\/div>\n<\/div>\n<\/div>\n<p>[\/vc_column_text][vc_custom_heading text=&#8221;ENERGIASTRAT\u00c9GIAI VITAANYAG \u2013 2023&#8243; font_container=&#8221;tag:h2|text_align:center&#8221;][\/vc_column][vc_column][\/vc_column][\/vc_row][vc_row][vc_column][vc_row_inner][vc_column_inner][vc_single_image image=&#8221;9023&#8243; img_size=&#8221;&#8221; alignment=&#8221;center&#8221;][\/vc_column_inner][\/vc_row_inner][vc_row_inner][vc_column_inner][vc_column_text]A 2023. esztend\u0151 december\u00e9ben, az energiav\u00e1ls\u00e1g\u00a0tanuls\u00e1gaib\u00f3l kiindulva &#8211;\u00a0<b>egy\u00fctt-gondolkod\u00e1sra biztatva &#8211;<\/b>\u00a0egy szakmai vitaanyag k\u00f6zz\u00e9t\u00e9tel\u00e9vel energiastrat\u00e9giai vitaf\u00f3rumot ind\u00edtottunk a Google Drive fel\u00fcleten. A L\u00c9VAI ENERGIA AKAD\u00c9MIA F\u00d3RUM (LEF) kereteiben lebonyol\u00edtott eszmecsere c\u00e9lkit\u0171z\u00e9se, hogy civil energetikai szakemberek k\u00f6zrem\u0171k\u00f6d\u00e9s\u00e9vel egy\u00a0szakmai seg\u00e9danyag ker\u00fclj\u00f6n a d\u00f6nt\u00e9seket el\u0151k\u00e9sz\u00edt\u0151 szakemberek asztal\u00e1ra. Ennek \u00f6sszegz\u00e9s\u00e9t tessz\u00fck k\u00f6zz\u00e9, az al\u00e1bbiakban.<\/p>\n<p>Tizenegy egy\u00e9ni \u00e9s egy test\u00fcleti hozz\u00e1sz\u00f3l\u00e1s figyelembev\u00e9tel\u00e9vel elk\u00e9sz\u00edtett\u00fck a\u00a0<b>Vitaf\u00f3rum \u00f6sszegz\u00e9s I. r\u00e9sz<\/b>\u00a0\u00e9s a\u00a0<b>Vitaf\u00f3rum \u00f6sszegz\u00e9s II. r\u00e9sz<\/b>\u00a0c\u00edm\u0171 \u00edr\u00e1sainkat. K\u00f6zz\u00e9tett\u00fck a Magyar Energetika 2024. j\u00faniusi 2. sz\u00e1m\u00e1ban, illetve a L\u00e9vai Energia Akad\u00e9mia honlapj\u00e1n.<b><br \/>\n<\/b><\/p>\n<ul type=\"disc\">\n<li><b>Az ind\u00edt\u00f3 vitaanyag \u00e9s a k\u00e9t \u00f6sszegz\u0151 \u00edr\u00e1s el\u00e9rhet\u0151s\u00e9ge:\u00a0<\/b><b>\u00a0\u00a0\u00a0\u00a0\u00a0\u00a0\u00a0\u00a0<\/b><a href=\"http:\/\/energiaakademia.lapunk.hu\/publikacik-1191745\" data-auth=\"NotApplicable\" data-linkindex=\"0\"><b>PUBLIK\u00c1CI\u00d3K &#8211; ENERGIA (lapunk.hu)<\/b><\/a><\/li>\n<\/ul>\n<p>Az eddigi hozz\u00e1sz\u00f3l\u00e1sok \u00e9s azok kivonata a lenti Google Drive fel\u00fcleten tal\u00e1lhat\u00f3 meg.<br \/>\nK\u00f6zk\u00edv\u00e1natra &#8211; tov\u00e1bbi \u00e9rt\u00e9kes hozz\u00e1sz\u00f3l\u00e1sok rem\u00e9ny\u00e9ben \u2013 ugyanitt<b>\u00a0<\/b>elind\u00edtjuk a\u00a0<b>vita 2. szakasz\u00e1t\u00a0<\/b>(vitaz\u00e1r\u00e1s: 2024. dec. 31).<b><\/b><\/p>\n<ul type=\"disc\">\n<li><b>A vitaf\u00f3rum helye, a Google Drive fel\u00fclet\u00e9n:\u00a0 \u00a0\u00a0 \u00a0\u00a0\u00a0\u00a0\u00a0\u00a0\u00a0 \u00a0\u00a0\u00a0\u00a0\u00a0\u00a0\u00a0\u00a0\u00a0\u00a0\u00a0\u00a0\u00a0 \u00a0\u00a0<\/b><a href=\"https:\/\/docs.google.com\/document\/d\/1euIHbDoTzqm_qB8K8N-0luEgb0cFJvrqd6Vg4cllX4E\/edit\" data-auth=\"NotApplicable\" data-linkindex=\"1\"><b>ENERGIASTRAT\u00c9GIAI VITAANYAG \u2013 2023 &#8211; Google Dokumentumok<\/b><\/a><\/li>\n<\/ul>\n<p><b>\u00a0<\/b><\/p>\n<p>K\u00e9rj\u00fck, sz\u00edveskedjenek a max. 2 oldalas hozz\u00e1sz\u00f3l\u00e1saikat tov\u00e1bbra is t\u00f6m\u00f6ren \u00e9s l\u00e9nyegre t\u00f6rekv\u0151en megfogalmazni.<\/p>\n<p>Fontos lenne, hogy a nemzeti energiastrat\u00e9gia aktualiz\u00e1l\u00e1sa rendszerszint\u0171, komplex szeml\u00e9letben t\u00f6rt\u00e9njen. Orsz\u00e1gstrat\u00e9gi\u00e1ba illeszked\u0151, energetikai, gazdas\u00e1gi, \u00f6kol\u00f3giai, t\u00e1rsadalmi \u00e9s geostrat\u00e9giai szempontok figyelembev\u00e9tel\u00e9vel. Magyarorsz\u00e1g \u00e9rdekeit szolg\u00e1lja, ha a lehets\u00e9ges ir\u00e1nyok \u00e9s megold\u00e1sok vit\u00e1j\u00e1ban min\u00e9l t\u00f6bb kompetens szakember vesz r\u00e9szt.<\/p>\n<p><b>\u00a0<\/b><\/p>\n<p><b>Tisztelettel:<\/b><\/p>\n<p>a szerz\u0151k:\u00a0\u00a0\u00a0\u00a0\u00a0\u00a0\u00a0\u00a0\u00a0\u00a0\u00a0\u00a0\u00a0\u00a0\u00a0\u00a0\u00a0\u00a0\u00a0\u00a0\u00a0\u00a0\u00a0\u00a0\u00a0\u00a0 \u00a0\u00a0\u00a0 Dr. Kor\u00e9nyi Zolt\u00e1n\u00a0\u00a0\u00a0\u00a0\u00a0\u00a0\u00a0\u00a0\u00a0\u00a0\u00a0 Dr. Petz Ern\u0151<\/p>\n<p>el\u0151-lektorok \u00e9s kivonatol\u00f3k:\u00a0 \u00a0\u00a0 L\u00e1ng S\u00e1ndor\u00a0\u00a0\u00a0\u00a0\u00a0\u00a0\u00a0\u00a0\u00a0\u00a0\u00a0 \u00a0\u00a0\u00a0\u00a0\u00a0\u00a0\u00a0 Tompa Ferenc[\/vc_column_text][\/vc_column_inner][\/vc_row_inner][vc_column_text]<\/p>\n<div class=\"page\" title=\"Page 1\">\n<div class=\"section\">\n<div class=\"layoutArea\">\n<div class=\"column\">\n<h2 style=\"text-align: center;\">\u200bMagyar \u00c9rdemrend Lovagkereszt kit\u00fcntet\u00e9sben r\u00e9szes\u00fclt dr. Kiss Csaba termel\u00e9si vez\u00e9rigazgat\u00f3-helyettes\u200b<\/h2>\n<\/div>\n<\/div>\n<\/div>\n<\/div>\n<p>[\/vc_column_text][vc_separator][vc_row_inner][vc_column_inner][vc_single_image image=&#8221;9017&#8243;][vc_column_text]<\/p>\n<p style=\"font-weight: 400;\">Csaba t\u00f6bb mint 30 \u00e9vnyi nemzetk\u00f6zi \u00e9s hazai tapasztalattal rendelkezik a villamosenergia-iparban er\u0151m\u0171vek \u00fczemeltet\u00e9s\u00e9ben \u00e9s fejleszt\u00e9s\u00e9ben. P\u00e1lyafut\u00e1s\u00e1t az MVM Tr\u00f6szt csoporthoz tartoz\u00f3 Borsodi H\u0151er\u0151m\u0171ben kezdte 1986-ban, majd 1996-t\u00f3l az er\u0151m\u0171 privatiz\u00e1ci\u00f3j\u00e1t k\u00f6vet\u0151n az AES Corporation-n\u00e9l folytatta nemzetk\u00f6zi karrierj\u00e9t. 1996 \u00e9s 1999 k\u00f6z\u00f6tt mint projekt fejleszt\u00e9si igazgat\u00f3 dolgozott biomassza, CFB sz\u00e9n \u00e9s CCGT g\u00e1z er\u0151m\u0171vek fejleszt\u00e9s\u00e9n az USA-ban, Braz\u00edli\u00e1ban, Magyarorsz\u00e1gon \u00e9s egy\u00e9b eur\u00f3pai AES projektekben.<\/p>\n<p style=\"font-weight: 400;\">1999 \u00f3ta \u00fcgyvezet\u0151 igazgat\u00f3ja volt k\u00fcl\u00f6nb\u00f6z\u0151 t\u00edpus\u00fa er\u0151m\u0171veknek, t\u00f6bbek k\u00f6z\u00f6tt, az AES Borsodi, az AES Tiszapalkonya magyarorsz\u00e1gi er\u0151m\u0171veknek, majd k\u00e9t \u00e9vig Olaszorsz\u00e1gban is vezette az AES Ottana er\u0151m\u0171v\u00e9t. Energiatermel\u00e9si igazgat\u00f3ja volt az E.ON Hung\u00e1ria Zrt. magyarorsz\u00e1gi er\u0151m\u0171veinek. P\u00e1ly\u00e1ja sor\u00e1n az Alstom, majd GE Energy Zrt. er\u0151m\u0171szerv\u00edz \u00fczlet\u00e1g magyarorsz\u00e1gi \u00fcgyvezet\u0151 igazgat\u00f3ja volt, valamint a Paks II. Zrt. vez\u00e9rigazgat\u00f3 tan\u00e1csad\u00f3i feladat\u00e1t is ell\u00e1tta.<\/p>\n<p style=\"font-weight: 400;\">2018-ban csatlakozott az MVM Zrt-hez m\u0171szaki vez\u00e9rigazgat\u00f3-helyettesk\u00e9nt. Ir\u00e1ny\u00edt\u00e1sa alatt kezd\u0151d\u00f6tt el a fosszilis energiatermel\u0151 \u00e9s a m\u0171szaki szolg\u00e1ltat\u00f3 t\u00e1rsas\u00e1gok integr\u00e1ci\u00f3ja, illetve a ter\u00fclet\u00e9hez tartoz\u00f3 t\u00e1rsas\u00e1gi portf\u00f3li\u00f3 optimaliz\u00e1ci\u00f3ja, a meg\u00fajul\u00f3 energiatermel\u00e9si \u00fczlet\u00e1g fejleszt\u00e9se, illetve az \u00faj, CCGT technol\u00f3gi\u00e1ra \u00e9p\u00fcl\u0151 er\u0151m\u0171fejleszt\u00e9si projektek megalapoz\u00e1sa. 2020-t\u00f3l az MVM Zrt. termel\u00e9si vez\u00e9rigazgat\u00f3-helyettese. 2022. novembere \u00e9s 2023. m\u00e1jusa k\u00f6z\u00f6tt ell\u00e1tta az MVM M\u00e1tra Energia Zrt. \u00e9s az MVM Balance Zrt. vez\u00e9rigazgat\u00f3i feladatait, majd, azt k\u00f6vet\u0151en ism\u00e9t az MVM Zrt. termel\u00e9si vez\u00e9rigazgat\u00f3-helyettese.<\/p>\n<p style=\"font-weight: 400;\">M\u00e9r\u00e9s \u00e9s automatiz\u00e1l\u00e1si diplom\u00e1j\u00e1t k\u00f6vet\u0151en MBA diplom\u00e1j\u00e1t az angliai Buckinghamshire Chilterns University College-ban szerezte International Finance ter\u00fcleten, 2006-ban. A m\u0171szaki tudom\u00e1nyok doktora lett, Ph.D. diplom\u00e1j\u00e1t a b\u00e9csi University of Technology egyetem termodinamikai tansz\u00e9k\u00e9n szerezte 2011-ben. Doktori \u00e9rtekez\u00e9s\u00e9ben a magyar villamosenergia-ipar sz\u00e9ndioxid cs\u00f6kkent\u00e9s m\u00f3djait, kiemelten a CCS technol\u00f3gi\u00e1k alkalmaz\u00e1s\u00e1nak lehet\u0151s\u00e9geit kutatta.<\/p>\n<p style=\"font-weight: 400;\">T\u00f6bb k\u00fclf\u00f6ldi \u00e9s hazai tudom\u00e1nyos szervezet vezet\u0151 tiszts\u00e9gvisel\u0151je, mint a br\u00fcsszeli NuclearEurope igazgat\u00f3s\u00e1g tagja, az Energiagazd\u00e1lkod\u00e1si Tudom\u00e1nyos Egyes\u00fclet \u00e9s az Atomf\u00f3rum egyes\u00fclet eln\u00f6ke.<\/p>\n<p>&nbsp;<\/p>\n<p>&nbsp;<\/p>\n<p>&nbsp;<\/p>\n<p>&nbsp;[\/vc_column_text][vc_separator color=&#8221;blue&#8221; border_width=&#8221;3&#8243;][\/vc_column_inner][\/vc_row_inner][vc_column_text]<\/p>\n<div class=\"page\" title=\"Page 1\">\n<div class=\"section\">\n<div class=\"layoutArea\">\n<div class=\"column\">\n<h2 style=\"text-align: center;\"><strong>CAT\u00ae VILLAMOSENERGIA-TA\u0301ROLA\u0301SI MEGOLDA\u0301SOK\u00a0<\/strong><\/h2>\n<\/div>\n<\/div>\n<\/div>\n<\/div>\n<p>[\/vc_column_text][vc_row_inner][vc_column_inner][vc_column_text]<img loading=\"lazy\" decoding=\"async\" class=\"alignleft wp-image-9013 size-full\" src=\"https:\/\/mket.hu\/wp-content\/uploads\/2024\/07\/Caterpillar-energiatarolok1-scaled.jpg\" alt=\"\" width=\"2560\" height=\"1804\" srcset=\"https:\/\/mket.hu\/wp-content\/uploads\/2024\/07\/Caterpillar-energiatarolok1-scaled.jpg 2560w, https:\/\/mket.hu\/wp-content\/uploads\/2024\/07\/Caterpillar-energiatarolok1-300x211.jpg 300w, https:\/\/mket.hu\/wp-content\/uploads\/2024\/07\/Caterpillar-energiatarolok1-1024x722.jpg 1024w, https:\/\/mket.hu\/wp-content\/uploads\/2024\/07\/Caterpillar-energiatarolok1-768x541.jpg 768w, https:\/\/mket.hu\/wp-content\/uploads\/2024\/07\/Caterpillar-energiatarolok1-1536x1082.jpg 1536w, https:\/\/mket.hu\/wp-content\/uploads\/2024\/07\/Caterpillar-energiatarolok1-2048x1443.jpg 2048w, https:\/\/mket.hu\/wp-content\/uploads\/2024\/07\/Caterpillar-energiatarolok1-390x275.jpg 390w\" sizes=\"auto, (max-width: 2560px) 100vw, 2560px\" \/><img loading=\"lazy\" decoding=\"async\" class=\"alignnone wp-image-9012 size-full\" src=\"https:\/\/mket.hu\/wp-content\/uploads\/2024\/07\/Caterpillar-energiatarolok_2-scaled.jpg\" alt=\"\" width=\"2560\" height=\"1804\" srcset=\"https:\/\/mket.hu\/wp-content\/uploads\/2024\/07\/Caterpillar-energiatarolok_2-scaled.jpg 2560w, https:\/\/mket.hu\/wp-content\/uploads\/2024\/07\/Caterpillar-energiatarolok_2-300x211.jpg 300w, https:\/\/mket.hu\/wp-content\/uploads\/2024\/07\/Caterpillar-energiatarolok_2-1024x722.jpg 1024w, https:\/\/mket.hu\/wp-content\/uploads\/2024\/07\/Caterpillar-energiatarolok_2-768x541.jpg 768w, https:\/\/mket.hu\/wp-content\/uploads\/2024\/07\/Caterpillar-energiatarolok_2-1536x1082.jpg 1536w, https:\/\/mket.hu\/wp-content\/uploads\/2024\/07\/Caterpillar-energiatarolok_2-2048x1443.jpg 2048w, https:\/\/mket.hu\/wp-content\/uploads\/2024\/07\/Caterpillar-energiatarolok_2-390x275.jpg 390w\" sizes=\"auto, (max-width: 2560px) 100vw, 2560px\" \/>[\/vc_column_text][vc_column_text]&nbsp;<\/p>\n<p>&nbsp;<\/p>\n<p>&nbsp;<\/p>\n<p>&nbsp;[\/vc_column_text][\/vc_column_inner][\/vc_row_inner][vc_column_text]<\/p>\n<div class=\"page\" title=\"Page 1\">\n<div class=\"layoutArea\">\n<div class=\"column\">\n<p style=\"text-align: center;\"><a href=\"https:\/\/mket.hu\/wp-content\/uploads\/2024\/01\/Kepernyofoto-2024-01-19-13.42.02.png\"><img loading=\"lazy\" decoding=\"async\" class=\"size-medium wp-image-8920 aligncenter\" src=\"https:\/\/mket.hu\/wp-content\/uploads\/2024\/01\/Kepernyofoto-2024-01-19-13.42.02-300x297.png\" alt=\"\" width=\"300\" height=\"297\" srcset=\"https:\/\/mket.hu\/wp-content\/uploads\/2024\/01\/Kepernyofoto-2024-01-19-13.42.02-300x297.png 300w, https:\/\/mket.hu\/wp-content\/uploads\/2024\/01\/Kepernyofoto-2024-01-19-13.42.02-150x150.png 150w, https:\/\/mket.hu\/wp-content\/uploads\/2024\/01\/Kepernyofoto-2024-01-19-13.42.02-768x760.png 768w, https:\/\/mket.hu\/wp-content\/uploads\/2024\/01\/Kepernyofoto-2024-01-19-13.42.02-100x100.png 100w, https:\/\/mket.hu\/wp-content\/uploads\/2024\/01\/Kepernyofoto-2024-01-19-13.42.02.png 780w\" sizes=\"auto, (max-width: 300px) 100vw, 300px\" \/><\/a><\/p>\n<\/div>\n<\/div>\n<\/div>\n<p>[\/vc_column_text][vc_custom_heading text=&#8221;ENERGIASTRAT\u00c9GIAI VITAANYAG \u2013 2023&#8243; font_container=&#8221;tag:h2|text_align:center&#8221;][\/vc_column][vc_column][\/vc_column][\/vc_row][vc_row][vc_column][vc_row_inner][vc_column_inner][vc_single_image image=&#8221;9023&#8243; img_size=&#8221;&#8221; alignment=&#8221;center&#8221;][\/vc_column_inner][\/vc_row_inner][vc_row_inner][vc_column_inner][vc_column_text]A 2023. esztend\u0151 december\u00e9ben, az energiav\u00e1ls\u00e1g\u00a0tanuls\u00e1gaib\u00f3l kiindulva &#8211;\u00a0<b>egy\u00fctt-gondolkod\u00e1sra biztatva &#8211;<\/b>\u00a0egy szakmai vitaanyag k\u00f6zz\u00e9t\u00e9tel\u00e9vel energiastrat\u00e9giai vitaf\u00f3rumot ind\u00edtottunk a Google Drive fel\u00fcleten. A L\u00c9VAI ENERGIA AKAD\u00c9MIA F\u00d3RUM (LEF) kereteiben lebonyol\u00edtott eszmecsere c\u00e9lkit\u0171z\u00e9se, hogy civil energetikai szakemberek k\u00f6zrem\u0171k\u00f6d\u00e9s\u00e9vel egy\u00a0szakmai seg\u00e9danyag ker\u00fclj\u00f6n a d\u00f6nt\u00e9seket el\u0151k\u00e9sz\u00edt\u0151 szakemberek asztal\u00e1ra. Ennek \u00f6sszegz\u00e9s\u00e9t tessz\u00fck k\u00f6zz\u00e9, az al\u00e1bbiakban.<\/p>\n<p>Tizenegy egy\u00e9ni \u00e9s egy test\u00fcleti hozz\u00e1sz\u00f3l\u00e1s figyelembev\u00e9tel\u00e9vel elk\u00e9sz\u00edtett\u00fck a\u00a0<b>Vitaf\u00f3rum \u00f6sszegz\u00e9s I. r\u00e9sz<\/b>\u00a0\u00e9s a\u00a0<b>Vitaf\u00f3rum \u00f6sszegz\u00e9s II. r\u00e9sz<\/b>\u00a0c\u00edm\u0171 \u00edr\u00e1sainkat. K\u00f6zz\u00e9tett\u00fck a Magyar Energetika 2024. j\u00faniusi 2. sz\u00e1m\u00e1ban, illetve a L\u00e9vai Energia Akad\u00e9mia honlapj\u00e1n.<b><br \/>\n<\/b><\/p>\n<ul type=\"disc\">\n<li><b>Az ind\u00edt\u00f3 vitaanyag \u00e9s a k\u00e9t \u00f6sszegz\u0151 \u00edr\u00e1s el\u00e9rhet\u0151s\u00e9ge:\u00a0<\/b><b>\u00a0\u00a0\u00a0\u00a0\u00a0\u00a0\u00a0\u00a0<\/b><a href=\"http:\/\/energiaakademia.lapunk.hu\/publikacik-1191745\" data-auth=\"NotApplicable\" data-linkindex=\"0\"><b>PUBLIK\u00c1CI\u00d3K &#8211; ENERGIA (lapunk.hu)<\/b><\/a><\/li>\n<\/ul>\n<p>Az eddigi hozz\u00e1sz\u00f3l\u00e1sok \u00e9s azok kivonata a lenti Google Drive fel\u00fcleten tal\u00e1lhat\u00f3 meg.<br \/>\nK\u00f6zk\u00edv\u00e1natra &#8211; tov\u00e1bbi \u00e9rt\u00e9kes hozz\u00e1sz\u00f3l\u00e1sok rem\u00e9ny\u00e9ben \u2013 ugyanitt<b>\u00a0<\/b>elind\u00edtjuk a\u00a0<b>vita 2. szakasz\u00e1t\u00a0<\/b>(vitaz\u00e1r\u00e1s: 2024. dec. 31).<b><\/b><\/p>\n<ul type=\"disc\">\n<li><b>A vitaf\u00f3rum helye, a Google Drive fel\u00fclet\u00e9n:\u00a0 \u00a0\u00a0 \u00a0\u00a0\u00a0\u00a0\u00a0\u00a0\u00a0 \u00a0\u00a0\u00a0\u00a0\u00a0\u00a0\u00a0\u00a0\u00a0\u00a0\u00a0\u00a0\u00a0 \u00a0\u00a0<\/b><a href=\"https:\/\/docs.google.com\/document\/d\/1euIHbDoTzqm_qB8K8N-0luEgb0cFJvrqd6Vg4cllX4E\/edit\" data-auth=\"NotApplicable\" data-linkindex=\"1\"><b>ENERGIASTRAT\u00c9GIAI VITAANYAG \u2013 2023 &#8211; Google Dokumentumok<\/b><\/a><\/li>\n<\/ul>\n<p><b>\u00a0<\/b><\/p>\n<p>K\u00e9rj\u00fck, sz\u00edveskedjenek a max. 2 oldalas hozz\u00e1sz\u00f3l\u00e1saikat tov\u00e1bbra is t\u00f6m\u00f6ren \u00e9s l\u00e9nyegre t\u00f6rekv\u0151en megfogalmazni.<\/p>\n<p>Fontos lenne, hogy a nemzeti energiastrat\u00e9gia aktualiz\u00e1l\u00e1sa rendszerszint\u0171, komplex szeml\u00e9letben t\u00f6rt\u00e9njen. Orsz\u00e1gstrat\u00e9gi\u00e1ba illeszked\u0151, energetikai, gazdas\u00e1gi, \u00f6kol\u00f3giai, t\u00e1rsadalmi \u00e9s geostrat\u00e9giai szempontok figyelembev\u00e9tel\u00e9vel. Magyarorsz\u00e1g \u00e9rdekeit szolg\u00e1lja, ha a lehets\u00e9ges ir\u00e1nyok \u00e9s megold\u00e1sok vit\u00e1j\u00e1ban min\u00e9l t\u00f6bb kompetens szakember vesz r\u00e9szt.<\/p>\n<p><b>\u00a0<\/b><\/p>\n<p><b>Tisztelettel:<\/b><\/p>\n<p>a szerz\u0151k:\u00a0\u00a0\u00a0\u00a0\u00a0\u00a0\u00a0\u00a0\u00a0\u00a0\u00a0\u00a0\u00a0\u00a0\u00a0\u00a0\u00a0\u00a0\u00a0\u00a0\u00a0\u00a0\u00a0\u00a0\u00a0\u00a0 \u00a0\u00a0\u00a0 Dr. Kor\u00e9nyi Zolt\u00e1n\u00a0\u00a0\u00a0\u00a0\u00a0\u00a0\u00a0\u00a0\u00a0\u00a0\u00a0 Dr. Petz Ern\u0151<\/p>\n<p>el\u0151-lektorok \u00e9s kivonatol\u00f3k:\u00a0 \u00a0\u00a0 L\u00e1ng S\u00e1ndor\u00a0\u00a0\u00a0\u00a0\u00a0\u00a0\u00a0\u00a0\u00a0\u00a0\u00a0 \u00a0\u00a0\u00a0\u00a0\u00a0\u00a0\u00a0 Tompa Ferenc[\/vc_column_text][\/vc_column_inner][\/vc_row_inner][vc_column_text]<\/p>\n<div class=\"page\" title=\"Page 1\">\n<div class=\"section\">\n<div class=\"layoutArea\">\n<div class=\"column\">\n<h2 style=\"text-align: center;\">\u200bMagyar \u00c9rdemrend Lovagkereszt kit\u00fcntet\u00e9sben r\u00e9szes\u00fclt dr. Kiss Csaba termel\u00e9si vez\u00e9rigazgat\u00f3-helyettes\u200b<\/h2>\n<\/div>\n<\/div>\n<\/div>\n<\/div>\n<p>[\/vc_column_text][vc_separator][vc_row_inner][vc_column_inner][vc_single_image image=&#8221;9017&#8243;][vc_column_text]<\/p>\n<p style=\"font-weight: 400;\">Csaba t\u00f6bb mint 30 \u00e9vnyi nemzetk\u00f6zi \u00e9s hazai tapasztalattal rendelkezik a villamosenergia-iparban er\u0151m\u0171vek \u00fczemeltet\u00e9s\u00e9ben \u00e9s fejleszt\u00e9s\u00e9ben. P\u00e1lyafut\u00e1s\u00e1t az MVM Tr\u00f6szt csoporthoz tartoz\u00f3 Borsodi H\u0151er\u0151m\u0171ben kezdte 1986-ban, majd 1996-t\u00f3l az er\u0151m\u0171 privatiz\u00e1ci\u00f3j\u00e1t k\u00f6vet\u0151n az AES Corporation-n\u00e9l folytatta nemzetk\u00f6zi karrierj\u00e9t. 1996 \u00e9s 1999 k\u00f6z\u00f6tt mint projekt fejleszt\u00e9si igazgat\u00f3 dolgozott biomassza, CFB sz\u00e9n \u00e9s CCGT g\u00e1z er\u0151m\u0171vek fejleszt\u00e9s\u00e9n az USA-ban, Braz\u00edli\u00e1ban, Magyarorsz\u00e1gon \u00e9s egy\u00e9b eur\u00f3pai AES projektekben.<\/p>\n<p style=\"font-weight: 400;\">1999 \u00f3ta \u00fcgyvezet\u0151 igazgat\u00f3ja volt k\u00fcl\u00f6nb\u00f6z\u0151 t\u00edpus\u00fa er\u0151m\u0171veknek, t\u00f6bbek k\u00f6z\u00f6tt, az AES Borsodi, az AES Tiszapalkonya magyarorsz\u00e1gi er\u0151m\u0171veknek, majd k\u00e9t \u00e9vig Olaszorsz\u00e1gban is vezette az AES Ottana er\u0151m\u0171v\u00e9t. Energiatermel\u00e9si igazgat\u00f3ja volt az E.ON Hung\u00e1ria Zrt. magyarorsz\u00e1gi er\u0151m\u0171veinek. P\u00e1ly\u00e1ja sor\u00e1n az Alstom, majd GE Energy Zrt. er\u0151m\u0171szerv\u00edz \u00fczlet\u00e1g magyarorsz\u00e1gi \u00fcgyvezet\u0151 igazgat\u00f3ja volt, valamint a Paks II. Zrt. vez\u00e9rigazgat\u00f3 tan\u00e1csad\u00f3i feladat\u00e1t is ell\u00e1tta.<\/p>\n<p style=\"font-weight: 400;\">2018-ban csatlakozott az MVM Zrt-hez m\u0171szaki vez\u00e9rigazgat\u00f3-helyettesk\u00e9nt. Ir\u00e1ny\u00edt\u00e1sa alatt kezd\u0151d\u00f6tt el a fosszilis energiatermel\u0151 \u00e9s a m\u0171szaki szolg\u00e1ltat\u00f3 t\u00e1rsas\u00e1gok integr\u00e1ci\u00f3ja, illetve a ter\u00fclet\u00e9hez tartoz\u00f3 t\u00e1rsas\u00e1gi portf\u00f3li\u00f3 optimaliz\u00e1ci\u00f3ja, a meg\u00fajul\u00f3 energiatermel\u00e9si \u00fczlet\u00e1g fejleszt\u00e9se, illetve az \u00faj, CCGT technol\u00f3gi\u00e1ra \u00e9p\u00fcl\u0151 er\u0151m\u0171fejleszt\u00e9si projektek megalapoz\u00e1sa. 2020-t\u00f3l az MVM Zrt. termel\u00e9si vez\u00e9rigazgat\u00f3-helyettese. 2022. novembere \u00e9s 2023. m\u00e1jusa k\u00f6z\u00f6tt ell\u00e1tta az MVM M\u00e1tra Energia Zrt. \u00e9s az MVM Balance Zrt. vez\u00e9rigazgat\u00f3i feladatait, majd, azt k\u00f6vet\u0151en ism\u00e9t az MVM Zrt. termel\u00e9si vez\u00e9rigazgat\u00f3-helyettese.<\/p>\n<p style=\"font-weight: 400;\">M\u00e9r\u00e9s \u00e9s automatiz\u00e1l\u00e1si diplom\u00e1j\u00e1t k\u00f6vet\u0151en MBA diplom\u00e1j\u00e1t az angliai Buckinghamshire Chilterns University College-ban szerezte International Finance ter\u00fcleten, 2006-ban. A m\u0171szaki tudom\u00e1nyok doktora lett, Ph.D. diplom\u00e1j\u00e1t a b\u00e9csi University of Technology egyetem termodinamikai tansz\u00e9k\u00e9n szerezte 2011-ben. Doktori \u00e9rtekez\u00e9s\u00e9ben a magyar villamosenergia-ipar sz\u00e9ndioxid cs\u00f6kkent\u00e9s m\u00f3djait, kiemelten a CCS technol\u00f3gi\u00e1k alkalmaz\u00e1s\u00e1nak lehet\u0151s\u00e9geit kutatta.<\/p>\n<p style=\"font-weight: 400;\">T\u00f6bb k\u00fclf\u00f6ldi \u00e9s hazai tudom\u00e1nyos szervezet vezet\u0151 tiszts\u00e9gvisel\u0151je, mint a br\u00fcsszeli NuclearEurope igazgat\u00f3s\u00e1g tagja, az Energiagazd\u00e1lkod\u00e1si Tudom\u00e1nyos Egyes\u00fclet \u00e9s az Atomf\u00f3rum egyes\u00fclet eln\u00f6ke.<\/p>\n<p>&nbsp;<\/p>\n<p>&nbsp;<\/p>\n<p>&nbsp;<\/p>\n<p>&nbsp;[\/vc_column_text][vc_separator color=&#8221;blue&#8221; border_width=&#8221;3&#8243;][\/vc_column_inner][\/vc_row_inner][vc_column_text]<\/p>\n<div class=\"page\" title=\"Page 1\">\n<div class=\"section\">\n<div class=\"layoutArea\">\n<div class=\"column\">\n<h2 style=\"text-align: center;\"><strong>CAT\u00ae VILLAMOSENERGIA-TA\u0301ROLA\u0301SI MEGOLDA\u0301SOK\u00a0<\/strong><\/h2>\n<\/div>\n<\/div>\n<\/div>\n<\/div>\n<p>[\/vc_column_text][vc_row_inner][vc_column_inner][vc_column_text]<img loading=\"lazy\" decoding=\"async\" class=\"alignleft wp-image-9013 size-full\" src=\"https:\/\/mket.hu\/wp-content\/uploads\/2024\/07\/Caterpillar-energiatarolok1-scaled.jpg\" alt=\"\" width=\"2560\" height=\"1804\" srcset=\"https:\/\/mket.hu\/wp-content\/uploads\/2024\/07\/Caterpillar-energiatarolok1-scaled.jpg 2560w, https:\/\/mket.hu\/wp-content\/uploads\/2024\/07\/Caterpillar-energiatarolok1-300x211.jpg 300w, https:\/\/mket.hu\/wp-content\/uploads\/2024\/07\/Caterpillar-energiatarolok1-1024x722.jpg 1024w, https:\/\/mket.hu\/wp-content\/uploads\/2024\/07\/Caterpillar-energiatarolok1-768x541.jpg 768w, https:\/\/mket.hu\/wp-content\/uploads\/2024\/07\/Caterpillar-energiatarolok1-1536x1082.jpg 1536w, https:\/\/mket.hu\/wp-content\/uploads\/2024\/07\/Caterpillar-energiatarolok1-2048x1443.jpg 2048w, https:\/\/mket.hu\/wp-content\/uploads\/2024\/07\/Caterpillar-energiatarolok1-390x275.jpg 390w\" sizes=\"auto, (max-width: 2560px) 100vw, 2560px\" \/><img loading=\"lazy\" decoding=\"async\" class=\"alignnone wp-image-9012 size-full\" src=\"https:\/\/mket.hu\/wp-content\/uploads\/2024\/07\/Caterpillar-energiatarolok_2-scaled.jpg\" alt=\"\" width=\"2560\" height=\"1804\" srcset=\"https:\/\/mket.hu\/wp-content\/uploads\/2024\/07\/Caterpillar-energiatarolok_2-scaled.jpg 2560w, https:\/\/mket.hu\/wp-content\/uploads\/2024\/07\/Caterpillar-energiatarolok_2-300x211.jpg 300w, https:\/\/mket.hu\/wp-content\/uploads\/2024\/07\/Caterpillar-energiatarolok_2-1024x722.jpg 1024w, https:\/\/mket.hu\/wp-content\/uploads\/2024\/07\/Caterpillar-energiatarolok_2-768x541.jpg 768w, https:\/\/mket.hu\/wp-content\/uploads\/2024\/07\/Caterpillar-energiatarolok_2-1536x1082.jpg 1536w, https:\/\/mket.hu\/wp-content\/uploads\/2024\/07\/Caterpillar-energiatarolok_2-2048x1443.jpg 2048w, https:\/\/mket.hu\/wp-content\/uploads\/2024\/07\/Caterpillar-energiatarolok_2-390x275.jpg 390w\" sizes=\"auto, (max-width: 2560px) 100vw, 2560px\" \/>[\/vc_column_text][vc_column_text]&nbsp;<\/p>\n<p>&nbsp;<\/p>\n<p>&nbsp;<\/p>\n<p>&nbsp;[\/vc_column_text][\/vc_column_inner][\/vc_row_inner][vc_column_text]<\/p>\n<div class=\"page\" title=\"Page 1\">\n<div class=\"layoutArea\">\n<div class=\"column\">\n<p style=\"text-align: center;\"><a href=\"https:\/\/mket.hu\/wp-content\/uploads\/2024\/01\/Kepernyofoto-2024-01-19-13.42.02.png\"><img loading=\"lazy\" decoding=\"async\" class=\"size-medium wp-image-8920 aligncenter\" src=\"https:\/\/mket.hu\/wp-content\/uploads\/2024\/01\/Kepernyofoto-2024-01-19-13.42.02-300x297.png\" alt=\"\" width=\"300\" height=\"297\" srcset=\"https:\/\/mket.hu\/wp-content\/uploads\/2024\/01\/Kepernyofoto-2024-01-19-13.42.02-300x297.png 300w, https:\/\/mket.hu\/wp-content\/uploads\/2024\/01\/Kepernyofoto-2024-01-19-13.42.02-150x150.png 150w, https:\/\/mket.hu\/wp-content\/uploads\/2024\/01\/Kepernyofoto-2024-01-19-13.42.02-768x760.png 768w, https:\/\/mket.hu\/wp-content\/uploads\/2024\/01\/Kepernyofoto-2024-01-19-13.42.02-100x100.png 100w, https:\/\/mket.hu\/wp-content\/uploads\/2024\/01\/Kepernyofoto-2024-01-19-13.42.02.png 780w\" sizes=\"auto, (max-width: 300px) 100vw, 300px\" \/><\/a><\/p>\n<\/div>\n<\/div>\n<\/div>\n<p>[\/vc_column_text][vc_custom_heading text=&#8221;ENERGIASTRAT\u00c9GIAI VITAANYAG \u2013 2023&#8243; font_container=&#8221;tag:h2|text_align:center&#8221;][\/vc_column][vc_column][\/vc_column][\/vc_row][vc_row][vc_column][vc_separator][vc_row_inner][vc_column_inner][vc_column_text]<\/p>\n<div class=\"page\" title=\"Page 1\">\n<div class=\"section\">\n<div class=\"layoutArea\">\n<div class=\"column\">\n<h2 style=\"text-align: center;\"><strong>CAT\u00ae VILLAMOSENERGIA-TA\u0301ROLA\u0301SI MEGOLDA\u0301SOK\u00a0<\/strong><\/h2>\n<\/div>\n<\/div>\n<\/div>\n<\/div>\n<p>[\/vc_column_text][\/vc_column_inner][\/vc_row_inner][vc_row_inner][vc_column_inner][vc_column_text]<img loading=\"lazy\" decoding=\"async\" class=\"alignleft wp-image-9013 size-full\" src=\"https:\/\/mket.hu\/wp-content\/uploads\/2024\/07\/Caterpillar-energiatarolok1-scaled.jpg\" alt=\"\" width=\"2560\" height=\"1804\" srcset=\"https:\/\/mket.hu\/wp-content\/uploads\/2024\/07\/Caterpillar-energiatarolok1-scaled.jpg 2560w, https:\/\/mket.hu\/wp-content\/uploads\/2024\/07\/Caterpillar-energiatarolok1-300x211.jpg 300w, https:\/\/mket.hu\/wp-content\/uploads\/2024\/07\/Caterpillar-energiatarolok1-1024x722.jpg 1024w, https:\/\/mket.hu\/wp-content\/uploads\/2024\/07\/Caterpillar-energiatarolok1-768x541.jpg 768w, https:\/\/mket.hu\/wp-content\/uploads\/2024\/07\/Caterpillar-energiatarolok1-1536x1082.jpg 1536w, https:\/\/mket.hu\/wp-content\/uploads\/2024\/07\/Caterpillar-energiatarolok1-2048x1443.jpg 2048w, https:\/\/mket.hu\/wp-content\/uploads\/2024\/07\/Caterpillar-energiatarolok1-390x275.jpg 390w\" sizes=\"auto, (max-width: 2560px) 100vw, 2560px\" \/><img loading=\"lazy\" decoding=\"async\" class=\"alignnone wp-image-9012 size-full\" src=\"https:\/\/mket.hu\/wp-content\/uploads\/2024\/07\/Caterpillar-energiatarolok_2-scaled.jpg\" alt=\"\" width=\"2560\" height=\"1804\" srcset=\"https:\/\/mket.hu\/wp-content\/uploads\/2024\/07\/Caterpillar-energiatarolok_2-scaled.jpg 2560w, https:\/\/mket.hu\/wp-content\/uploads\/2024\/07\/Caterpillar-energiatarolok_2-300x211.jpg 300w, https:\/\/mket.hu\/wp-content\/uploads\/2024\/07\/Caterpillar-energiatarolok_2-1024x722.jpg 1024w, https:\/\/mket.hu\/wp-content\/uploads\/2024\/07\/Caterpillar-energiatarolok_2-768x541.jpg 768w, https:\/\/mket.hu\/wp-content\/uploads\/2024\/07\/Caterpillar-energiatarolok_2-1536x1082.jpg 1536w, https:\/\/mket.hu\/wp-content\/uploads\/2024\/07\/Caterpillar-energiatarolok_2-2048x1443.jpg 2048w, https:\/\/mket.hu\/wp-content\/uploads\/2024\/07\/Caterpillar-energiatarolok_2-390x275.jpg 390w\" sizes=\"auto, (max-width: 2560px) 100vw, 2560px\" \/>[\/vc_column_text][vc_column_text]&nbsp;<\/p>\n<p>&nbsp;<\/p>\n<p>&nbsp;<\/p>\n<p>&nbsp;[\/vc_column_text][\/vc_column_inner][\/vc_row_inner][vc_column_text]<\/p>\n<div class=\"page\" title=\"Page 1\">\n<div class=\"layoutArea\">\n<div class=\"column\">\n<p style=\"text-align: center;\"><a href=\"https:\/\/mket.hu\/wp-content\/uploads\/2024\/01\/Kepernyofoto-2024-01-19-13.42.02.png\"><img loading=\"lazy\" decoding=\"async\" class=\"size-medium wp-image-8920 aligncenter\" src=\"https:\/\/mket.hu\/wp-content\/uploads\/2024\/01\/Kepernyofoto-2024-01-19-13.42.02-300x297.png\" alt=\"\" width=\"300\" height=\"297\" srcset=\"https:\/\/mket.hu\/wp-content\/uploads\/2024\/01\/Kepernyofoto-2024-01-19-13.42.02-300x297.png 300w, https:\/\/mket.hu\/wp-content\/uploads\/2024\/01\/Kepernyofoto-2024-01-19-13.42.02-150x150.png 150w, https:\/\/mket.hu\/wp-content\/uploads\/2024\/01\/Kepernyofoto-2024-01-19-13.42.02-768x760.png 768w, https:\/\/mket.hu\/wp-content\/uploads\/2024\/01\/Kepernyofoto-2024-01-19-13.42.02-100x100.png 100w, https:\/\/mket.hu\/wp-content\/uploads\/2024\/01\/Kepernyofoto-2024-01-19-13.42.02.png 780w\" sizes=\"auto, (max-width: 300px) 100vw, 300px\" \/><\/a><\/p>\n<\/div>\n<\/div>\n<\/div>\n<p>[\/vc_column_text][vc_custom_heading text=&#8221;ENERGIASTRAT\u00c9GIAI VITAANYAG \u2013 2023&#8243; font_container=&#8221;tag:h2|text_align:center&#8221;][\/vc_column][vc_column][\/vc_column][\/vc_row][vc_row][vc_column][vc_separator][vc_row_inner][vc_column_inner][vc_column_text]<\/p>\n<div class=\"page\" title=\"Page 1\">\n<div class=\"section\">\n<div class=\"layoutArea\">\n<div class=\"column\">\n<h2 style=\"text-align: center;\"><strong>CAT\u00ae VILLAMOSENERGIA-TA\u0301ROLA\u0301SI MEGOLDA\u0301SOK\u00a0<\/strong><\/h2>\n<\/div>\n<\/div>\n<\/div>\n<\/div>\n<p>[\/vc_column_text][\/vc_column_inner][\/vc_row_inner][vc_row_inner][vc_column_inner][vc_column_text]<img loading=\"lazy\" decoding=\"async\" class=\"alignleft wp-image-9013 size-full\" src=\"https:\/\/mket.hu\/wp-content\/uploads\/2024\/07\/Caterpillar-energiatarolok1-scaled.jpg\" alt=\"\" width=\"2560\" height=\"1804\" srcset=\"https:\/\/mket.hu\/wp-content\/uploads\/2024\/07\/Caterpillar-energiatarolok1-scaled.jpg 2560w, https:\/\/mket.hu\/wp-content\/uploads\/2024\/07\/Caterpillar-energiatarolok1-300x211.jpg 300w, https:\/\/mket.hu\/wp-content\/uploads\/2024\/07\/Caterpillar-energiatarolok1-1024x722.jpg 1024w, https:\/\/mket.hu\/wp-content\/uploads\/2024\/07\/Caterpillar-energiatarolok1-768x541.jpg 768w, https:\/\/mket.hu\/wp-content\/uploads\/2024\/07\/Caterpillar-energiatarolok1-1536x1082.jpg 1536w, https:\/\/mket.hu\/wp-content\/uploads\/2024\/07\/Caterpillar-energiatarolok1-2048x1443.jpg 2048w, https:\/\/mket.hu\/wp-content\/uploads\/2024\/07\/Caterpillar-energiatarolok1-390x275.jpg 390w\" sizes=\"auto, (max-width: 2560px) 100vw, 2560px\" \/><img loading=\"lazy\" decoding=\"async\" class=\"alignnone wp-image-9012 size-full\" src=\"https:\/\/mket.hu\/wp-content\/uploads\/2024\/07\/Caterpillar-energiatarolok_2-scaled.jpg\" alt=\"\" width=\"2560\" height=\"1804\" srcset=\"https:\/\/mket.hu\/wp-content\/uploads\/2024\/07\/Caterpillar-energiatarolok_2-scaled.jpg 2560w, https:\/\/mket.hu\/wp-content\/uploads\/2024\/07\/Caterpillar-energiatarolok_2-300x211.jpg 300w, https:\/\/mket.hu\/wp-content\/uploads\/2024\/07\/Caterpillar-energiatarolok_2-1024x722.jpg 1024w, https:\/\/mket.hu\/wp-content\/uploads\/2024\/07\/Caterpillar-energiatarolok_2-768x541.jpg 768w, https:\/\/mket.hu\/wp-content\/uploads\/2024\/07\/Caterpillar-energiatarolok_2-1536x1082.jpg 1536w, https:\/\/mket.hu\/wp-content\/uploads\/2024\/07\/Caterpillar-energiatarolok_2-2048x1443.jpg 2048w, https:\/\/mket.hu\/wp-content\/uploads\/2024\/07\/Caterpillar-energiatarolok_2-390x275.jpg 390w\" sizes=\"auto, (max-width: 2560px) 100vw, 2560px\" \/>[\/vc_column_text][vc_column_text]&nbsp;<\/p>\n<p>&nbsp;<\/p>\n<p>&nbsp;<\/p>\n<p>&nbsp;[\/vc_column_text][\/vc_column_inner][\/vc_row_inner][vc_column_text]<\/p>\n<div class=\"page\" title=\"Page 1\">\n<div class=\"layoutArea\">\n<div class=\"column\">\n<p style=\"text-align: center;\"><a href=\"https:\/\/mket.hu\/wp-content\/uploads\/2024\/01\/Kepernyofoto-2024-01-19-13.42.02.png\"><img loading=\"lazy\" decoding=\"async\" class=\"size-medium wp-image-8920 aligncenter\" src=\"https:\/\/mket.hu\/wp-content\/uploads\/2024\/01\/Kepernyofoto-2024-01-19-13.42.02-300x297.png\" alt=\"\" width=\"300\" height=\"297\" srcset=\"https:\/\/mket.hu\/wp-content\/uploads\/2024\/01\/Kepernyofoto-2024-01-19-13.42.02-300x297.png 300w, https:\/\/mket.hu\/wp-content\/uploads\/2024\/01\/Kepernyofoto-2024-01-19-13.42.02-150x150.png 150w, https:\/\/mket.hu\/wp-content\/uploads\/2024\/01\/Kepernyofoto-2024-01-19-13.42.02-768x760.png 768w, https:\/\/mket.hu\/wp-content\/uploads\/2024\/01\/Kepernyofoto-2024-01-19-13.42.02-100x100.png 100w, https:\/\/mket.hu\/wp-content\/uploads\/2024\/01\/Kepernyofoto-2024-01-19-13.42.02.png 780w\" sizes=\"auto, (max-width: 300px) 100vw, 300px\" \/><\/a><\/p>\n<\/div>\n<\/div>\n<\/div>\n<p>[\/vc_column_text][vc_custom_heading text=&#8221;ENERGIASTRAT\u00c9GIAI VITAANYAG \u2013 2023&#8243; font_container=&#8221;tag:h2|text_align:center&#8221;][\/vc_column][\/vc_row][vc_row][vc_column][vc_separator][vc_row_inner][vc_column_inner][vc_column_text]<\/p>\n<div class=\"page\" title=\"Page 1\">\n<div class=\"section\">\n<div class=\"layoutArea\">\n<div class=\"column\">\n<h2 style=\"text-align: center;\"><strong>CAT\u00ae VILLAMOSENERGIA-TA\u0301ROLA\u0301SI MEGOLDA\u0301SOK\u00a0<\/strong><\/h2>\n<\/div>\n<\/div>\n<\/div>\n<\/div>\n<p>[\/vc_column_text][\/vc_column_inner][\/vc_row_inner][vc_row_inner][vc_column_inner][vc_column_text]<img loading=\"lazy\" decoding=\"async\" class=\"alignleft wp-image-9013 size-full\" src=\"https:\/\/mket.hu\/wp-content\/uploads\/2024\/07\/Caterpillar-energiatarolok1-scaled.jpg\" alt=\"\" width=\"2560\" height=\"1804\" srcset=\"https:\/\/mket.hu\/wp-content\/uploads\/2024\/07\/Caterpillar-energiatarolok1-scaled.jpg 2560w, https:\/\/mket.hu\/wp-content\/uploads\/2024\/07\/Caterpillar-energiatarolok1-300x211.jpg 300w, https:\/\/mket.hu\/wp-content\/uploads\/2024\/07\/Caterpillar-energiatarolok1-1024x722.jpg 1024w, https:\/\/mket.hu\/wp-content\/uploads\/2024\/07\/Caterpillar-energiatarolok1-768x541.jpg 768w, https:\/\/mket.hu\/wp-content\/uploads\/2024\/07\/Caterpillar-energiatarolok1-1536x1082.jpg 1536w, https:\/\/mket.hu\/wp-content\/uploads\/2024\/07\/Caterpillar-energiatarolok1-2048x1443.jpg 2048w, https:\/\/mket.hu\/wp-content\/uploads\/2024\/07\/Caterpillar-energiatarolok1-390x275.jpg 390w\" sizes=\"auto, (max-width: 2560px) 100vw, 2560px\" \/><img loading=\"lazy\" decoding=\"async\" class=\"alignnone wp-image-9012 size-full\" src=\"https:\/\/mket.hu\/wp-content\/uploads\/2024\/07\/Caterpillar-energiatarolok_2-scaled.jpg\" alt=\"\" width=\"2560\" height=\"1804\" srcset=\"https:\/\/mket.hu\/wp-content\/uploads\/2024\/07\/Caterpillar-energiatarolok_2-scaled.jpg 2560w, https:\/\/mket.hu\/wp-content\/uploads\/2024\/07\/Caterpillar-energiatarolok_2-300x211.jpg 300w, https:\/\/mket.hu\/wp-content\/uploads\/2024\/07\/Caterpillar-energiatarolok_2-1024x722.jpg 1024w, https:\/\/mket.hu\/wp-content\/uploads\/2024\/07\/Caterpillar-energiatarolok_2-768x541.jpg 768w, https:\/\/mket.hu\/wp-content\/uploads\/2024\/07\/Caterpillar-energiatarolok_2-1536x1082.jpg 1536w, https:\/\/mket.hu\/wp-content\/uploads\/2024\/07\/Caterpillar-energiatarolok_2-2048x1443.jpg 2048w, https:\/\/mket.hu\/wp-content\/uploads\/2024\/07\/Caterpillar-energiatarolok_2-390x275.jpg 390w\" sizes=\"auto, (max-width: 2560px) 100vw, 2560px\" \/>[\/vc_column_text][vc_column_text]&nbsp;<\/p>\n<p>&nbsp;<\/p>\n<p>&nbsp;<\/p>\n<p>&nbsp;[\/vc_column_text][\/vc_column_inner][\/vc_row_inner][vc_column_text]<\/p>\n<div class=\"page\" title=\"Page 1\">\n<div class=\"layoutArea\">\n<div class=\"column\">\n<p style=\"text-align: center;\"><a href=\"https:\/\/mket.hu\/wp-content\/uploads\/2024\/01\/Kepernyofoto-2024-01-19-13.42.02.png\"><img loading=\"lazy\" decoding=\"async\" class=\"size-medium wp-image-8920 aligncenter\" src=\"https:\/\/mket.hu\/wp-content\/uploads\/2024\/01\/Kepernyofoto-2024-01-19-13.42.02-300x297.png\" alt=\"\" width=\"300\" height=\"297\" srcset=\"https:\/\/mket.hu\/wp-content\/uploads\/2024\/01\/Kepernyofoto-2024-01-19-13.42.02-300x297.png 300w, https:\/\/mket.hu\/wp-content\/uploads\/2024\/01\/Kepernyofoto-2024-01-19-13.42.02-150x150.png 150w, https:\/\/mket.hu\/wp-content\/uploads\/2024\/01\/Kepernyofoto-2024-01-19-13.42.02-768x760.png 768w, https:\/\/mket.hu\/wp-content\/uploads\/2024\/01\/Kepernyofoto-2024-01-19-13.42.02-100x100.png 100w, https:\/\/mket.hu\/wp-content\/uploads\/2024\/01\/Kepernyofoto-2024-01-19-13.42.02.png 780w\" sizes=\"auto, (max-width: 300px) 100vw, 300px\" \/><\/a><\/p>\n<\/div>\n<\/div>\n<\/div>\n<p>[\/vc_column_text][vc_custom_heading text=&#8221;ENERGIASTRAT\u00c9GIAI VITAANYAG \u2013 2023&#8243; font_container=&#8221;tag:h2|text_align:center&#8221;][\/vc_column][\/vc_row][vc_row][vc_column][vc_column_text]<\/p>\n<p style=\"text-align: center;\"><b>L\u00c9VAI ENERGIA AKAD\u00c9MIA F\u00d3RUM <\/b><span style=\"font-weight: 400;\">(LEF)<\/span><\/p>\n<p style=\"text-align: center;\"><b>= Energiastrat\u00e9giai Vitaf\u00f3rum =<\/b><\/p>\n<p style=\"text-align: center;\"><b>Vitaind\u00edt\u00f3 szakmai publik\u00e1ci\u00f3<\/b><b>:<\/b><\/p>\n<p style=\"text-align: center;\"><b>Kor\u00e9nyi Z. \u2013 Petz E.: Energiastrat\u00e9giai vitaanyag-2023<\/b><\/p>\n<p style=\"text-align: center;\"><span style=\"color: #008000;\"><a style=\"color: #008000;\" href=\"http:\/\/energiaakademia.lapunk.hu\/hirek-esemenyek-velemenyek-1203584\"><b>H\u00cdREK, ESEM\u00c9NYEK, V\u00c9LEM\u00c9NYEK &#8211; ENERGIA (lapunk.hu)<\/b><\/a><\/span><\/p>\n<p style=\"text-align: center;\"><span style=\"color: #008000;\"><a style=\"color: #008000;\" href=\"http:\/\/energiaakademia.lapunk.hu\/publikacik-1191745\"><b>PUBLIK\u00c1CI\u00d3K &#8211; ENERGIA (lapunk.hu)<\/b><\/a><\/span><\/p>\n<p style=\"text-align: center;\"><b><br \/>\n<\/b><b> Tisztelt Olvas\u00f3ink!<\/b><\/p>\n<p style=\"text-align: center;\"><span style=\"font-weight: 400;\">A honlapunkon tal\u00e1lhat\u00f3, fenti linken el\u00e9rhet\u0151 40 oldalas vitaanyag k\u00f6zz\u00e9t\u00e9tel\u00e9vel egy &#8211; sok szakembert bevon\u00f3 &#8211; vitaf\u00f3rumot k\u00edv\u00e1nunk elind\u00edtani.<\/span><\/p>\n<p style=\"text-align: center;\"><span style=\"font-weight: 400;\">C\u00e9lja, hogy a vita v\u00e9g\u00e9n egy Magyarorsz\u00e1g \u00e9rdekeit szolg\u00e1l\u00f3 teljesebb szakmai seg\u00e9danyag ker\u00fclhessen a d\u00f6nt\u00e9seket el\u0151k\u00e9sz\u00edt\u0151k asztal\u00e1ra, Szabad a vitaanyagot kritik\u00e1val illetni, hi\u00e1nyoss\u00e1gaira r\u00e1mutatni, de nem ez ac\u00e9l. C\u00e9l az ott szerepl\u0151 fontos t\u00e9telek \u00e1tgondol\u00e1sa, \u00e9s kieg\u00e9sz\u00edt\u00e9se valamint \u00faj, alkot\u00f3 gondolatok, javaslatok megjelen\u00edt\u00e9se.<\/span><\/p>\n<p style=\"text-align: center;\"><span style=\"font-weight: 400;\">\u00c9szrev\u00e9teleiket \u00e9s javaslataikat k\u00e9rj\u00fck sz\u00edveskedjenek ezen \u201cGoogle Drive\u201d fel\u00fclet lenti, \u201cHOZZ\u00c1SZ\u00d3L\u00c1SOK\u201d c\u00edm\u0171 szekci\u00f3ba be\u00edrni:<\/span><\/p>\n<p style=\"text-align: center;\"><span style=\"color: #008000;\"><a style=\"color: #008000;\" href=\"https:\/\/docs.google.com\/document\/d\/1euIHbDoTzqm_qB8K8N-0luEgb0cFJvrqd6Vg4cllX4E\/edit\"><b>ENERGIASTRAT\u00c9GIAI VITAANYAG \u2013 2023 &#8211; Google Dokumentumok<\/b><\/a><\/span><\/p>\n<p style=\"text-align: center;\"><b>Be\u00edr\u00e1si id\u0151intervallum: 2023. december 14. \u2013 2024. janu\u00e1r 30.<\/b><b><br \/>\n<\/b><b>Meghosszabb\u00edtva 1 h\u00f3nappal, febr. 29-ig.<\/b><span style=\"font-weight: 400;\">\u00a0<\/span><\/p>\n<p style=\"text-align: center;\"><span style=\"font-weight: 400;\">A v\u00e9lem\u00e9nyek \u00f6sszegz\u00e9s\u00e9nek megk\u00f6nny\u00edt\u00e9se \u00e9rdek\u00e9ben k\u00e9rn\u00e9nk sz\u00e9pen az al\u00e1bbi tagol\u00e1st k\u00f6vetni (azonos\u00edthat\u00f3 n\u00e9vvel \u00e9s e-mail c\u00edmmel):<\/span><\/p>\n<p style=\"text-align: center;\"><b>N\u00c9V<\/b><b>:<\/b><span style=\"font-weight: 400;\">\u00a0 \u00a0 \u00a0 \u00a0 \u00a0 <\/span> <span style=\"font-weight: 400;\">Non\u00e1me N\u00e1ndor<\/span><\/p>\n<p style=\"text-align: center;\"><b>E-mail c\u00edm<\/b><b>:<\/b> <span style=\"font-weight: 400;\">nonandi@nonandi.com<\/span><\/p>\n<p style=\"text-align: center;\"><b>A r\u00e9szt\u00e9ma sorsz\u00e1ma<\/b><span style=\"font-weight: 400;\">: pl.\u00a0 (4) \u00e9s (9)<\/span><\/p>\n<p>&nbsp;<\/p>\n<p style=\"text-align: center;\"><b>(1)<\/b><span style=\"font-weight: 400;\">\u00a0 \u00a0 <\/span><b>Orsz\u00e1g \u00e9s energiastrat\u00e9gia \u00e1tfog\u00f3an<\/b><\/p>\n<p style=\"text-align: center;\"><b>(2)<\/b><span style=\"font-weight: 400;\">\u00a0 \u00a0 <\/span><b>Gazdas\u00e1g \u00e9s energetika (p\u00e9nz-m\u00e9rleg)<\/b><\/p>\n<p style=\"text-align: center;\"><b>(3)<\/b><span style=\"font-weight: 400;\">\u00a0 \u00a0 <\/span><b>Kl\u00edmav\u00e1ltoz\u00e1s, z\u00f6ld \u00e1tmenet<\/b><\/p>\n<p style=\"text-align: center;\"><b>(4)<\/b><span style=\"font-weight: 400;\">\u00a0 \u00a0 <\/span><b>Primer energia<\/b><\/p>\n<p style=\"text-align: center;\"><b>(5)<\/b><span style=\"font-weight: 400;\">\u00a0 \u00a0 <\/span><b>Energiafelhaszn\u00e1l\u00e1s (vesztes\u00e9gek, fogyaszt\u00e1s cs\u00f6kkent\u00e9se, \u2026)<\/b><\/p>\n<p style=\"text-align: center;\"><b>(6)<\/b><span style=\"font-weight: 400;\">\u00a0 \u00a0 <\/span><b>Er\u0151m\u0171vek (hagyom\u00e1nyos \u00e9s \u201emeg\u00fajul\u00f3\u201d)<\/b><\/p>\n<p style=\"text-align: center;\"><b>(7)<\/b><span style=\"font-weight: 400;\">\u00a0 \u00a0 <\/span><b>F\u00f6ldg\u00e1z- \u00e9s villamos h\u00e1l\u00f3zatok<\/b><\/p>\n<p style=\"text-align: center;\"><b>(8)<\/b><span style=\"font-weight: 400;\">\u00a0 \u00a0 <\/span><b>Nemzeti Energia- \u00e9s Kl\u00edmaterv (NEKT)<\/b><\/p>\n<p style=\"text-align: center;\"><b>(9)<\/b><span style=\"font-weight: 400;\">\u00a0 \u00a0 <\/span><b>Megold\u00e1s javaslatok<\/b><\/p>\n<p style=\"text-align: center;\"><b>(10)<\/b> <b>Egy\u00e9b<\/b><\/p>\n<p>[\/vc_column_text][\/vc_column][\/vc_row][vc_row][vc_column][vc_cta h2=&#8221;&#8221; color=&#8221;vista-blue&#8221;]<\/p>\n<h1 style=\"text-align: center;\"><a href=\"https:\/\/mket.hu\/wp-content\/uploads\/2024\/01\/LEVAI-EF_Vitaanyag_2023-12-12.pdf\"><strong>LET\u00d6LT\u00c9S<\/strong><\/a><\/h1>\n<p>[\/vc_cta][\/vc_column][\/vc_row][vc_row][vc_column][vc_separator color=&#8221;blue&#8221; style=&#8221;shadow&#8221; border_width=&#8221;10&#8243;][\/vc_column][\/vc_row][vc_row][vc_column][\/vc_column][\/vc_row]<\/p>\n","protected":false},"excerpt":{"rendered":"<p>[vc_row][vc_column width=&#8221;1\/3&#8243;][vc_single_image image=&#8221;7549&#8243; img_size=&#8221;full&#8221; css=&#8221;.vc_custom_1658855102406{margin-top: 20px !important;}&#8221;][\/vc_column][vc_column width=&#8221;2\/3&#8243;][vc_custom_heading text=&#8221;H\u00edrek \u00e9s Aktualit\u00e1sok&#8221; font_container=&#8221;tag:h2|font_size:65px|text_align:left|color:%236d6d6d|line_height:90px&#8221; google_fonts=&#8221;font_family:Ubuntu%3A300%2C300italic%2Cregular%2Citalic%2C500%2C500italic%2C700%2C700italic|font_style:700%20bold%20regular%3A700%3Anormal&#8221; css_animation=&#8221;bounceIn&#8221; css=&#8221;.vc_custom_1658857865366{border-radius: 4px !important;}&#8221;][vc_row_inner][vc_column_inner][\/vc_column_inner][\/vc_row_inner][\/vc_column][\/vc_row][vc_row][vc_column][vc_row_inner][vc_column_inner][vc_column_text] \u00d6r\u00f6mmel osztjuk meg a h\u00edrt! A Magyar Kapcsolt Energia T\u00e1rsas\u00e1g t\u00e1mogat\u00e1st nyert a Nemzetgazdas\u00e1gi Miniszt\u00e9rium \u00dczleti K\u00f6rnyezet Fejleszt\u00e9si Programj\u00e1ban \u201eEnergiak\u00f6z\u00f6ss\u00e9gi tud\u00e1smegoszt\u00e1s \u00e9s k\u00e9pess\u00e9gfejleszt\u00e9s\u201d projektj\u00e9vel. A projekt keret\u00e9ben orsz\u00e1gos szakmai rendezv\u00e9nysorozatot ind\u00edtunk a V\u00e1llalkoz\u00f3k \u00e9s Munk\u00e1ltat\u00f3k Orsz\u00e1gos Sz\u00f6vets\u00e9g\u00e9vel (VOSZ) [&hellip;]<\/p>\n","protected":false},"author":1,"featured_media":0,"parent":0,"menu_order":0,"comment_status":"closed","ping_status":"closed","template":"","meta":{"footnotes":""},"class_list":["post-8769","page","type-page","status-publish","hentry"],"featured_image_urls":{"full":"","thumbnail":"","medium":"","medium_large":"","large":"","mt_1250x700":"","mt_320x480":"","mt_900x550":"","1536x1536":"","2048x2048":"","yankeewp_related_post_pic500x300":"","yankeewp_post_pic700x450":"","yankeewp_post_widget_pic100x100":"","yankeewp_530x600":"","yankeewp_1150x400":"","yankeewp_1420x140":"","yankeewp_testimonials_150x150":"","yankeewp_clients_160x90":"","yankeewp_portfolio01_390x275":"","yankeewp_blogpost01_1420x170":"","yankeewp_about_625x415":"","yankeewp_testimonials02_250x530":""},"post_excerpt_stackable":"<p>[vc_row][vc_column width=&#8221;1\/3&#8243;][vc_single_image image=&#8221;7549&#8243; img_size=&#8221;full&#8221; css=&#8221;.vc_custom_1658855102406{margin-top: 20px !important;}&#8221;][\/vc_column][vc_column width=&#8221;2\/3&#8243;][vc_custom_heading text=&#8221;H\u00edrek \u00e9s Aktualit\u00e1sok&#8221; font_container=&#8221;tag:h2|font_size:65px|text_align:left|color:%236d6d6d|line_height:90px&#8221; google_fonts=&#8221;font_family:Ubuntu%3A300%2C300italic%2Cregular%2Citalic%2C500%2C500italic%2C700%2C700italic|font_style:700%20bold%20regular%3A700%3Anormal&#8221; css_animation=&#8221;bounceIn&#8221; css=&#8221;.vc_custom_1658857865366{border-radius: 4px !important;}&#8221;][vc_row_inner][vc_column_inner][\/vc_column_inner][\/vc_row_inner][\/vc_column][\/vc_row][vc_row][vc_column][vc_row_inner][vc_column_inner][vc_column_text] \u00d6r\u00f6mmel osztjuk meg a h\u00edrt! A Magyar Kapcsolt Energia T\u00e1rsas\u00e1g t\u00e1mogat\u00e1st nyert a Nemzetgazdas\u00e1gi Miniszt\u00e9rium \u00dczleti K\u00f6rnyezet Fejleszt\u00e9si Programj\u00e1ban \u201eEnergiak\u00f6z\u00f6ss\u00e9gi tud\u00e1smegoszt\u00e1s \u00e9s k\u00e9pess\u00e9gfejleszt\u00e9s\u201d projektj\u00e9vel. A projekt keret\u00e9ben orsz\u00e1gos szakmai rendezv\u00e9nysorozatot ind\u00edtunk a V\u00e1llalkoz\u00f3k \u00e9s Munk\u00e1ltat\u00f3k Orsz\u00e1gos Sz\u00f6vets\u00e9g\u00e9vel (VOSZ) egy\u00fcttm\u0171k\u00f6d\u00e9sben, ahol gyakorlati p\u00e9ld\u00e1kon \u00e9s szak\u00e9rt\u0151i el\u0151ad\u00e1sokon kereszt\u00fcl mutatjuk be az energiak\u00f6z\u00f6ss\u00e9gek m\u0171k\u00f6d\u00e9s\u00e9t \u00e9s lehet\u0151s\u00e9geit. C\u00e9lunk, hogy val\u00f3di tud\u00e1st, kipr\u00f3b\u00e1lt m\u00f3dszereket \u00e9s \u00e9rt\u00e9kes szakmai kapcsolatokat adjunk a hazai KKV-k kez\u00e9be, t\u00e1mogatva \u0151ket a z\u00f6ld, fenntarthat\u00f3 \u00e9s k\u00f6lts\u00e9ghat\u00e9kony energetikai megold\u00e1sok elind\u00edt\u00e1s\u00e1ban. K\u00f6vess\u00e9k esem\u00e9nyeinket, \u00e9s \u00e9p\u00edts\u00fck egy\u00fctt&hellip;<\/p>\n","category_list":"","author_info":{"name":"admin","url":"https:\/\/mket.hu\/index.php\/author\/admin\/"},"comments_num":"0 comments","yoast_head":"<!-- This site is optimized with the Yoast SEO plugin v22.0 - https:\/\/yoast.com\/wordpress\/plugins\/seo\/ -->\n<title>H\u00edrek \u00e9s Aktualit\u00e1sok - MKET<\/title>\n<meta name=\"robots\" content=\"index, follow, max-snippet:-1, max-image-preview:large, max-video-preview:-1\" \/>\n<link rel=\"canonical\" href=\"https:\/\/mket.hu\/index.php\/hirek-es-aktualitasok\/\" \/>\n<meta property=\"og:locale\" content=\"hu_HU\" \/>\n<meta property=\"og:type\" content=\"article\" \/>\n<meta property=\"og:title\" content=\"H\u00edrek \u00e9s Aktualit\u00e1sok - MKET\" \/>\n<meta property=\"og:description\" content=\"[vc_row][vc_column width=&#8221;1\/3&#8243;][vc_single_image image=&#8221;7549&#8243; img_size=&#8221;full&#8221; css=&#8221;.vc_custom_1658855102406{margin-top: 20px !important;}&#8221;][\/vc_column][vc_column width=&#8221;2\/3&#8243;][vc_custom_heading text=&#8221;H\u00edrek \u00e9s Aktualit\u00e1sok&#8221; font_container=&#8221;tag:h2|font_size:65px|text_align:left|color:%236d6d6d|line_height:90px&#8221; google_fonts=&#8221;font_family:Ubuntu%3A300%2C300italic%2Cregular%2Citalic%2C500%2C500italic%2C700%2C700italic|font_style:700%20bold%20regular%3A700%3Anormal&#8221; css_animation=&#8221;bounceIn&#8221; css=&#8221;.vc_custom_1658857865366{border-radius: 4px !important;}&#8221;][vc_row_inner][vc_column_inner][\/vc_column_inner][\/vc_row_inner][\/vc_column][\/vc_row][vc_row][vc_column][vc_row_inner][vc_column_inner][vc_column_text] \u00d6r\u00f6mmel osztjuk meg a h\u00edrt! A Magyar Kapcsolt Energia T\u00e1rsas\u00e1g t\u00e1mogat\u00e1st nyert a Nemzetgazdas\u00e1gi Miniszt\u00e9rium \u00dczleti K\u00f6rnyezet Fejleszt\u00e9si Programj\u00e1ban \u201eEnergiak\u00f6z\u00f6ss\u00e9gi tud\u00e1smegoszt\u00e1s \u00e9s k\u00e9pess\u00e9gfejleszt\u00e9s\u201d projektj\u00e9vel. A projekt keret\u00e9ben orsz\u00e1gos szakmai rendezv\u00e9nysorozatot ind\u00edtunk a V\u00e1llalkoz\u00f3k \u00e9s Munk\u00e1ltat\u00f3k Orsz\u00e1gos Sz\u00f6vets\u00e9g\u00e9vel (VOSZ) [&hellip;]\" \/>\n<meta property=\"og:url\" content=\"https:\/\/mket.hu\/index.php\/hirek-es-aktualitasok\/\" \/>\n<meta property=\"og:site_name\" content=\"MKET\" \/>\n<meta property=\"article:modified_time\" content=\"2026-02-09T08:38:39+00:00\" \/>\n<meta property=\"og:image\" content=\"https:\/\/mket.hu\/wp-content\/uploads\/2026\/02\/Kepernyofoto-2026-02-09-9.37.22-300x165.png\" \/>\n<meta name=\"twitter:card\" content=\"summary_large_image\" \/>\n<meta name=\"twitter:label1\" content=\"Becs\u00fclt olvas\u00e1si id\u0151\" \/>\n\t<meta name=\"twitter:data1\" content=\"22 perc\" \/>\n<script type=\"application\/ld+json\" class=\"yoast-schema-graph\">{\"@context\":\"https:\/\/schema.org\",\"@graph\":[{\"@type\":\"WebPage\",\"@id\":\"https:\/\/mket.hu\/index.php\/hirek-es-aktualitasok\/\",\"url\":\"https:\/\/mket.hu\/index.php\/hirek-es-aktualitasok\/\",\"name\":\"H\u00edrek \u00e9s Aktualit\u00e1sok - MKET\",\"isPartOf\":{\"@id\":\"https:\/\/mket.hu\/#website\"},\"datePublished\":\"2022-07-26T17:49:27+00:00\",\"dateModified\":\"2026-02-09T08:38:39+00:00\",\"breadcrumb\":{\"@id\":\"https:\/\/mket.hu\/index.php\/hirek-es-aktualitasok\/#breadcrumb\"},\"inLanguage\":\"hu\",\"potentialAction\":[{\"@type\":\"ReadAction\",\"target\":[\"https:\/\/mket.hu\/index.php\/hirek-es-aktualitasok\/\"]}]},{\"@type\":\"BreadcrumbList\",\"@id\":\"https:\/\/mket.hu\/index.php\/hirek-es-aktualitasok\/#breadcrumb\",\"itemListElement\":[{\"@type\":\"ListItem\",\"position\":1,\"name\":\"Kezd\u0151lap\",\"item\":\"https:\/\/mket.hu\/\"},{\"@type\":\"ListItem\",\"position\":2,\"name\":\"H\u00edrek \u00e9s Aktualit\u00e1sok\"}]},{\"@type\":\"WebSite\",\"@id\":\"https:\/\/mket.hu\/#website\",\"url\":\"https:\/\/mket.hu\/\",\"name\":\"MKET\",\"description\":\"Magyar Kapcsolt Energia T\u00e1rsas\u00e1g\",\"potentialAction\":[{\"@type\":\"SearchAction\",\"target\":{\"@type\":\"EntryPoint\",\"urlTemplate\":\"https:\/\/mket.hu\/?s={search_term_string}\"},\"query-input\":\"required name=search_term_string\"}],\"inLanguage\":\"hu\"}]}<\/script>\n<!-- \/ Yoast SEO plugin. -->","yoast_head_json":{"title":"H\u00edrek \u00e9s Aktualit\u00e1sok - MKET","robots":{"index":"index","follow":"follow","max-snippet":"max-snippet:-1","max-image-preview":"max-image-preview:large","max-video-preview":"max-video-preview:-1"},"canonical":"https:\/\/mket.hu\/index.php\/hirek-es-aktualitasok\/","og_locale":"hu_HU","og_type":"article","og_title":"H\u00edrek \u00e9s Aktualit\u00e1sok - MKET","og_description":"[vc_row][vc_column width=&#8221;1\/3&#8243;][vc_single_image image=&#8221;7549&#8243; img_size=&#8221;full&#8221; css=&#8221;.vc_custom_1658855102406{margin-top: 20px !important;}&#8221;][\/vc_column][vc_column width=&#8221;2\/3&#8243;][vc_custom_heading text=&#8221;H\u00edrek \u00e9s Aktualit\u00e1sok&#8221; font_container=&#8221;tag:h2|font_size:65px|text_align:left|color:%236d6d6d|line_height:90px&#8221; google_fonts=&#8221;font_family:Ubuntu%3A300%2C300italic%2Cregular%2Citalic%2C500%2C500italic%2C700%2C700italic|font_style:700%20bold%20regular%3A700%3Anormal&#8221; css_animation=&#8221;bounceIn&#8221; css=&#8221;.vc_custom_1658857865366{border-radius: 4px !important;}&#8221;][vc_row_inner][vc_column_inner][\/vc_column_inner][\/vc_row_inner][\/vc_column][\/vc_row][vc_row][vc_column][vc_row_inner][vc_column_inner][vc_column_text] \u00d6r\u00f6mmel osztjuk meg a h\u00edrt! A Magyar Kapcsolt Energia T\u00e1rsas\u00e1g t\u00e1mogat\u00e1st nyert a Nemzetgazdas\u00e1gi Miniszt\u00e9rium \u00dczleti K\u00f6rnyezet Fejleszt\u00e9si Programj\u00e1ban \u201eEnergiak\u00f6z\u00f6ss\u00e9gi tud\u00e1smegoszt\u00e1s \u00e9s k\u00e9pess\u00e9gfejleszt\u00e9s\u201d projektj\u00e9vel. A projekt keret\u00e9ben orsz\u00e1gos szakmai rendezv\u00e9nysorozatot ind\u00edtunk a V\u00e1llalkoz\u00f3k \u00e9s Munk\u00e1ltat\u00f3k Orsz\u00e1gos Sz\u00f6vets\u00e9g\u00e9vel (VOSZ) [&hellip;]","og_url":"https:\/\/mket.hu\/index.php\/hirek-es-aktualitasok\/","og_site_name":"MKET","article_modified_time":"2026-02-09T08:38:39+00:00","og_image":[{"url":"https:\/\/mket.hu\/wp-content\/uploads\/2026\/02\/Kepernyofoto-2026-02-09-9.37.22-300x165.png"}],"twitter_card":"summary_large_image","twitter_misc":{"Becs\u00fclt olvas\u00e1si id\u0151":"22 perc"},"schema":{"@context":"https:\/\/schema.org","@graph":[{"@type":"WebPage","@id":"https:\/\/mket.hu\/index.php\/hirek-es-aktualitasok\/","url":"https:\/\/mket.hu\/index.php\/hirek-es-aktualitasok\/","name":"H\u00edrek \u00e9s Aktualit\u00e1sok - MKET","isPartOf":{"@id":"https:\/\/mket.hu\/#website"},"datePublished":"2022-07-26T17:49:27+00:00","dateModified":"2026-02-09T08:38:39+00:00","breadcrumb":{"@id":"https:\/\/mket.hu\/index.php\/hirek-es-aktualitasok\/#breadcrumb"},"inLanguage":"hu","potentialAction":[{"@type":"ReadAction","target":["https:\/\/mket.hu\/index.php\/hirek-es-aktualitasok\/"]}]},{"@type":"BreadcrumbList","@id":"https:\/\/mket.hu\/index.php\/hirek-es-aktualitasok\/#breadcrumb","itemListElement":[{"@type":"ListItem","position":1,"name":"Kezd\u0151lap","item":"https:\/\/mket.hu\/"},{"@type":"ListItem","position":2,"name":"H\u00edrek \u00e9s Aktualit\u00e1sok"}]},{"@type":"WebSite","@id":"https:\/\/mket.hu\/#website","url":"https:\/\/mket.hu\/","name":"MKET","description":"Magyar Kapcsolt Energia T\u00e1rsas\u00e1g","potentialAction":[{"@type":"SearchAction","target":{"@type":"EntryPoint","urlTemplate":"https:\/\/mket.hu\/?s={search_term_string}"},"query-input":"required name=search_term_string"}],"inLanguage":"hu"}]}},"_links":{"self":[{"href":"https:\/\/mket.hu\/index.php\/wp-json\/wp\/v2\/pages\/8769","targetHints":{"allow":["GET"]}}],"collection":[{"href":"https:\/\/mket.hu\/index.php\/wp-json\/wp\/v2\/pages"}],"about":[{"href":"https:\/\/mket.hu\/index.php\/wp-json\/wp\/v2\/types\/page"}],"author":[{"embeddable":true,"href":"https:\/\/mket.hu\/index.php\/wp-json\/wp\/v2\/users\/1"}],"replies":[{"embeddable":true,"href":"https:\/\/mket.hu\/index.php\/wp-json\/wp\/v2\/comments?post=8769"}],"version-history":[{"count":22,"href":"https:\/\/mket.hu\/index.php\/wp-json\/wp\/v2\/pages\/8769\/revisions"}],"predecessor-version":[{"id":9151,"href":"https:\/\/mket.hu\/index.php\/wp-json\/wp\/v2\/pages\/8769\/revisions\/9151"}],"wp:attachment":[{"href":"https:\/\/mket.hu\/index.php\/wp-json\/wp\/v2\/media?parent=8769"}],"curies":[{"name":"wp","href":"https:\/\/api.w.org\/{rel}","templated":true}]}}